{"id":96591,"date":"2024-11-06T07:25:27","date_gmt":"2024-11-06T07:25:27","guid":{"rendered":"https:\/\/www.editorialelpirata.com\/?post_type=product&#038;p=96591"},"modified":"2025-03-31T13:47:02","modified_gmt":"2025-03-31T13:47:02","slug":"captain-beardless-7-years","status":"publish","type":"product","link":"https:\/\/www.editorialelpirata.com\/en\/producto\/captain-beardless-7-years\/","title":{"rendered":"CAPTAIN BEARDLESS AND THE VERY CHEEKY PENGUIN"},"content":{"rendered":"<div class=\"wpb-content-wrapper\"><p>[vc_row][vc_column][vc_column_text uncode_shortcode_id=&#8221;177276&#8243;]<strong><em>El Capit\u00e1n Barbilampi\u00f1o y el ping\u00fcino granuja<\/em><\/strong> es un cuento recomendado para ni\u00f1os y ni\u00f1as <strong>a partir de 7 a\u00f1os<\/strong> de lo m\u00e1s alocado. El texto, que combina una narraci\u00f3n sencilla con mucho di\u00e1logo y bocadillos de <strong>c\u00f3mic<\/strong>, est\u00e1 acompa\u00f1ado de unas <strong>ilustraciones fant\u00e1sticas a todo color<\/strong>.<\/p>\n<p>Es una novela superdivertida que, adem\u00e1s, permite trabajar todas las materias de un trimestre de tercero de primaria competencialmente con el material que se ofrece al final del libro.<\/p>\n<p>El Capit\u00e1n Barbilampi\u00f1o, un lobo de mar de lo m\u00e1s viajado, regresa de su \u00faltimo viaje con unos cuantos recuerdos: una estatuilla de una tribu africana, especias de la India, un sombrero chino y\u2026 \u00a1un ping\u00fcino de la Ant\u00e1rtida! Pero resulta que el frescales del ping\u00fcino solo tiene ganas de dar la lata y, cada noche, le desordena todas las cartas de navegaci\u00f3n. \u00a1Qu\u00e9 granuja!<\/p>\n<p>\u00bfQu\u00e9 podr\u00e1 hacer el capit\u00e1n para solucionar este gran l\u00edo?[\/vc_column_text][vc_single_image media=&#8221;101009&#8243; media_width_percent=&#8221;100&#8243; uncode_shortcode_id=&#8221;531928&#8243; media_link=&#8221;url:https%3A%2F%2Fwww.editorialelpirata.com%2Fguia-lectura%2F|title:guias%20de%20lectura|target:_blank&#8221;][\/vc_column][\/vc_row][vc_row][vc_column column_width_percent=&#8221;100&#8243; position_vertical=&#8221;middle&#8221; align_horizontal=&#8221;align_center&#8221; gutter_size=&#8221;3&#8243; overlay_alpha=&#8221;50&#8243; shift_x=&#8221;0&#8243; shift_y=&#8221;0&#8243; shift_y_down=&#8221;0&#8243; z_index=&#8221;0&#8243; medium_width=&#8221;0&#8243; mobile_width=&#8221;0&#8243; width=&#8221;1\/3&#8243; uncode_shortcode_id=&#8221;263530&#8243;][vc_button radius=&#8221;btn-round&#8221; border_width=&#8221;0&#8243; link=&#8221;url:https%3A%2F%2Feduki.com%2Fes%2Fmaterial%2F1318588%2Fpaquete-de-materiales-modulos-1-2-proyecto-de-aprendizaje-para-3-o-de-primaria|title:Pack%20M%C3%B3dulo%201%20%2B%20M%C3%B3dulo%202|target:_blank|&#8221; uncode_shortcode_id=&#8221;535865&#8243; button_color_type=&#8221;uncode-solid&#8221; button_color_solid=&#8221;#ff3131&#8243;]Pack M\u00f3dulo 1 + M\u00f3dulo 2[\/vc_button][\/vc_column][vc_column column_width_percent=&#8221;100&#8243; position_vertical=&#8221;middle&#8221; align_horizontal=&#8221;align_center&#8221; gutter_size=&#8221;3&#8243; overlay_alpha=&#8221;50&#8243; shift_x=&#8221;0&#8243; shift_y=&#8221;0&#8243; shift_y_down=&#8221;0&#8243; z_index=&#8221;0&#8243; medium_width=&#8221;0&#8243; mobile_width=&#8221;0&#8243; width=&#8221;1\/3&#8243; uncode_shortcode_id=&#8221;212267&#8243;][vc_button radius=&#8221;btn-round&#8221; border_width=&#8221;0&#8243; link=&#8221;url:https%3A%2F%2Feduki.com%2Fes%2Fmaterial%2F1318342%2Fproyecto-de-aprendizaje-modulo-1-3-primaria-pack-proyecto-trimestral-muestra-libro|title:Proyecto%20de%20aprendizaje%20M%C3%B3dulo%202|target:_blank|rel:nofollow|&#8221; uncode_shortcode_id=&#8221;756859&#8243; button_color_type=&#8221;uncode-solid&#8221; button_color_solid=&#8221;#ff3131&#8243;]Proyecto de aprendizaje M\u00f3dulo 1[\/vc_button][\/vc_column][vc_column column_width_percent=&#8221;100&#8243; position_vertical=&#8221;middle&#8221; align_horizontal=&#8221;align_center&#8221; gutter_size=&#8221;3&#8243; overlay_alpha=&#8221;50&#8243; shift_x=&#8221;0&#8243; shift_y=&#8221;0&#8243; shift_y_down=&#8221;0&#8243; z_index=&#8221;0&#8243; medium_width=&#8221;0&#8243; mobile_width=&#8221;0&#8243; width=&#8221;1\/3&#8243; uncode_shortcode_id=&#8221;424078&#8243;][vc_button radius=&#8221;btn-round&#8221; border_width=&#8221;0&#8243; link=&#8221;url:https%3A%2F%2Feduki.com%2Fes%2Fmaterial%2F1318577%2Fproyecto-de-aprendizaje-modulo-2-3-primaria-pack-proyecto-trimestral-muestra-libro|title:Proyecto%20de%20aprendizaje%20M%C3%B3dulo%202|target:_blank|rel:nofollow|&#8221; uncode_shortcode_id=&#8221;239798&#8243; button_color_type=&#8221;uncode-solid&#8221; button_color_solid=&#8221;#ff3131&#8243;]Proyecto de aprendizaje M\u00f3dulo 2 [\/vc_button][\/vc_column][\/vc_row][vc_row][vc_column column_width_percent=&#8221;100&#8243; position_vertical=&#8221;middle&#8221; align_horizontal=&#8221;align_center&#8221; gutter_size=&#8221;3&#8243; overlay_alpha=&#8221;50&#8243; shift_x=&#8221;0&#8243; shift_y=&#8221;0&#8243; shift_y_down=&#8221;0&#8243; z_index=&#8221;0&#8243; medium_width=&#8221;0&#8243; mobile_width=&#8221;0&#8243; width=&#8221;1\/3&#8243; uncode_shortcode_id=&#8221;263530&#8243;][vc_button radius=&#8221;btn-round&#8221; border_width=&#8221;0&#8243; link=&#8221;url:https%3A%2F%2Feduki.com%2Fes%2Fmaterial%2F1457487%2Fproyecto-de-aprendizaje-modulo-3-3-primaria-pack-proyecto-trimestral-muestra-libro|title:Proyecto%20de%20aprendizaje%20M%C3%B3dulo%203|target:_blank|rel:nofollow|&#8221; uncode_shortcode_id=&#8221;109666&#8243; button_color_type=&#8221;uncode-solid&#8221; button_color_solid=&#8221;#ff3131&#8243;]Proyecto de aprendizaje M\u00f3dulo 3[\/vc_button][\/vc_column][vc_column column_width_percent=&#8221;100&#8243; position_vertical=&#8221;middle&#8221; align_horizontal=&#8221;align_center&#8221; gutter_size=&#8221;3&#8243; overlay_alpha=&#8221;50&#8243; shift_x=&#8221;0&#8243; shift_y=&#8221;0&#8243; shift_y_down=&#8221;0&#8243; z_index=&#8221;0&#8243; medium_width=&#8221;0&#8243; mobile_width=&#8221;0&#8243; width=&#8221;1\/3&#8243; uncode_shortcode_id=&#8221;212267&#8243;][vc_button radius=&#8221;btn-round&#8221; border_width=&#8221;0&#8243; link=&#8221;url:https%3A%2F%2Feduki.com%2Fes%2Fmaterial%2F1473718%2Fproyecto-de-aprendizaje-muestra-libro-modulo-4-3-primaria|title:Proyecto%20de%20aprendizaje%20M%C3%B3dulo%204|target:_blank|rel:nofollow|&#8221; uncode_shortcode_id=&#8221;108373&#8243; button_color_type=&#8221;uncode-solid&#8221; button_color_solid=&#8221;#ff3131&#8243;]Proyecto de aprendizaje M\u00f3dulo 4[\/vc_button][\/vc_column][vc_column column_width_percent=&#8221;100&#8243; position_vertical=&#8221;middle&#8221; align_horizontal=&#8221;align_center&#8221; gutter_size=&#8221;3&#8243; overlay_alpha=&#8221;50&#8243; shift_x=&#8221;0&#8243; shift_y=&#8221;0&#8243; shift_y_down=&#8221;0&#8243; z_index=&#8221;0&#8243; medium_width=&#8221;0&#8243; mobile_width=&#8221;0&#8243; width=&#8221;1\/3&#8243; uncode_shortcode_id=&#8221;424078&#8243;][\/vc_column][\/vc_row][vc_row][vc_column column_width_percent=&#8221;100&#8243; align_horizontal=&#8221;align_center&#8221; gutter_size=&#8221;3&#8243; overlay_alpha=&#8221;50&#8243; shift_x=&#8221;0&#8243; shift_y=&#8221;0&#8243; shift_y_down=&#8221;0&#8243; z_index=&#8221;0&#8243; medium_width=&#8221;0&#8243; mobile_width=&#8221;0&#8243; width=&#8221;1\/4&#8243; uncode_shortcode_id=&#8221;188503&#8243;][vc_column_text uncode_shortcode_id=&#8221;156869&#8243;]<\/p>\n<p>&nbsp;<\/p>\n<p>&nbsp;<\/p>\n<p style=\"text-align: center;\">Aqu\u00ed puedes ver un avance del proyecto de aprendizaje:<\/p>\n<p>[\/vc_column_text][\/vc_column][vc_column width=&#8221;1\/2&#8243;][vc_raw_html]JTNDaWZyYW1lJTIwd2lkdGglM0QlMjI1MTJweCUyMiUyMGhlaWdodCUzRCUyMjM4NHB4JTIyJTIwc3JjJTNEJTIyaHR0cHMlM0ElMkYlMkZ3d3cueXVtcHUuY29tJTJGZXMlMkZlbWJlZCUyRnZpZXclMkZiWG1XUkl6YzY5ZHdNcGxGJTIyJTIwZnJhbWVib3JkZXIlM0QlMjIwJTIyJTIwYWxsb3dmdWxsc2NyZWVuJTNEJTIydHJ1ZSUyMiUyMGFsbG93dHJhbnNwYXJlbmN5JTNEJTIydHJ1ZSUyMiUzRSUzQyUyRmlmcmFtZSUzRSUyMCUyMCUyMCUyMCUyMCUyMCUyMCUyMCUyMCUyMCUyMCUyMCUyMCUyMCUyMCUyMCUyMCUyMCUyMCUyMCUyMCUyMCUyMCUyMCUyMCUyMCUyMCUyMCUyMCUyMCUyMCUyMCUyMCUyMCUyMCUyMCUyMCUyMCUyMCUyMCUyMCUyMCUyMCUyMCUyMCUyMCUyMCUyMCUyMCUyMCUyMCUyMCUyMCUyMCUyMCUyMCUyMCUyMCUyMCUyMCUyMCUyMCUyMCUyMCUyMCUyMCUyMCUyMCUyMCUyMCUyMCUyMCUyMCUyMCUyMCUyMCUyMCUyMCUyMCUyMCUyMCUyMCUyMCUyMCUyMCUyMCUyMCUyMCUyMCUyMCUyMCUyMCUyMCUyMCUyMCUyMCUyMCUyMCUyMCUyMCUyMCUyMCUyMCUyMCUyMCUyMCUyMCUyMCUyMCUyMCUyMCUyMCUyMCUyMCUyMCUyMCUyMCUyMCUyMCUyMCUyMCUyMCUyMCUyMCUyMCUyMCUyMCUyMCUyMCUyMCUyMCUyMCUyMCUyMCUyMCUyMCUyMCUyMCUyMCUyMCUyMCUyMCUyMCUyMCUyMCUyMCUyMCUyMCUyMCUyMCUyMCUyMCUyMCUyMCUyMCUyMCUyMCUyMCUyMCUyMCUyMCUyMCUyMCUyMCUyMCUyMCUyMCUyMCUyMA==[\/vc_raw_html][\/vc_column][vc_column width=&#8221;1\/4&#8243;][\/vc_column][\/vc_row][vc_row][vc_column column_width_percent=&#8221;100&#8243; align_horizontal=&#8221;align_center&#8221; gutter_size=&#8221;3&#8243; overlay_alpha=&#8221;50&#8243; shift_x=&#8221;0&#8243; shift_y=&#8221;0&#8243; shift_y_down=&#8221;0&#8243; z_index=&#8221;0&#8243; medium_width=&#8221;0&#8243; mobile_width=&#8221;0&#8243; width=&#8221;1\/4&#8243; uncode_shortcode_id=&#8221;188503&#8243;][vc_column_text uncode_shortcode_id=&#8221;635323&#8243;]<\/p>\n<p>&nbsp;<\/p>\n<p>&nbsp;<\/p>\n<p style=\"text-align: center;\">Aqu\u00ed puedes ver un avance del libro:<\/p>\n<p>[\/vc_column_text][\/vc_column][vc_column width=&#8221;1\/2&#8243;][vc_raw_html]JTNDaWZyYW1lJTIwd2lkdGglM0QlMjI1MTJweCUyMiUyMGhlaWdodCUzRCUyMjM4NHB4JTIyJTIwc3JjJTNEJTIyaHR0cHMlM0ElMkYlMkZ3d3cueXVtcHUuY29tJTJGZXMlMkZlbWJlZCUyRnZpZXclMkYza1hOd1liMkJUR3NTRnptJTIyJTIwZnJhbWVib3JkZXIlM0QlMjIwJTIyJTIwYWxsb3dmdWxsc2NyZWVuJTNEJTIydHJ1ZSUyMiUyMGFsbG93dHJhbnNwYXJlbmN5JTNEJTIydHJ1ZSUyMiUzRSUzQyUyRmlmcmFtZSUzRSUyMCUyMCUyMCUyMCUyMCUyMCUyMCUyMCUyMCUyMCUyMCUyMCUyMCUyMCUyMCUyMCUyMCUyMCUyMCUyMCUyMCUyMCUyMCUyMCUyMCUyMCUyMCUyMCUyMCUyMCUyMCUyMCUyMCUyMCUyMCUyMCUyMCUyMCUyMCUyMCUyMCUyMCUyMCUyMCUyMCUyMCUyMCUyMCUyMCUyMCUyMCUyMCUyMCUyMCUyMCUyMCUyMCUyMCUyMCUyMCUyMCUyMCUyMCUyMCUyMCUyMCUyMCUyMCUyMCUyMA==[\/vc_raw_html][\/vc_column][vc_column width=&#8221;1\/4&#8243;][\/vc_column][\/vc_row][vc_row][vc_column width=&#8221;1\/1&#8243;][vc_column_text uncode_shortcode_id=&#8221;259341&#8243;]<\/p>\n<div>Con el apoyo del Departament de Cultura.<\/div>\n<p><img decoding=\"async\" class=\"alignnone wp-image-90447\" src=\"https:\/\/www.editorialelpirata.com\/wp-content\/uploads\/2021\/06\/cultura_bn_h3.jpg\" alt=\"\" width=\"200\" height=\"46\" title=\"\" srcset=\"https:\/\/www.editorialelpirata.com\/wp-content\/uploads\/2021\/06\/cultura_bn_h3.jpg 454w, https:\/\/www.editorialelpirata.com\/wp-content\/uploads\/2021\/06\/cultura_bn_h3-300x69.jpg 300w, https:\/\/www.editorialelpirata.com\/wp-content\/uploads\/2021\/06\/cultura_bn_h3-64x15.jpg 64w\" sizes=\"(max-width: 200px) 100vw, 200px\" \/>[\/vc_column_text][\/vc_column][\/vc_row]<\/p>\n<\/div>","protected":false},"excerpt":{"rendered":"<h3>Captain Beardless has gotten into a big mess!<\/h3>\n<p>Captain Beardless, a well-traveled sea dog, returns from his latest voyage with a few souvenirs: a small statue from an African tribe, spices from India, a Chinese hat, and\u2026 a penguin from Antarctica! But it turns out that the rascal penguin only wants to cause trouble and mess up all the navigation charts every night. What a cheek! What can the captain do to solve this massive problem?<\/p>\n<p>Recommended for kids aged 7 and up.<\/p>\n<p>&nbsp;<\/p>\n<p>Author:<a href=\"https:\/\/www.editorialelpirata.com\/en\/txus-quelcom-en\/\" target=\"_blank\" rel=\"noopener\"> Tx\u00fas Quelcom.<\/a><\/p>\n<p>Illustrator: <a href=\"https:\/\/www.editorialelpirata.com\/en\/carlos-lluch-en\/\" target=\"_blank\" rel=\"noopener\">Carlos Lluch<\/a><\/p>\n","protected":false},"featured_media":96604,"template":"","meta":[],"product_brand":[],"product_cat":[1668,2107,2108,1535,1618,1655],"product_tag":[3309,2083,3310,2085,3311,2106,3110],"class_list":{"0":"post-96591","1":"product","2":"type-product","3":"status-publish","4":"has-post-thumbnail","6":"product_cat-albumes-ilustrados-7-anos-en","7":"product_cat-txus-quelcom-en","8":"product_cat-carlos-lluch-en","9":"product_cat-7-9-years","10":"product_cat-new","11":"product_cat-libros-para-7-anos-en","12":"product_tag-childrens-books-en","13":"product_tag-libros-infantiles-en","14":"product_tag-books-seven-years","15":"product_tag-libros-ninos-en","16":"product_tag-primary-grade","17":"product_tag-libros-para-7-anos-en","18":"product_tag-llibres-nens-en","19":"product_shipping_class-envio-estandar-en","21":"first","22":"instock","23":"shipping-taxable","24":"purchasable","25":"product-type-variable","26":"has-default-attributes"},"_links":{"self":[{"href":"https:\/\/www.editorialelpirata.com\/en\/wp-json\/wp\/v2\/product\/96591","targetHints":{"allow":["GET"]}}],"collection":[{"href":"https:\/\/www.editorialelpirata.com\/en\/wp-json\/wp\/v2\/product"}],"about":[{"href":"https:\/\/www.editorialelpirata.com\/en\/wp-json\/wp\/v2\/types\/product"}],"wp:featuredmedia":[{"embeddable":true,"href":"https:\/\/www.editorialelpirata.com\/en\/wp-json\/wp\/v2\/media\/96604"}],"wp:attachment":[{"href":"https:\/\/www.editorialelpirata.com\/en\/wp-json\/wp\/v2\/media?parent=96591"}],"wp:term":[{"taxonomy":"product_brand","embeddable":true,"href":"https:\/\/www.editorialelpirata.com\/en\/wp-json\/wp\/v2\/product_brand?post=96591"},{"taxonomy":"product_cat","embeddable":true,"href":"https:\/\/www.editorialelpirata.com\/en\/wp-json\/wp\/v2\/product_cat?post=96591"},{"taxonomy":"product_tag","embeddable":true,"href":"https:\/\/www.editorialelpirata.com\/en\/wp-json\/wp\/v2\/product_tag?post=96591"}],"curies":[{"name":"wp","href":"https:\/\/api.w.org\/{rel}","templated":true}]}}