{"id":97640,"date":"2024-11-05T09:45:52","date_gmt":"2024-11-05T09:45:52","guid":{"rendered":"https:\/\/www.editorialelpirata.com\/?post_type=product&#038;p=97640"},"modified":"2025-12-15T10:37:14","modified_gmt":"2025-12-15T10:37:14","slug":"alla-on-et-porti-el-ritme","status":"publish","type":"product","link":"https:\/\/www.editorialelpirata.com\/ca\/Producte\/alla-on-et-porti-el-ritme\/","title":{"rendered":"ALL\u00c0 ON ET PORTI EL RITME"},"content":{"rendered":"<div class=\"wpb-content-wrapper\"><p>[vc_row][vc_column][vc_column_text uncode_shortcode_id=&#8221;729729&#8243;]<\/p>\n<h1 style=\"text-align: center;\">All\u00e0 on et porti el ritme \u00e9s una novel\u00b7la rom\u00e0ntica juvenil fascinant sobre el primer amor i les segones oportunitats.<\/h1>\n<h2 style=\"text-align: center;\">Inspirada en &#8220;Persuasi\u00f3&#8221; de Jane Austen<\/h2>\n<p>La Reyna, de disset anys, ha passat la major part de la seva vida a la Plumeria, el magn\u00edfic hotel que la seva fam\u00edlia t\u00e9 a la costa de Tobago. Per\u00f2 all\u00f2 que abans semblava un parad\u00eds, ara comen\u00e7a a semblar un purgatori.<\/p>\n<p>Han passat dos anys des que la mare de la Reyna va morir i tamb\u00e9 dos anys des que l\u2019Aiden, el seu millor amic de la inf\u00e0ncia, el seu primer pet\u00f3, el seu primer amor i el seu primer tot, va deixar l\u2019illa per perseguir els seus somnis musicals.Els amics de la Reyna estan planejant els seus futurs i marxant a l\u2019estranger. Fins i tot el pare sembla voler continuar endavant, deixant-la sola per intentar que la Plumeria continu\u00ef funcionant. I \u00e9s en aquest moment que l\u2019Aiden torna a la seva vida com a convidat VIP l\u2019hotel.<\/p>\n<p>L\u2019Aiden ara \u00e9s un ter\u00e7 de DJ Bacchanal, el darrer grup musical del moment. Mentre que la Reyna s\u2019ha quedat exactament on ell l\u2019ha deixada, l\u2019Aiden ha tornat a Tobago amb el seu grup nominat als Grammy i dues precioses noies de l\u2019alta societat de Los Angeles. I potser est\u00e0 (o potser no est\u00e0) sortint amb una d\u2019elles&#8230;<\/p>\n<p>\u00abQuin debut m\u00e9s encantador! \u00c9s com les vacances perfectes a l\u2019illa: lleuger, c\u00e0lid, rom\u00e0ntic, amb molta recerca interior i ple fins a vessar d\u2019amor.<strong>\u00bb<\/strong> \u2014<strong>Jasmine Guillory, autora best-seller del New York Times.<\/strong><\/p>\n<p>\u00abInspirada en <em data-start=\"14\" data-end=\"25\">Persuasi\u00f3<\/em> de Jane Austen, Dass entrella\u00e7a l\u2019encant del material original amb els c\u00e0lids vents tropicals i les aromes de Tobago. Els lectors, fins i tot aquells que no estan familiaritzats amb l\u2019obra d\u2019Austen, apreciaran aquest conjunt de personatges amb motivacions cre\u00efbles i idees ben tra\u00e7ades mentre descobreixen qu\u00e8 volen i abracen les segones oportunitats per a l\u2019amor i per a noves aventures.\u00bb \u2014<strong><em data-start=\"417\" data-end=\"436\">Publishers Weekly<\/em> (ressenya destacada)<\/strong><\/p>\n<p>&nbsp;<\/p>\n<p>\u00ab<em data-start=\"462\" data-end=\"489\">All\u00e0 on et porti el ritme<\/em> \u00e9s una alenada d\u2019aire fresc literari! Un <em data-start=\"531\" data-end=\"538\">remix<\/em> d\u2019Austen ple d\u2019un vibrant conjunt de personatges sobre el frond\u00f3s tel\u00f3 de fons de la petita illa de Tobago. Els lectors animaran la Reyna mentre afronta el dolor, somia a gran escala i s\u2019enamora, tot al so dels dol\u00e7os ritmes <em data-start=\"764\" data-end=\"770\">soca<\/em>.\u00bb \u2014<strong>Ibi Zoboi, autora supervendes del <em data-start=\"808\" data-end=\"824\">New York Times<\/em><\/strong><\/p>\n<p>\u00abLa veu de la Reyna ressona clarament des de la primera p\u00e0gina, dibuixant una imatge bonica i punyent, plena de dolor, esperan\u00e7a i amor. Els lectors animaran la Reyna en tot moment, desitjant-li un futur tan bonic com Tobago. <em data-start=\"1054\" data-end=\"1081\">All\u00e0 on et porti el ritme<\/em> brillar\u00e0 com el mar del Carib. Prepara\u2019t per submergir-t\u2019hi!\u00bb \u2014<strong>Maika Moulite i Maritza Moulite, autores de <em data-start=\"1189\" data-end=\"1211\">One of the Good Ones<\/em><\/strong><\/p>\n<article class=\"text-token-text-primary w-full focus:outline-none [--shadow-height:45px] has-data-writing-block:pointer-events-none has-data-writing-block:-mt-(--shadow-height) has-data-writing-block:pt-(--shadow-height) [&amp;:has([data-writing-block])&gt;*]:pointer-events-auto [content-visibility:auto] supports-[content-visibility:auto]:[contain-intrinsic-size:auto_100lvh] scroll-mt-[calc(var(--header-height)+min(200px,max(70px,20svh)))]\" dir=\"auto\" tabindex=\"-1\" data-turn-id=\"request-WEB:7bf6217e-48a8-44f5-bd97-b3dd871479e2-1\" data-testid=\"conversation-turn-4\" data-scroll-anchor=\"true\" data-turn=\"assistant\">\n<div class=\"text-base my-auto mx-auto pb-10 [--thread-content-margin:--spacing(4)] thread-sm:[--thread-content-margin:--spacing(6)] thread-lg:[--thread-content-margin:--spacing(16)] px-(--thread-content-margin)\">\n<div class=\"[--thread-content-max-width:40rem] thread-lg:[--thread-content-max-width:48rem] mx-auto max-w-(--thread-content-max-width) flex-1 group\/turn-messages focus-visible:outline-hidden relative flex w-full min-w-0 flex-col agent-turn\" tabindex=\"-1\">\n<div class=\"flex max-w-full flex-col grow\">\n<div class=\"min-h-8 text-message relative flex w-full flex-col items-end gap-2 text-start break-words whitespace-normal [.text-message+&amp;]:mt-1\" dir=\"auto\" data-message-author-role=\"assistant\" data-message-id=\"8aedf873-9439-4692-a250-7df157f32119\" data-message-model-slug=\"gpt-5\">\n<div class=\"flex w-full flex-col gap-1 empty:hidden first:pt-[1px]\">\n<div class=\"markdown prose dark:prose-invert w-full break-words light markdown-new-styling\">\n<p data-start=\"1215\" data-end=\"1290\" data-is-last-node=\"\" data-is-only-node=\"\">\u00abUna hist\u00f2ria d\u2019amor amb ritmes cl\u00e0ssics i un pols \u00fanic.\u00bb <strong>\u2014<em data-start=\"1274\" data-end=\"1290\" data-is-last-node=\"\">Kirkus Reviews<\/em><\/strong><\/p>\n<\/div>\n<\/div>\n<\/div>\n<\/div>\n<div class=\"z-0 flex min-h-[46px] justify-start\"><\/div>\n<div class=\"mt-3 w-full empty:hidden\">\n<div class=\"text-center\">Altres llibres juvenils:<\/div>\n<\/div>\n<\/div>\n<\/div>\n<\/article>\n<ul>\n<li><a href=\"https:\/\/www.editorialelpirata.com\/ca\/Producte\/noia-desapareguda\/\" target=\"_blank\" rel=\"noopener\"><em>Noia Desapareguda<\/em><\/a> de Sophie McKenzie.<\/li>\n<\/ul>\n<p>[\/vc_column_text][vc_empty_space][vc_column_text uncode_shortcode_id=&#8221;718120&#8243;]Llegeix els dos primers cap\u00edtols:[\/vc_column_text][\/vc_column][\/vc_row][vc_row][vc_column width=&#8221;1\/4&#8243;][\/vc_column][vc_column width=&#8221;1\/2&#8243;][vc_raw_html]JTNDaWZyYW1lJTIwd2lkdGglM0QlMjI2MjBweCUyMiUyMGhlaWdodCUzRCUyMjQwMHB4JTIyJTIwc3JjJTNEJTIyaHR0cHMlM0ElMkYlMkZ3d3cueXVtcHUuY29tJTJGeHglMkZlbWJlZCUyRnZpZXclMkZ4WGRoQ0VpemtaNGJNSHc3JTIyJTIwZnJhbWVib3JkZXIlM0QlMjIwJTIyJTIwYWxsb3dmdWxsc2NyZWVuJTNEJTIydHJ1ZSUyMiUyMGFsbG93dHJhbnNwYXJlbmN5JTNEJTIydHJ1ZSUyMiUzRSUzQyUyRmlmcmFtZSUzRSUyMCUyMCUyMCUyMCUyMCUyMCUyMCUyMCUyMCUyMCUyMCUyMCUyMCUyMCUyMCUyMCUyMCUyMCUyMCUyMCUyMCUyMCUyMCUyMCUyMCUyMCUyMCUyMCUyMCUyMCUyMCUyMCUyMCUyMCUyMCUyMCUyMCUyMCUyMCUyMCUyMCUyMCUyMCUyMCUyMCUyMCUyMCUyMCUyMCUyMCUyMCUyMCUyMCUyMCUyMCUyMCUyMCUyMCUyMCUyMCUyMCUyMCUyMCUyMCUyMCUyMCUyMCUyMCUyMCUyMCUyMCUyMCUyMCUyMCUyMCUyMCUyMCUyMCUyMCUyMCUyMCUyMCUyMCUyMCUyMCUyMCUyMCUyMCUyMA==[\/vc_raw_html][\/vc_column][vc_column width=&#8221;1\/4&#8243;][\/vc_column][\/vc_row][vc_row][vc_column width=&#8221;1\/1&#8243;][vc_column_text uncode_shortcode_id=&#8221;868896&#8243;]<\/p>\n<hr \/>\n<div>\n<div>Amb el suport de:<\/div>\n<\/div>\n<div><a href=\"https:\/\/www.editorialelpirata.com\/wp-content\/uploads\/2024\/11\/Logo-icec.jpg\"><img decoding=\"async\" class=\"alignnone wp-image-100853 size-medium\" src=\"https:\/\/www.editorialelpirata.com\/wp-content\/uploads\/2024\/11\/Logo-icec-300x45.jpg\" alt=\"Logo icec complert\" width=\"300\" height=\"45\" title=\"\" srcset=\"https:\/\/www.editorialelpirata.com\/wp-content\/uploads\/2024\/11\/Logo-icec-300x45.jpg 300w, https:\/\/www.editorialelpirata.com\/wp-content\/uploads\/2024\/11\/Logo-icec-1024x155.jpg 1024w, https:\/\/www.editorialelpirata.com\/wp-content\/uploads\/2024\/11\/Logo-icec-768x116.jpg 768w, https:\/\/www.editorialelpirata.com\/wp-content\/uploads\/2024\/11\/Logo-icec-350x53.jpg 350w, https:\/\/www.editorialelpirata.com\/wp-content\/uploads\/2024\/11\/Logo-icec-64x10.jpg 64w, https:\/\/www.editorialelpirata.com\/wp-content\/uploads\/2024\/11\/Logo-icec.jpg 1252w\" sizes=\"(max-width: 300px) 100vw, 300px\" \/><\/a><\/div>\n<p>[\/vc_column_text][\/vc_column][\/vc_row]<\/p>\n<\/div>","protected":false},"excerpt":{"rendered":"<p><strong>Inspirada en <em>Persuasi\u00f3<\/em> de Jane Austen, <em>All\u00e0 on et porti el ritme<\/em> \u00e9s una novel\u00b7la rom\u00e0ntica juvenil fascinant sobre el primer amor i les segones oportunitats, <\/strong><strong>per a nois i noies entre 13 i 17 anys. Amb m\u00e9s de 10.000 exemplars venuts!<\/strong><\/p>\n<p>&nbsp;<\/p>\n<p>Autora: <a href=\"https:\/\/www.edicionsdelpirata.cat\/sarah-dass\/\">Sarah Dass<\/a><\/p>\n","protected":false},"featured_media":97641,"template":"","meta":[],"product_brand":[],"product_cat":[2354,3313,3314,2920,3195,2298,3249,2872],"product_tag":[2915,2916,2917,3315,2918,3316,2919,3317],"class_list":{"0":"post-97640","1":"product","2":"type-product","3":"status-publish","4":"has-post-thumbnail","6":"product_cat-novetats","7":"product_cat-llibre-per-12-anys","8":"product_cat-adolescents","9":"product_cat-sarah-dass-escriptors","10":"product_cat-tots-els-llibres-ca","11":"product_cat-llibres-per-12-anys","12":"product_cat-nikola-kucharska","13":"product_cat-llibres-juvenils","14":"product_tag-adolescencia-ca","15":"product_tag-la-mar-salada-ca","16":"product_tag-llibre-juvenil-ca","17":"product_tag-llibres-juvenils-ca","18":"product_tag-llibre-per-13-anys-ca","19":"product_tag-llibre-per-12-anys","20":"product_tag-novela-juvenil-ca","21":"product_tag-llibres-de-12-anys","22":"product_shipping_class-envio-estandar-ca-2","24":"first","25":"instock","26":"shipping-taxable","27":"purchasable","28":"product-type-variable","29":"has-default-attributes"},"_links":{"self":[{"href":"https:\/\/www.editorialelpirata.com\/ca\/wp-json\/wp\/v2\/product\/97640","targetHints":{"allow":["GET"]}}],"collection":[{"href":"https:\/\/www.editorialelpirata.com\/ca\/wp-json\/wp\/v2\/product"}],"about":[{"href":"https:\/\/www.editorialelpirata.com\/ca\/wp-json\/wp\/v2\/types\/product"}],"wp:featuredmedia":[{"embeddable":true,"href":"https:\/\/www.editorialelpirata.com\/ca\/wp-json\/wp\/v2\/media\/97641"}],"wp:attachment":[{"href":"https:\/\/www.editorialelpirata.com\/ca\/wp-json\/wp\/v2\/media?parent=97640"}],"wp:term":[{"taxonomy":"product_brand","embeddable":true,"href":"https:\/\/www.editorialelpirata.com\/ca\/wp-json\/wp\/v2\/product_brand?post=97640"},{"taxonomy":"product_cat","embeddable":true,"href":"https:\/\/www.editorialelpirata.com\/ca\/wp-json\/wp\/v2\/product_cat?post=97640"},{"taxonomy":"product_tag","embeddable":true,"href":"https:\/\/www.editorialelpirata.com\/ca\/wp-json\/wp\/v2\/product_tag?post=97640"}],"curies":[{"name":"wp","href":"https:\/\/api.w.org\/{rel}","templated":true}]}}