{"id":97553,"date":"2023-09-14T15:16:47","date_gmt":"2023-11-08T16:46:39","guid":{"rendered":"https:\/\/www.editorialelpirata.com\/?post_type=product&#038;p=97553"},"modified":"2025-05-15T12:04:19","modified_gmt":"2025-05-15T12:04:19","slug":"qui-samaga","status":"publish","type":"product","link":"https:\/\/www.editorialelpirata.com\/ca\/Producte\/qui-samaga\/","title":{"rendered":"QUI S\u2019AMAGA?"},"content":{"rendered":"<div class=\"wpb-content-wrapper\"><p>[vc_row][vc_column][vc_column_text uncode_shortcode_id=&#8221;483549&#8243;]<strong><em>Qui s\u2019amaga? <\/em><\/strong>\u00e9s un <strong>llibre de tela interactiu per a beb\u00e8s de 0 a 36 mesos<\/strong> amb tres solapes a l\u2019interior perqu\u00e8 els m\u00e9s petits juguin a descobrir animals. \u00c9s un <strong>conte estimulant<\/strong> perfecte per a beb\u00e8s, ja que inclou:<\/p>\n<ul>\n<li>\u00b7 <strong>Paper sonor<\/strong> a la coberta i a l\u2019interior per millorar la cognici\u00f3 auditiva de l\u2019infant.<\/li>\n<li>\u00b7 Un <strong>mirall<\/strong> per millorar l\u2019autoconsci\u00e8ncia i l\u2019observaci\u00f3 visual del beb\u00e8.<\/li>\n<li>\u00b7 Tres <strong>solapes<\/strong> per a la interacci\u00f3 sensorial que ajuden a millorar les habilitats motores del nad\u00f3.<\/li>\n<\/ul>\n<p>El conte est\u00e0 fet amb una <strong>tela suau<\/strong>, totalment segura per a beb\u00e8s, que es pot rentar a m\u00e0. Tamb\u00e9 inclou una tira de tela cosida al llom, sense <em>velcro,<\/em> per penjar el llibre al cotxet, a la cadireta del cotxe o al gimn\u00e0s de beb\u00e8s. La mida del conte, 13 x 13 cm, \u00e9s perfecta per a les mans m\u00e9s petites.<\/p>\n<p>\u00c9s el regal ideal per a nadons de 0 a 36 mesos.<\/p>\n<p>&nbsp;<\/p>\n<p>Descobreix m\u00e9s llibres per a beb\u00e8s d\u2019Edicions del Pirata:<\/p>\n<ul>\n<li>\u00b7 <a href=\"https:\/\/www.edicionsdelpirata.cat\/producte\/dormir-ovelleta-conte-tela-nadons\/\" target=\"_blank\" rel=\"noopener\">A dormir, Ovelleta<\/a><\/li>\n<li>\u00b7 <a href=\"https:\/\/www.edicionsdelpirata.cat\/producte\/es-hora-bany-conte-banyera\/\" target=\"_blank\" rel=\"noopener\">\u00c9s l\u2019hora del bany<\/a><\/li>\n<li>\u00b7 <a href=\"https:\/\/www.edicionsdelpirata.cat\/producte\/meus-primers-contes-bebe-llibres-interactius\/\" target=\"_blank\" rel=\"noopener\">Els meus primers contes de beb\u00e8: Tres contes interactius per a nadons<\/a><\/li>\n<li><a href=\"https:\/\/www.edicionsdelpirata.cat\/producte\/mini-llibres-primeres-paraules\/\" target=\"_blank\" rel=\"noopener\">\u00b7 Les meves primeres paraules<\/a><\/li>\n<li><a href=\"https:\/\/www.edicionsdelpirata.cat\/producte\/minillibres-jugar-aprendre\/\" target=\"_blank\" rel=\"noopener\">\u00b7 Minillibres per a jugar i aprendre<\/a><\/li>\n<\/ul>\n<p>[\/vc_column_text][vc_column_text uncode_shortcode_id=&#8221;798695&#8243;]<\/p>\n<blockquote><p><strong>Erase_una_vez_librosymas<\/strong>: &#8220;\u00c9s un llibre sensorial amb textures i solapes f\u00e0cil de rentar. Ideal per a sortides, l&#8217;hora de menjar o una estoneta a la manta de jugar.&#8221;<\/p><\/blockquote>\n<p>[\/vc_column_text][\/vc_column][\/vc_row][vc_row][vc_column width=&#8221;1\/1&#8243;][vc_column_text uncode_shortcode_id=&#8221;560805&#8243;]<\/p>\n<hr \/>\n<p>Amb el suport de:<\/p>\n<p><a href=\"https:\/\/www.editorialelpirata.com\/wp-content\/uploads\/2024\/11\/Logo-icec.jpg\"><img decoding=\"async\" class=\"alignnone size-medium wp-image-100854\" src=\"https:\/\/www.editorialelpirata.com\/wp-content\/uploads\/2024\/11\/Logo-icec-300x45.jpg\" alt=\"Logo icec complert\" width=\"300\" height=\"45\" title=\"\"><\/a>[\/vc_column_text][\/vc_column][\/vc_row]<\/p>\n<\/div>","protected":false},"excerpt":{"rendered":"<h2>Llibre de tela amb solapes<\/h2>\n<p>Un llibre de tela interactiu per a beb\u00e8s de 0 a 36 mesos amb tres solapes a l\u2019interior.<\/p>\n<p>&nbsp;<\/p>\n<p>Il\u00b7lustradora: <a href=\"https:\/\/www.edicionsdelpirata.cat\/alicia-teba\/\" target=\"_blank\" rel=\"noopener\">Alicia Teba<\/a><\/p>\n","protected":false},"featured_media":97556,"template":"","meta":[],"product_brand":[],"product_cat":[2123,2335,2354,2955,2379,2956,2419,2442],"product_tag":[2815,2816,2817,2818,2819,2820,2821],"class_list":{"0":"post-97553","1":"product","2":"type-product","3":"status-publish","4":"has-post-thumbnail","6":"product_cat-tots-els-llibres","7":"product_cat-llibres-joc","8":"product_cat-novetats","9":"product_cat-llibres-de-tela-per-bebes-2","10":"product_cat-alicia-teba-illustradors","11":"product_cat-llibres-per-jugar-2","12":"product_cat-contes-per-bebes","13":"product_cat-packs","14":"product_tag-llibre-bebe-catala-ca","15":"product_tag-llibre-de-roba-ca","16":"product_tag-llibre-de-tela-ca","17":"product_tag-llibre-tela-solapes-ca","18":"product_tag-llibres-interactius-bebes-ca","19":"product_tag-llibres-nadons-jugar-ca","20":"product_tag-llibres-per-a-nadons-ca","22":"first","23":"instock","24":"shipping-taxable","25":"purchasable","26":"product-type-variable","27":"has-default-attributes"},"_links":{"self":[{"href":"https:\/\/www.editorialelpirata.com\/ca\/wp-json\/wp\/v2\/product\/97553","targetHints":{"allow":["GET"]}}],"collection":[{"href":"https:\/\/www.editorialelpirata.com\/ca\/wp-json\/wp\/v2\/product"}],"about":[{"href":"https:\/\/www.editorialelpirata.com\/ca\/wp-json\/wp\/v2\/types\/product"}],"wp:featuredmedia":[{"embeddable":true,"href":"https:\/\/www.editorialelpirata.com\/ca\/wp-json\/wp\/v2\/media\/97556"}],"wp:attachment":[{"href":"https:\/\/www.editorialelpirata.com\/ca\/wp-json\/wp\/v2\/media?parent=97553"}],"wp:term":[{"taxonomy":"product_brand","embeddable":true,"href":"https:\/\/www.editorialelpirata.com\/ca\/wp-json\/wp\/v2\/product_brand?post=97553"},{"taxonomy":"product_cat","embeddable":true,"href":"https:\/\/www.editorialelpirata.com\/ca\/wp-json\/wp\/v2\/product_cat?post=97553"},{"taxonomy":"product_tag","embeddable":true,"href":"https:\/\/www.editorialelpirata.com\/ca\/wp-json\/wp\/v2\/product_tag?post=97553"}],"curies":[{"name":"wp","href":"https:\/\/api.w.org\/{rel}","templated":true}]}}