{"id":97043,"date":"2017-11-05T15:28:34","date_gmt":"2017-11-05T15:28:34","guid":{"rendered":"https:\/\/www.editorialelpirata.com\/?post_type=product&#038;p=97043"},"modified":"2025-01-24T23:34:18","modified_gmt":"2025-01-24T23:34:18","slug":"estimat-bau","status":"publish","type":"product","link":"https:\/\/www.editorialelpirata.com\/ca\/Producte\/estimat-bau\/","title":{"rendered":"ESTIMAT BAU"},"content":{"rendered":"<div class=\"wpb-content-wrapper\"><p>[vc_row][vc_column][vc_column_text uncode_shortcode_id=&#8221;292681&#8243;]<\/p>\n<h1>Un \u00e0lbum il\u00b7lustrat carregat de m\u00e0gia que t&#8217;animar\u00e0 a crear el teu propi conte<\/h1>\n<p class=\"p1\"><span class=\"s1\">En Bau \u00e9s un nen amb molta sort: la seva mare escriu contes i el seu pare els il\u00b7lustra.<\/span><\/p>\n<p class=\"p1\"><span class=\"s1\">Un dia \u00e9s ell qui fa el seu propi conte, que resulta ser m\u00e0gic, perqu\u00e8 cada cop que alg\u00fa el llegeix, explica una hist\u00f2ria diferent.<\/span><\/p>\n<p class=\"p1\"><span class=\"s1\"><strong>Estimat Bau<\/strong> \u00e9s un llibre m\u00e0gic que, amb molta originalitat i tendresa, il\u00b7lustra una viv\u00e8ncia tan \u00edntima i apassionant com \u00e9s el moment de compartir contes amb els m\u00e9s petits.<\/span><\/p>\n<p>&nbsp;<\/p>\n<hr \/>\n<h3>CR\u00cdTIQUES<\/h3>\n<p><a href=\"https:\/\/jaumecentelles.cat\/2018\/01\/31\/estimat-bau-un-llibre-que-parla-de-llibres\/\" target=\"_blank\" rel=\"noopener\"><strong>Jaumecentelles.cat<\/strong><\/a>:\u00a0La idea \u00e9s potent\u00a0 -recorda\u00a0<strong>Roberto Piumini<\/strong>\u00a0a\u00a0<em>Un amor de libro-<\/em>\u00a0 i serveix per reflexionar sobre el poder la imaginaci\u00f3 i de com les paraules i les imatges ens ajuden a ser m\u00e9s feli\u00e7os.<br \/>\n<strong>Estimat Bau<\/strong>\u00a0\u00e9s un conte de relacions familiars i d\u2019estimaci\u00f3 i que traspua tendresa. Els qui seguiu a la Mar ja sabeu quin \u00e9s el seu estil,\u00a0per\u00f2 potser el que m\u00e9s ens sorpr\u00e8n d\u2019aquest \u00e0lbum s\u00f3n les il\u00b7lustracions, unes imatges on es combinen les imitacions de dibuixos de nens de cinc anys amb altres que s\u00f3n primers plans, simetries i fins i tot veiem aproximacions al moviment (per exemple, a la p\u00e0gina central). Amb un format prou gener\u00f3s i un tractament del color for\u00e7a atractiu, \u00e9s un bon \u00e0lbum que pot anar b\u00e9 per a ser narrat a tot el grup quan al mat\u00ed fem la rotllana de classe o a la sessi\u00f3 de contes a la biblioteca.<\/p>\n<p>&nbsp;<\/p>\n<p><strong><a href=\"https:\/\/www.instagram.com\/miss_dopemine\/\" target=\"_blank\" rel=\"noopener\">Miss_dopemine:<\/a><\/strong> \u00c9s un conte s\u00faper m\u00e0gic, molt imaginatiu, on el nen \u00e9s el que acaba creant un conte m\u00e0gic&#8221;<\/p>\n<p>&nbsp;<\/p>\n<hr \/>\n<h3><strong>ENTREVISTA A L\u2019AUTORA MAR PAV\u00d3N\u00a0<\/strong><\/h3>\n<p>&nbsp;<\/p>\n<hr \/>\n<p>Recomanaci\u00f3 del blog de lectura\u00a0<strong><a href=\"http:\/\/www.lectura.cat\/recomanacions-de-lectura\" target=\"_blank\" rel=\"noopener\">Lecxit<\/a><\/strong>[\/vc_column_text][\/vc_column][\/vc_row]<\/p>\n<\/div>","protected":false},"excerpt":{"rendered":"<h3 class=\"p1\">Un conte sobre els contes<\/h3>\n<p>Aquest \u00e0lbum il\u00b7lustrat de forma meravellosa est\u00e0 recomanat per explicar als m\u00e9s petits, a partir de 3 anys.<\/p>\n<p>&nbsp;<\/p>\n<p>Autora: Mar Pav\u00f3n<\/p>\n<p>Il\u00b7lustradora: <a href=\"https:\/\/www.edicionsdelpirata.cat\/gemma-zaragueta\/\" target=\"_blank\" rel=\"noopener noreferrer\">Gemma Zarag\u00fceta<\/a><\/p>\n","protected":false},"featured_media":97070,"template":"","meta":[],"product_brand":[],"product_cat":[2186,2330,2331,2334,2344,2359,2360,2117,2123],"product_tag":[659,2800,2984,3005],"class_list":{"0":"post-97043","1":"product","2":"type-product","3":"status-publish","4":"has-post-thumbnail","6":"product_cat-llibres-per-7-anys","7":"product_cat-albums-illustrats","8":"product_cat-albums-ilustrats-7-anys","9":"product_cat-albums-illustrats-6-anys","10":"product_cat-llibres-de-3-a-6-anys","11":"product_cat-gemma-zaragueta-illustradors","12":"product_cat-mar-pavon-escriptors","13":"product_cat-llibres-per-6-anys","14":"product_cat-tots-els-llibres","15":"product_tag-llibres-catala","16":"product_tag-llibres-nens-ca","17":"product_tag-contes-nens-ca","18":"product_tag-contes-valors-ca","20":"first","21":"instock","22":"shipping-taxable","23":"purchasable","24":"product-type-variable","25":"has-default-attributes"},"_links":{"self":[{"href":"https:\/\/www.editorialelpirata.com\/ca\/wp-json\/wp\/v2\/product\/97043","targetHints":{"allow":["GET"]}}],"collection":[{"href":"https:\/\/www.editorialelpirata.com\/ca\/wp-json\/wp\/v2\/product"}],"about":[{"href":"https:\/\/www.editorialelpirata.com\/ca\/wp-json\/wp\/v2\/types\/product"}],"wp:featuredmedia":[{"embeddable":true,"href":"https:\/\/www.editorialelpirata.com\/ca\/wp-json\/wp\/v2\/media\/97070"}],"wp:attachment":[{"href":"https:\/\/www.editorialelpirata.com\/ca\/wp-json\/wp\/v2\/media?parent=97043"}],"wp:term":[{"taxonomy":"product_brand","embeddable":true,"href":"https:\/\/www.editorialelpirata.com\/ca\/wp-json\/wp\/v2\/product_brand?post=97043"},{"taxonomy":"product_cat","embeddable":true,"href":"https:\/\/www.editorialelpirata.com\/ca\/wp-json\/wp\/v2\/product_cat?post=97043"},{"taxonomy":"product_tag","embeddable":true,"href":"https:\/\/www.editorialelpirata.com\/ca\/wp-json\/wp\/v2\/product_tag?post=97043"}],"curies":[{"name":"wp","href":"https:\/\/api.w.org\/{rel}","templated":true}]}}