{"id":96831,"date":"2024-09-19T15:25:45","date_gmt":"2024-09-19T15:25:45","guid":{"rendered":"https:\/\/www.editorialelpirata.com\/?post_type=product&#038;p=96831"},"modified":"2025-10-14T10:30:21","modified_gmt":"2025-10-14T10:30:21","slug":"els-lleons-de-morvia","status":"publish","type":"product","link":"https:\/\/www.editorialelpirata.com\/ca\/Producte\/els-lleons-de-morvia\/","title":{"rendered":"ELS LLEONS DE MORVI\u00c0"},"content":{"rendered":"<h1>Un poble ben normal&#8230; excepte pels lleons<\/h1>\n<p>L&#8217;autor d&#8217;aquesta hist\u00f2ria es va inventar el poble de Morvi\u00e0 per fer-hi passar coses estranyes i, sobretot, divertides. All\u00e0, com tothom pot suposar, no hi ha altres animals que gallines i conills, vaques i porcs, algun senglar, ocells de bosc, alguna granota i, \u00e9s clar, gossos i gats. Per\u00f2, en aquesta ocasi\u00f3, a la vora de la bassa de les Tres Alzines, badallen, i aix\u00f2 vol dir que tenen molta gana, uns enormes lleons d&#8217;aspecte terror\u00edfic. I, fins i tot, hi ha un botiguer que ha somiat que uns micos li buidaven tot un sac de cacauets. I un pag\u00e8s que diu&#8230;<\/p>\n<p>&nbsp;<\/p>\n<hr \/>\n<h3><a href=\"https:\/\/drive.google.com\/file\/d\/1Kp_e21c3YLMB4ySxr3uHu0lDx92oWTc5\/view?usp=sharing\" target=\"_blank\" rel=\"noopener noreferrer\">Descarrega\u2019t la proposta did\u00e1ctica gratu\u00efta sobre aquest llibre!<\/a><\/h3>\n<hr \/>\n<p style=\"text-align: center;\">Llegiu a continuaci\u00f3 el fant\u00e0stic poema dedicat a &#8220;<strong>Els lleons de Morvi\u00e0<\/strong>&#8220;:<\/p>\n<hr \/>\n<p>&nbsp;<\/p>\n<p style=\"text-align: center;\"><strong>DE ROMA A MORVI\u00c0<\/strong><\/p>\n<p style=\"text-align: center;\"><em>Per a Joaquim Carb\u00f3<\/em><\/p>\n<p style=\"text-align: center;\">No s\u00f3n malsons, s\u00f3n micos i elefants<\/p>\n<p style=\"text-align: center;\">que quan es fa fosc passegen per la vila;<\/p>\n<p style=\"text-align: center;\">mentre el Circ Cataclic prou que s\u2019enfila<\/p>\n<p style=\"text-align: center;\">i a l\u2019era dels Cavalls atreu els fans.<\/p>\n<p style=\"text-align: center;\">N\u2019hi ha de tots colors, de totes menes,<\/p>\n<p style=\"text-align: center;\">malabaristes, domadors, lleons,<\/p>\n<p style=\"text-align: center;\">artistes que b\u00e9 guanyen calerons<\/p>\n<p style=\"text-align: center;\">i uns pallassos tan vius com les patenes.<\/p>\n<p style=\"text-align: center;\">El que us cal si en voleu saber molt m\u00e9s<\/p>\n<p style=\"text-align: center;\">\u00e9s llegir sense parar aquest bell conte,<\/p>\n<p style=\"text-align: center;\">tot seguit o tal vegada despr\u00e9s<\/p>\n<p style=\"text-align: center;\">hom us far\u00e0 de grat un petit descompte,<\/p>\n<p style=\"text-align: center;\">cada cop que crideu amb veu gallarda<\/p>\n<p style=\"text-align: center;\">tot disfrutant al circ de nit o tarda.<\/p>\n<p style=\"text-align: center;\"><strong>Valent\u00ed G\u00f3mez Oliver<\/strong><\/p>\n","protected":false},"excerpt":{"rendered":"<h3>Un llibre divertit per a nens de 8 anys<\/h3>\n<p><strong>&#8220;Els lleons de Morvi\u00e0&#8221;<\/strong> \u00e9s un llibre de la col\u00b7lecci\u00f3 <b>&#8220;El Pirata Groc&#8221;<\/b>. Joaquim Carb\u00f3 ens diverteix explicant les aventures succe\u00efdes arran de la visita d&#8217;animals insospitats al fant\u00e0stic poble de Morvi\u00e0.<\/p>\n<p>&nbsp;<\/p>\n<p>Autor: <a href=\"https:\/\/www.edicionsdelpirata.cat\/joaquim-carbo\/\" target=\"_blank\" rel=\"noopener noreferrer\">Joaquim Carb\u00f3<\/a><\/p>\n<p>Il\u00b7lustradora: <a href=\"https:\/\/www.edicionsdelpirata.cat\/cristina-losantos\/\" target=\"_blank\" rel=\"noopener noreferrer\">Cristina Losantos<\/a><\/p>\n","protected":false},"featured_media":96834,"template":"","meta":[],"product_brand":[],"product_cat":[2198,2211,2123,2164,2189],"product_tag":[2881,2984,3050,600,601,3557,3724],"class_list":{"0":"post-96831","1":"product","2":"type-product","3":"status-publish","4":"has-post-thumbnail","6":"product_cat-el-pirata-groc","7":"product_cat-cristina-losantos","8":"product_cat-tots-els-llibres","9":"product_cat-llibres-per-8-anys","10":"product_cat-joaquim-carbo-i-masllorens","11":"product_tag-contes-infantils-ca","12":"product_tag-contes-nens-ca","13":"product_tag-fantasia-ca","14":"product_tag-llibres-nens-8-anys","15":"product_tag-lleons","16":"product_tag-8-anys-ca","17":"product_tag-childrens-books-ca","19":"first","20":"outofstock","21":"shipping-taxable","22":"purchasable","23":"product-type-simple"},"_links":{"self":[{"href":"https:\/\/www.editorialelpirata.com\/ca\/wp-json\/wp\/v2\/product\/96831","targetHints":{"allow":["GET"]}}],"collection":[{"href":"https:\/\/www.editorialelpirata.com\/ca\/wp-json\/wp\/v2\/product"}],"about":[{"href":"https:\/\/www.editorialelpirata.com\/ca\/wp-json\/wp\/v2\/types\/product"}],"wp:featuredmedia":[{"embeddable":true,"href":"https:\/\/www.editorialelpirata.com\/ca\/wp-json\/wp\/v2\/media\/96834"}],"wp:attachment":[{"href":"https:\/\/www.editorialelpirata.com\/ca\/wp-json\/wp\/v2\/media?parent=96831"}],"wp:term":[{"taxonomy":"product_brand","embeddable":true,"href":"https:\/\/www.editorialelpirata.com\/ca\/wp-json\/wp\/v2\/product_brand?post=96831"},{"taxonomy":"product_cat","embeddable":true,"href":"https:\/\/www.editorialelpirata.com\/ca\/wp-json\/wp\/v2\/product_cat?post=96831"},{"taxonomy":"product_tag","embeddable":true,"href":"https:\/\/www.editorialelpirata.com\/ca\/wp-json\/wp\/v2\/product_tag?post=96831"}],"curies":[{"name":"wp","href":"https:\/\/api.w.org\/{rel}","templated":true}]}}