{"id":104687,"date":"2026-03-11T09:00:53","date_gmt":"2026-03-11T09:00:53","guid":{"rendered":"https:\/\/www.editorialelpirata.com\/?post_type=product&#038;p=104687"},"modified":"2026-03-27T14:49:58","modified_gmt":"2026-03-27T14:49:58","slug":"conte-tela-bebes","status":"publish","type":"product","link":"https:\/\/www.editorialelpirata.com\/ca\/Producte\/conte-tela-bebes\/","title":{"rendered":"L&#8217;OSSET S&#8217;EN VA A DORMIR"},"content":{"rendered":"<div class=\"wpb-content-wrapper\"><p>[vc_row][vc_column width=&#8221;1\/1&#8243;][vc_column_text uncode_shortcode_id=&#8221;241465&#8243;]<strong data-start=\"646\" data-end=\"674\">L\u2019osset se\u2019n va a dormir<\/strong> \u00e9s un llibre de tela interactiu per a beb\u00e8s de 0 a 36 mesos, amb un osset de peluix cosit al llom i butxaques a cada p\u00e0gina perqu\u00e8 l\u2019infant hi pugui col\u00b7locar el peluix. Un llibre suau, segur i ideal per estimular la motricitat, la imaginaci\u00f3 i el llenguatge.<\/p>\n<p data-start=\"1000\" data-end=\"1219\"><strong data-start=\"1000\" data-end=\"1028\">L\u2019osset se\u2019n va a dormir<\/strong> \u00e9s un llibre de tela interactiu pensat especialment per a beb\u00e8s de 0 a 36 mesos. Acompanya el nad\u00f3 en la rutina d\u2019anar a dormir a trav\u00e9s d\u2019una proposta de joc suau, sensorial i manipulativa.<\/p>\n<p data-start=\"1221\" data-end=\"1581\">Inclou un <strong data-start=\"1231\" data-end=\"1286\">osset de peluix cosit al llom amb una cinta de tela<\/strong>, i cada il\u00b7lustraci\u00f3 incorpora una <strong data-start=\"1322\" data-end=\"1333\">butxaca<\/strong> perqu\u00e8 el beb\u00e8 pugui ficar-hi el peluix i interactuar amb cada escena. Al llarg del conte, l\u2019infant acompanya l\u2019Osset durant el dia: primer se\u2019n va a la platja, despr\u00e9s es banya i, finalment, se\u2019n va a dormir.<\/p>\n<p data-start=\"1583\" data-end=\"1971\">Aquest llibre \u00e9s ideal per afavorir les <strong data-start=\"1623\" data-end=\"1645\">habilitats motores<\/strong>, estimular la <strong data-start=\"1660\" data-end=\"1674\">imaginaci\u00f3<\/strong> i refor\u00e7ar les <strong data-start=\"1690\" data-end=\"1718\">habilitats ling\u00fc\u00edstiques<\/strong> dels m\u00e9s petits. A m\u00e9s, est\u00e0 confeccionat amb una <strong data-start=\"1769\" data-end=\"1810\">tela molt suau, amb textura de vellut<\/strong>, totalment segura per a beb\u00e8s, i es pot <strong data-start=\"1851\" data-end=\"1866\">rentar a m\u00e0<\/strong>. La seva mida, <strong data-start=\"1882\" data-end=\"1896\">13 x 13 cm<\/strong>, \u00e9s perfecta per a les mans petites.<\/p>\n<p data-start=\"1973\" data-end=\"2122\">\u00c9s una proposta ideal com a <strong data-start=\"2001\" data-end=\"2030\">primer llibre per a beb\u00e8s<\/strong> i tamb\u00e9 com a <strong data-start=\"2045\" data-end=\"2083\">regal per a nadons de 0 a 36 mesos<\/strong>.<\/p>\n<h2 data-section-id=\"uvpfzf\" data-start=\"2129\" data-end=\"2147\">Punts destacats<\/h2>\n<ul data-start=\"2148\" data-end=\"2477\">\n<li data-section-id=\"1vlo08v\" data-start=\"2148\" data-end=\"2187\">\n<p data-start=\"2150\" data-end=\"2187\">Llibre de tela interactiu per a beb\u00e8s<\/p>\n<\/li>\n<li data-section-id=\"q3bd72\" data-start=\"2188\" data-end=\"2229\">\n<p data-start=\"2190\" data-end=\"2229\">Inclou un osset de peluix cosit al llom<\/p>\n<\/li>\n<li data-section-id=\"m0ej0o\" data-start=\"2230\" data-end=\"2283\">\n<p data-start=\"2232\" data-end=\"2283\">Amb butxaques a cada p\u00e0gina per jugar i interactuar<\/p>\n<\/li>\n<li data-section-id=\"hlp603\" data-start=\"2284\" data-end=\"2325\">\n<p data-start=\"2286\" data-end=\"2325\">Ajuda a desenvolupar la motricitat fina<\/p>\n<\/li>\n<li data-section-id=\"1gfi7n0\" data-start=\"2326\" data-end=\"2365\">\n<p data-start=\"2328\" data-end=\"2365\">Fomenta la imaginaci\u00f3 i el llenguatge<\/p>\n<\/li>\n<li data-section-id=\"1r8zpwg\" data-start=\"2366\" data-end=\"2399\">\n<p data-start=\"2368\" data-end=\"2399\">Tela suau amb textura de vellut<\/p>\n<\/li>\n<li data-section-id=\"e22u77\" data-start=\"2400\" data-end=\"2415\">\n<p data-start=\"2402\" data-end=\"2415\">Rentable a m\u00e0<\/p>\n<\/li>\n<li data-section-id=\"c6lmv6\" data-start=\"2416\" data-end=\"2477\">\n<p data-start=\"2418\" data-end=\"2477\">Ideal de 0 a 36 mesos<\/p>\n<\/li>\n<\/ul>\n<p>[\/vc_column_text][\/vc_column][\/vc_row][vc_row][vc_column width=&#8221;1\/4&#8243;][\/vc_column][vc_column width=&#8221;1\/2&#8243;][vc_single_image media=&#8221;104667&#8243; media_width_percent=&#8221;100&#8243; uncode_shortcode_id=&#8221;193255&#8243;][\/vc_column][vc_column width=&#8221;1\/4&#8243;][\/vc_column][\/vc_row][vc_row][vc_column width=&#8221;1\/1&#8243;][vc_column_text uncode_shortcode_id=&#8221;144969&#8243;]Amb el suport de:<\/p>\n<p><a href=\"https:\/\/www.editorialelpirata.com\/wp-content\/uploads\/2024\/11\/Logo-icec.jpg\"><img decoding=\"async\" class=\"alignnone size-medium wp-image-105994\" src=\"https:\/\/www.editorialelpirata.com\/wp-content\/uploads\/2024\/11\/Logo-icec-300x45.jpg\" alt=\"Logo icec complert\" width=\"300\" height=\"45\" title=\"\"><\/a>[\/vc_column_text][\/vc_column][\/vc_row]<\/p>\n<\/div>","protected":false},"excerpt":{"rendered":"<h2>Conte de tela per a beb\u00e8s<\/h2>\n<p>Conte interactiu per a beb\u00e8s de 0 a 36 mesos que acompanyar\u00e0 el nad\u00f3 a l\u2019hora d\u2019anar a dormir.<\/p>\n<div><\/div>\n<div>Il\u00b7lustradora: <a href=\"https:\/\/www.editorialelpirata.com\/ca\/alicia-teba-ca\/\" target=\"_blank\" rel=\"noopener\">Alicia Teba<\/a><\/div>\n","protected":false},"featured_media":106286,"template":"","meta":[],"product_brand":[],"product_cat":[3441,3685,3699,2354,2432,2955,3195],"product_tag":[3706,3707,3809,3810,3811,3700,3812,3701,3813,2817,3702,3814,3703,3815,3704,3816,3705,3817],"class_list":{"0":"post-104687","1":"product","2":"type-product","3":"status-publish","4":"has-post-thumbnail","6":"product_cat-llibres-nens-animals-ca","7":"product_cat-llibres-per-jugar-ca","8":"product_cat-alicia-teba-ca","9":"product_cat-novetats","10":"product_cat-llibres-nens-animals","11":"product_cat-llibres-de-tela-per-bebes-2","12":"product_cat-tots-els-llibres-ca","13":"product_tag-llibre-per-les-rutines-dels-nens","14":"product_tag-regal-per-a-bebes","15":"product_tag-llibre-per-a-bebes","16":"product_tag-conte-per-dormir","17":"product_tag-llibre-interactiu-nadons","18":"product_tag-conte-de-tela-per-a-bebes","19":"product_tag-motricitat-fina","20":"product_tag-contes-per-a-bebes-de-0-a-12-mesos","21":"product_tag-primer-llibre-bebe","22":"product_tag-llibre-de-tela-ca","23":"product_tag-conte-per-a-bebes","24":"product_tag-peluix","25":"product_tag-conte-interactiu-bebe","26":"product_tag-rutina-de-son","27":"product_tag-llibre-per-anar-a-dormir","28":"product_tag-regal-nado","29":"product_tag-llibre-per-dormir-bebes","30":"product_tag-llibre-sensorial","31":"product_shipping_class-envio-estandar-ca-2","33":"first","34":"instock","35":"shipping-taxable","36":"purchasable","37":"product-type-variable","38":"has-default-attributes"},"_links":{"self":[{"href":"https:\/\/www.editorialelpirata.com\/ca\/wp-json\/wp\/v2\/product\/104687","targetHints":{"allow":["GET"]}}],"collection":[{"href":"https:\/\/www.editorialelpirata.com\/ca\/wp-json\/wp\/v2\/product"}],"about":[{"href":"https:\/\/www.editorialelpirata.com\/ca\/wp-json\/wp\/v2\/types\/product"}],"wp:featuredmedia":[{"embeddable":true,"href":"https:\/\/www.editorialelpirata.com\/ca\/wp-json\/wp\/v2\/media\/106286"}],"wp:attachment":[{"href":"https:\/\/www.editorialelpirata.com\/ca\/wp-json\/wp\/v2\/media?parent=104687"}],"wp:term":[{"taxonomy":"product_brand","embeddable":true,"href":"https:\/\/www.editorialelpirata.com\/ca\/wp-json\/wp\/v2\/product_brand?post=104687"},{"taxonomy":"product_cat","embeddable":true,"href":"https:\/\/www.editorialelpirata.com\/ca\/wp-json\/wp\/v2\/product_cat?post=104687"},{"taxonomy":"product_tag","embeddable":true,"href":"https:\/\/www.editorialelpirata.com\/ca\/wp-json\/wp\/v2\/product_tag?post=104687"}],"curies":[{"name":"wp","href":"https:\/\/api.w.org\/{rel}","templated":true}]}}