{"id":102797,"date":"2024-11-06T07:25:27","date_gmt":"2024-11-06T07:25:27","guid":{"rendered":"https:\/\/www.editorialelpirata.com\/producto\/el-capita-barbamec-i-el-pingui-bandarra\/"},"modified":"2025-12-15T10:37:14","modified_gmt":"2025-12-15T10:37:14","slug":"capita-barbamec","status":"publish","type":"product","link":"https:\/\/www.editorialelpirata.com\/ca\/Producte\/capita-barbamec\/","title":{"rendered":"EL CAPIT\u00c0 BARBAMEC I EL PING\u00dc\u00cd BANDARRA"},"content":{"rendered":"<div class=\"wpb-content-wrapper\"><p>[vc_row][vc_column][vc_column_text uncode_shortcode_id=&#8221;177276&#8243;]<em>El capit\u00e0 Barbamec i el ping\u00fc\u00ed bandarra<\/em> \u00e9s un conte d\u2019all\u00f2 m\u00e9s esbojarrat recomanat per a nens i nenes <strong>a partir de 7 anys<\/strong>. El text, que combina una narraci\u00f3 senzilla amb molt de\u00a0di\u00e0leg i bafarades de <strong>c\u00f2mic<\/strong>, est\u00e0 acompanyat d\u2019unes <strong>il\u00b7lustracions fant\u00e0stiques a tot color<\/strong>.<\/p>\n<p>&nbsp;<\/p>\n<p>\u00c9s un conte superdivertit que, a m\u00e9s, permet treballar totes les mat\u00e8ries d\u2019un trimestre de tercer de prim\u00e0ria competencialment amb el material que s\u2019ofereix al final del llibre.<\/p>\n<p>&nbsp;<\/p>\n<p>El capit\u00e0 Barbamec, un llop de mar d\u2019all\u00f2 m\u00e9s viatjat, retorna del seu \u00faltim viatge amb uns quants records: una estatueta d\u2019una tribu africana, esp\u00e8cies de l\u2019\u00cdndia, un barret xin\u00e8s i\u2026 un ping\u00fc\u00ed de l\u2019Ant\u00e0rtida! Per\u00f2 resulta que aquest carai de ping\u00fc\u00ed nom\u00e9s t\u00e9 ganes de fer-li la guitza i, cada nit, li remena totes les cartes de navegaci\u00f3. Quin bandarra!<\/p>\n<p>Qu\u00e8 podr\u00e0 fer el capit\u00e0 per solucionar aquest gran embolic?[\/vc_column_text][vc_single_image media=&#8221;105257&#8243; media_width_percent=&#8221;100&#8243; uncode_shortcode_id=&#8221;531928&#8243; media_link=&#8221;url:https%3A%2F%2Fwww.editorialelpirata.com%2Fguia-lectura%2F|title:guias%20de%20lectura|target:_blank&#8221;][\/vc_column][\/vc_row][vc_row][vc_column column_width_percent=&#8221;100&#8243; position_vertical=&#8221;middle&#8221; align_horizontal=&#8221;align_center&#8221; gutter_size=&#8221;3&#8243; overlay_alpha=&#8221;50&#8243; shift_x=&#8221;0&#8243; shift_y=&#8221;0&#8243; shift_y_down=&#8221;0&#8243; z_index=&#8221;0&#8243; medium_width=&#8221;0&#8243; mobile_width=&#8221;0&#8243; width=&#8221;1\/3&#8243; uncode_shortcode_id=&#8221;263530&#8243;][vc_button radius=&#8221;btn-round&#8221; border_width=&#8221;0&#8243; link=&#8221;url:https%3A%2F%2Feduki.com%2Fes%2Fmaterial%2F1318595%2Fpaquet-de-materials-moduls-1-2-projecte-d-aprenentatge-per-3r-de-primaria|title:Pack%20M%C3%B2dul%201%20%2B%20M%C3%B2dul%202|target:_blank|&#8221; uncode_shortcode_id=&#8221;535865&#8243; button_color_type=&#8221;uncode-solid&#8221; button_color_solid=&#8221;#ff3131&#8243;]Pack M\u00f2dul 1 + M\u00f2dul 2[\/vc_button][\/vc_column][vc_column column_width_percent=&#8221;100&#8243; position_vertical=&#8221;middle&#8221; align_horizontal=&#8221;align_center&#8221; gutter_size=&#8221;3&#8243; overlay_alpha=&#8221;50&#8243; shift_x=&#8221;0&#8243; shift_y=&#8221;0&#8243; shift_y_down=&#8221;0&#8243; z_index=&#8221;0&#8243; medium_width=&#8221;0&#8243; mobile_width=&#8221;0&#8243; width=&#8221;1\/3&#8243; uncode_shortcode_id=&#8221;212267&#8243;][vc_button radius=&#8221;btn-round&#8221; border_width=&#8221;0&#8243; link=&#8221;url:https%3A%2F%2Feduki.com%2Fes%2Fmaterial%2F1318342%2Fproyecto-de-aprendizaje-modulo-1-3-primaria-pack-proyecto-trimestral-muestra-libro|title:Projecte%20d%27aprenentatge%20M%C3%B2dul%202|target:_blank|rel:nofollow|&#8221; uncode_shortcode_id=&#8221;756859&#8243; button_color_type=&#8221;uncode-solid&#8221; button_color_solid=&#8221;#ff3131&#8243;]Projecte d&#8217;aprenentatge M\u00f2dul 1[\/vc_button][\/vc_column][vc_column column_width_percent=&#8221;100&#8243; position_vertical=&#8221;middle&#8221; align_horizontal=&#8221;align_center&#8221; gutter_size=&#8221;3&#8243; overlay_alpha=&#8221;50&#8243; shift_x=&#8221;0&#8243; shift_y=&#8221;0&#8243; shift_y_down=&#8221;0&#8243; z_index=&#8221;0&#8243; medium_width=&#8221;0&#8243; mobile_width=&#8221;0&#8243; width=&#8221;1\/3&#8243; uncode_shortcode_id=&#8221;424078&#8243;][vc_button radius=&#8221;btn-round&#8221; border_width=&#8221;0&#8243; link=&#8221;url:https%3A%2F%2Feduki.com%2Fes%2Fmaterial%2F1318577%2Fproyecto-de-aprendizaje-modulo-2-3-primaria-pack-proyecto-trimestral-muestra-libro|title:Projecte%20d%27aprenentatge%20M%C3%B2dul%202|target:_blank|rel:nofollow|&#8221; uncode_shortcode_id=&#8221;239798&#8243; button_color_type=&#8221;uncode-solid&#8221; button_color_solid=&#8221;#ff3131&#8243;]Projecte d&#8217;aprenentatge M\u00f2dul 2 [\/vc_button][\/vc_column][\/vc_row][vc_row][vc_column column_width_percent=&#8221;100&#8243; position_vertical=&#8221;middle&#8221; align_horizontal=&#8221;align_center&#8221; gutter_size=&#8221;3&#8243; overlay_alpha=&#8221;50&#8243; shift_x=&#8221;0&#8243; shift_y=&#8221;0&#8243; shift_y_down=&#8221;0&#8243; z_index=&#8221;0&#8243; medium_width=&#8221;0&#8243; mobile_width=&#8221;0&#8243; width=&#8221;1\/3&#8243; uncode_shortcode_id=&#8221;263530&#8243;][vc_button radius=&#8221;btn-round&#8221; border_width=&#8221;0&#8243; link=&#8221;url:https%3A%2F%2Feduki.com%2Fes%2Fmaterial%2F1457487%2Fproyecto-de-aprendizaje-modulo-3-3-primaria-pack-proyecto-trimestral-muestra-libro|title:Proyecto%20de%20aprendizaje%20M%C3%B3dulo%203|target:_blank|rel:nofollow|&#8221; uncode_shortcode_id=&#8221;109666&#8243; button_color_type=&#8221;uncode-solid&#8221; button_color_solid=&#8221;#ff3131&#8243;]Proyecto de aprendizaje M\u00f3dulo 3[\/vc_button][\/vc_column][vc_column column_width_percent=&#8221;100&#8243; position_vertical=&#8221;middle&#8221; align_horizontal=&#8221;align_center&#8221; gutter_size=&#8221;3&#8243; overlay_alpha=&#8221;50&#8243; shift_x=&#8221;0&#8243; shift_y=&#8221;0&#8243; shift_y_down=&#8221;0&#8243; z_index=&#8221;0&#8243; medium_width=&#8221;0&#8243; mobile_width=&#8221;0&#8243; width=&#8221;1\/3&#8243; uncode_shortcode_id=&#8221;212267&#8243;][vc_button radius=&#8221;btn-round&#8221; border_width=&#8221;0&#8243; link=&#8221;url:https%3A%2F%2Feduki.com%2Fes%2Fmaterial%2F1473718%2Fproyecto-de-aprendizaje-muestra-libro-modulo-4-3-primaria|title:Proyecto%20de%20aprendizaje%20M%C3%B3dulo%204|target:_blank|rel:nofollow|&#8221; uncode_shortcode_id=&#8221;108373&#8243; button_color_type=&#8221;uncode-solid&#8221; button_color_solid=&#8221;#ff3131&#8243;]Proyecto de aprendizaje M\u00f3dulo 4[\/vc_button][\/vc_column][vc_column column_width_percent=&#8221;100&#8243; position_vertical=&#8221;middle&#8221; align_horizontal=&#8221;align_center&#8221; gutter_size=&#8221;3&#8243; overlay_alpha=&#8221;50&#8243; shift_x=&#8221;0&#8243; shift_y=&#8221;0&#8243; shift_y_down=&#8221;0&#8243; z_index=&#8221;0&#8243; medium_width=&#8221;0&#8243; mobile_width=&#8221;0&#8243; width=&#8221;1\/3&#8243; uncode_shortcode_id=&#8221;424078&#8243;][\/vc_column][\/vc_row][vc_row][vc_column column_width_percent=&#8221;100&#8243; align_horizontal=&#8221;align_center&#8221; gutter_size=&#8221;3&#8243; overlay_alpha=&#8221;50&#8243; shift_x=&#8221;0&#8243; shift_y=&#8221;0&#8243; shift_y_down=&#8221;0&#8243; z_index=&#8221;0&#8243; medium_width=&#8221;0&#8243; mobile_width=&#8221;0&#8243; width=&#8221;1\/4&#8243; uncode_shortcode_id=&#8221;188503&#8243;][vc_column_text uncode_shortcode_id=&#8221;156869&#8243;]<\/p>\n<p>&nbsp;<\/p>\n<p>&nbsp;<\/p>\n<p style=\"text-align: center;\">Aqu\u00ed pots veure un avan\u00e7ament del projecte d&#8217;aprenentatge:<\/p>\n<p>[\/vc_column_text][\/vc_column][vc_column width=&#8221;1\/2&#8243;][vc_raw_html]JTNDaWZyYW1lJTIwd2lkdGglM0QlMjI1MTJweCUyMiUyMGhlaWdodCUzRCUyMjM4NHB4JTIyJTIwc3JjJTNEJTIyaHR0cHMlM0ElMkYlMkZ3d3cueXVtcHUuY29tJTJGZXMlMkZlbWJlZCUyRnZpZXclMkZiWG1XUkl6YzY5ZHdNcGxGJTIyJTIwZnJhbWVib3JkZXIlM0QlMjIwJTIyJTIwYWxsb3dmdWxsc2NyZWVuJTNEJTIydHJ1ZSUyMiUyMGFsbG93dHJhbnNwYXJlbmN5JTNEJTIydHJ1ZSUyMiUzRSUzQyUyRmlmcmFtZSUzRSUyMCUyMCUyMCUyMCUyMCUyMCUyMCUyMCUyMCUyMCUyMCUyMCUyMCUyMCUyMCUyMCUyMCUyMCUyMCUyMCUyMCUyMCUyMCUyMCUyMCUyMCUyMCUyMCUyMCUyMCUyMCUyMCUyMCUyMCUyMCUyMCUyMCUyMCUyMCUyMCUyMCUyMCUyMCUyMCUyMCUyMCUyMCUyMCUyMCUyMCUyMCUyMCUyMCUyMCUyMCUyMCUyMCUyMCUyMCUyMCUyMCUyMCUyMCUyMCUyMCUyMCUyMCUyMCUyMCUyMCUyMCUyMCUyMCUyMCUyMCUyMCUyMCUyMCUyMCUyMCUyMCUyMCUyMCUyMCUyMCUyMCUyMCUyMCUyMCUyMCUyMCUyMCUyMCUyMCUyMCUyMCUyMCUyMCUyMCUyMCUyMCUyMCUyMCUyMCUyMCUyMCUyMCUyMCUyMCUyMCUyMCUyMCUyMCUyMCUyMCUyMCUyMCUyMCUyMCUyMCUyMCUyMCUyMCUyMCUyMCUyMCUyMCUyMCUyMCUyMCUyMCUyMCUyMCUyMCUyMCUyMCUyMCUyMCUyMCUyMCUyMCUyMCUyMCUyMCUyMCUyMCUyMCUyMCUyMCUyMCUyMCUyMCUyMCUyMCUyMCUyMCUyMCUyMCUyMCUyMCUyMCUyMCUyMCUyMCUyMCUyMCUyMCUyMCUyMA==[\/vc_raw_html][\/vc_column][vc_column width=&#8221;1\/4&#8243;][\/vc_column][\/vc_row][vc_row][vc_column column_width_percent=&#8221;100&#8243; align_horizontal=&#8221;align_center&#8221; gutter_size=&#8221;3&#8243; overlay_alpha=&#8221;50&#8243; shift_x=&#8221;0&#8243; shift_y=&#8221;0&#8243; shift_y_down=&#8221;0&#8243; z_index=&#8221;0&#8243; medium_width=&#8221;0&#8243; mobile_width=&#8221;0&#8243; width=&#8221;1\/4&#8243; uncode_shortcode_id=&#8221;188503&#8243;][vc_column_text uncode_shortcode_id=&#8221;635323&#8243;]<\/p>\n<p>&nbsp;<\/p>\n<p>&nbsp;<\/p>\n<p style=\"text-align: center;\">Aqu\u00ed pots veure un avan\u00e7ament del llibre:<\/p>\n<p>[\/vc_column_text][\/vc_column][vc_column width=&#8221;1\/2&#8243;][vc_raw_html]PGlmcmFtZSBzcmM9Imh0dHBzOi8vd3d3Lnl1bXB1LmNvbS94eC9lbWJlZC92aWV3LzZ3RWN4VzF2ZG90R1k1N2oiIHdpZHRoPSI1MTJweCIgaGVpZ2h0PSIzODRweCIgZnJhbWVib3JkZXI9IjAiIGFsbG93ZnVsbHNjcmVlbj0iYWxsb3dmdWxsc2NyZWVuIj48L2lmcmFtZT4=[\/vc_raw_html][\/vc_column][vc_column width=&#8221;1\/4&#8243;][\/vc_column][\/vc_row][vc_row][vc_column width=&#8221;1\/1&#8243;][vc_column_text uncode_shortcode_id=&#8221;259341&#8243;]<\/p>\n<div>\n<p>Amb el suport <span style=\"font-family: -apple-system, BlinkMacSystemFont, 'Segoe UI', Roboto, Oxygen-Sans, Ubuntu, Cantarell, 'Helvetica Neue', sans-serif;\">del Departament de Cultura.<\/span><\/p>\n<\/div>\n<p><img decoding=\"async\" class=\"alignnone wp-image-90447\" src=\"https:\/\/www.editorialelpirata.com\/wp-content\/uploads\/2021\/06\/cultura_bn_h3.jpg\" alt=\"\" width=\"200\" height=\"46\" title=\"\" srcset=\"https:\/\/www.editorialelpirata.com\/wp-content\/uploads\/2021\/06\/cultura_bn_h3.jpg 454w, https:\/\/www.editorialelpirata.com\/wp-content\/uploads\/2021\/06\/cultura_bn_h3-300x69.jpg 300w, https:\/\/www.editorialelpirata.com\/wp-content\/uploads\/2021\/06\/cultura_bn_h3-64x15.jpg 64w\" sizes=\"(max-width: 200px) 100vw, 200px\" \/>[\/vc_column_text][\/vc_column][\/vc_row]<\/p>\n<\/div>","protected":false},"excerpt":{"rendered":"<p>El Capit\u00e0 Barbamec, un llop de mar d\u2019all\u00f2 m\u00e9s viatjat, retorna del seu \u00faltim viatge amb uns quants records: una estatueta d&#8217;una tribu africana, esp\u00e8cies de l&#8217;\u00cdndia, un barret xin\u00e8s i\u2026 un ping\u00fc\u00ed de l\u2019Ant\u00e0rtida! Per\u00f2 resulta que aquest carai de ping\u00fc\u00ed nom\u00e9s t\u00e9 ganes de fer-li la guitza i, cada nit, li remena totes les cartes de navegaci\u00f3. Quin bandarra!<br \/>\nQu\u00e8 podr\u00e0 fer el capit\u00e0 per solucionar aquest gran embolic?<\/p>\n<p>Recomanat per nens de 7 anys.<\/p>\n<p>&nbsp;<\/p>\n<p>Autor:<a href=\"https:\/\/www.editorialelpirata.com\/ca\/txus-quelcom-ca\/\" target=\"_blank\" rel=\"noopener\"> Tx\u00fas Quelcom.<\/a><\/p>\n<p>Il\u00b7lustrador: <a href=\"https:\/\/www.editorialelpirata.com\/ca\/carlos-lluch-ca\/\" target=\"_blank\" rel=\"noopener\">Carlos Lluch<\/a><\/p>\n","protected":false},"featured_media":98664,"template":"","meta":[],"product_brand":[],"product_cat":[2874,3305,3148,3306,3195,2123,2186,2354,3303,3304],"product_tag":[3157,3307,3308,3241,2798,2799,2801],"class_list":{"0":"post-102797","1":"product","2":"type-product","3":"status-publish","4":"has-post-thumbnail","6":"product_cat-txus-quelcom-escriptors","7":"product_cat-txus-quelcom-ca","8":"product_cat-llibres-de-4-a-7-anys-ca","9":"product_cat-carlos-lluch-ca","10":"product_cat-tots-els-llibres-ca","11":"product_cat-tots-els-llibres","12":"product_cat-llibres-per-7-anys","13":"product_cat-novetats","14":"product_cat-llibre-per-7-anys","15":"product_cat-albums-illustrats-7-anys","16":"product_tag-llibres-nens-ca-2","17":"product_tag-llibre-nens","18":"product_tag-llibre-per-7-anys","19":"product_tag-conte-infantil","20":"product_tag-llibres-7-anys-ca","21":"product_tag-llibres-infantils-ca","22":"product_tag-tercer-primaria-ca","23":"product_shipping_class-envio-estandar-ca-2","25":"first","26":"instock","27":"shipping-taxable","28":"purchasable","29":"product-type-variable","30":"has-default-attributes"},"_links":{"self":[{"href":"https:\/\/www.editorialelpirata.com\/ca\/wp-json\/wp\/v2\/product\/102797","targetHints":{"allow":["GET"]}}],"collection":[{"href":"https:\/\/www.editorialelpirata.com\/ca\/wp-json\/wp\/v2\/product"}],"about":[{"href":"https:\/\/www.editorialelpirata.com\/ca\/wp-json\/wp\/v2\/types\/product"}],"wp:featuredmedia":[{"embeddable":true,"href":"https:\/\/www.editorialelpirata.com\/ca\/wp-json\/wp\/v2\/media\/98664"}],"wp:attachment":[{"href":"https:\/\/www.editorialelpirata.com\/ca\/wp-json\/wp\/v2\/media?parent=102797"}],"wp:term":[{"taxonomy":"product_brand","embeddable":true,"href":"https:\/\/www.editorialelpirata.com\/ca\/wp-json\/wp\/v2\/product_brand?post=102797"},{"taxonomy":"product_cat","embeddable":true,"href":"https:\/\/www.editorialelpirata.com\/ca\/wp-json\/wp\/v2\/product_cat?post=102797"},{"taxonomy":"product_tag","embeddable":true,"href":"https:\/\/www.editorialelpirata.com\/ca\/wp-json\/wp\/v2\/product_tag?post=102797"}],"curies":[{"name":"wp","href":"https:\/\/api.w.org\/{rel}","templated":true}]}}