{"id":101546,"date":"2021-06-01T14:33:56","date_gmt":"2021-06-01T14:33:56","guid":{"rendered":"https:\/\/www.editorialelpirata.com\/?post_type=product&#038;p=101546"},"modified":"2026-02-11T12:21:36","modified_gmt":"2026-02-11T12:21:36","slug":"vull-banyar-me","status":"publish","type":"product","link":"https:\/\/www.editorialelpirata.com\/ca\/Producte\/vull-banyar-me\/","title":{"rendered":"VULL BANYAR-ME"},"content":{"rendered":"<div class=\"wpb-content-wrapper\"><p>[vc_row][vc_column][vc_column_text uncode_shortcode_id=&#8221;279562&#8243;]La Zez\u00e9, una beb\u00e8 zebra, ha estat jugant amb un munt de joguines! Mare meva, quin desordre! L\u2019ajudar\u00e0s a recollir-los?<br \/>\nAquest fant\u00e0stic conte interactiu \u00e9s perfecte per jugar amb els m\u00e9s petits i ajudarlos a entendre que les joguines s\u2019han de recollir, com ho fa la Zez\u00e9!<br \/>\nJugo i recullo forma part de la col\u00b7lecci\u00f3 de contes infantils Pas a Pas, aprendr\u00e0s i et divertir\u00e0s, ideada per ser la col\u00b7lecci\u00f3 de refer\u00e8ncia de 0 a 3 anys.<br \/>\nEls llibres porten una nansa per tal que el beb\u00e8 pugui portar-los d\u2019una banda a l\u2019altra.<\/p>\n<p>En aquesta nova col\u00b7lecci\u00f3 de nou t\u00edtols, els m\u00e9s petits aprendran algunes de les coses m\u00e9s importants que han de con\u00e8ixer a la seva edat, com ara la import\u00e0ncia de<br \/>\nrentar-se les dents, banyar-se o anar a dormir quan toca. I ho faran acompanyats de tota una colla d\u2019animalons d\u2019all\u00f2 m\u00e9s simp\u00e0tics!<\/p>\n<hr \/>\n<p>\u00b7Tots els t\u00edtols han sigut supervisats per\u00a0<strong>educadors infantils<\/strong>.<\/p>\n<p>\u00b7S\u00f3n\u00a0<strong>interactius i divertits<\/strong>: els nens han de jugar i ajudar els animalons.<\/p>\n<p>\u00b7S\u00f3n llibres de cartr\u00f3 amb una\u00a0<strong>nansa<\/strong>\u00a0per tal que els petits els puguin dur d\u2019una banda a una altra.<\/p>\n<p>\u00b7Amb il\u00b7lustracions divertides i molt cridaneres, que\u00a0<strong>destaquen<\/strong>\u00a0sobre el fons per captar l\u2019atenci\u00f3 dels nadons.<\/p>\n<p>\u00b7Amb una\u00a0<strong>solapa<\/strong>\u00a0a l\u2019\u00faltima p\u00e0gina que es pot obrir per veure l\u2019abans i el despr\u00e9s d\u2019aprendre a superar el repte en q\u00fcesti\u00f3.<\/p>\n<p>\u00b7\u00c9s una col\u00b7lecci\u00f3 ideal per animar els petits a\u00a0<strong>superar els primers reptes<\/strong>, com ho fan els animalons que els protagonitzen!<\/p>\n<p>&nbsp;<\/p>\n<p><iframe title=\"LLIBRES PER A NADONS - COL\u00b7LECCI\u00d3 PAS A PAS APRENDR\u00c0S I ET DIVERTIR\u00c0S\" width=\"840\" height=\"473\" src=\"https:\/\/www.youtube.com\/embed\/wqB9sd64bHo?feature=oembed&#038;enablejsapi=1&#038;origin=https:\/\/www.editorialelpirata.com&#038;width=840&#038;height=1000&#038;discover=1\" frameborder=\"0\" allow=\"accelerometer; autoplay; clipboard-write; encrypted-media; gyroscope; picture-in-picture; web-share\" referrerpolicy=\"strict-origin-when-cross-origin\" allowfullscreen><\/iframe><\/p>\n<h2><strong>T\u00edtols de la col\u00b7lecci\u00f3:<\/strong><\/h2>\n<ol>\n<li><strong>Vull banyar-me<\/strong><\/li>\n<li><strong><a class=\"cursor-init\" href=\"https:\/\/www.editorialelpirata.com\/ca\/producte\/anem-a-dormir\/\" target=\"_blank\" rel=\"noopener\">Anem a dormir<\/a><\/strong><\/li>\n<li><a title=\"\u00c9s hora de menjar\" href=\"https:\/\/www.editorialelpirata.com\/ca\/producte\/es-hora-de-menjar\/\" target=\"_blank\" rel=\"noopener\"><strong>\u00c9s hora de menjar<\/strong><\/a><\/li>\n<li><strong><a class=\"cursor-init\" href=\"https:\/\/www.editorialelpirata.com\/ca\/producte\/ja-em-rento-les-dents\/\" target=\"_blank\" rel=\"noopener\">Ja em rento les dents<\/a><\/strong><\/li>\n<li><strong><a class=\"cursor-init\" href=\"https:\/\/www.editorialelpirata.com\/ca\/producte\/xumets-fora\/\" target=\"_blank\" rel=\"noopener\">Xumets fora<\/a><\/strong><\/li>\n<li><strong><a class=\"cursor-init\" href=\"https:\/\/www.editorialelpirata.com\/ca\/producte\/sense-bolquer\/\" target=\"_blank\" rel=\"noopener\">Sense bolquer<\/a><\/strong><\/li>\n<li><strong><a class=\"cursor-init\" href=\"https:\/\/www.editorialelpirata.com\/ca\/producte\/em-vesteixo-tot-solet\/\" target=\"_blank\" rel=\"noopener\">Em vesteixo tot solet<\/a><\/strong><\/li>\n<li><strong><a class=\"cursor-init\" href=\"https:\/\/www.editorialelpirata.com\/ca\/producte\/jugo-i-recullo\/\" target=\"_blank\" rel=\"noopener\">Jugo i recullo<\/a><\/strong><\/li>\n<li><strong><a class=\"cursor-init\" href=\"https:\/\/www.editorialelpirata.com\/ca\/?attachment_id=98904\" target=\"_blank\" rel=\"noopener\">Jugar sense pantalles<\/a><\/strong><\/li>\n<\/ol>\n<p>[\/vc_column_text][\/vc_column][\/vc_row][vc_row][vc_column width=&#8221;1\/1&#8243;][vc_column_text uncode_shortcode_id=&#8221;974219&#8243;]Amb el suport de:<\/p>\n<p><a href=\"https:\/\/www.editorialelpirata.com\/wp-content\/uploads\/2024\/11\/Logo-icec.jpg\"><img decoding=\"async\" class=\"alignnone size-medium wp-image-100854\" src=\"https:\/\/www.editorialelpirata.com\/wp-content\/uploads\/2024\/11\/Logo-icec-300x45.jpg\" alt=\"Logo icec complert\" width=\"300\" height=\"45\" title=\"\"><\/a>[\/vc_column_text][\/vc_column][\/vc_row]<\/p>\n<\/div>","protected":false},"excerpt":{"rendered":"<h3>Llibre per a beb\u00e8s amb nansa<\/h3>\n<div>Un conte interactiu en lletra maj\u00fascula perfecte per animar els petits a <strong>l&#8217;hora del bany<\/strong> i convertir-lo en un moment divertit i familiar.<\/div>\n<div><\/div>\n<div>Autora: <a href=\"https:\/\/www.edicionsdelpirata.cat\/esther-burgueno\/\" target=\"_blank\" rel=\"noopener noreferrer\">Esther Burgue\u00f1o<\/a><\/div>\n","protected":false},"featured_media":97250,"template":"","meta":[],"product_brand":[],"product_cat":[2362,3162,3163,3164],"product_tag":[3154,3155],"class_list":{"0":"post-101546","1":"product","2":"type-product","3":"status-publish","4":"has-post-thumbnail","6":"product_cat-contes-cartrone","7":"product_cat-pas-a-pas","8":"product_cat-esther-burgueno-ca","9":"product_cat-books-for-babies","10":"product_tag-aprendre-jugant-ca-2","11":"product_tag-libres-infantils","12":"product_shipping_class-envio-estandar-ca","14":"first","15":"instock","16":"shipping-taxable","17":"purchasable","18":"product-type-variable"},"_links":{"self":[{"href":"https:\/\/www.editorialelpirata.com\/ca\/wp-json\/wp\/v2\/product\/101546","targetHints":{"allow":["GET"]}}],"collection":[{"href":"https:\/\/www.editorialelpirata.com\/ca\/wp-json\/wp\/v2\/product"}],"about":[{"href":"https:\/\/www.editorialelpirata.com\/ca\/wp-json\/wp\/v2\/types\/product"}],"wp:featuredmedia":[{"embeddable":true,"href":"https:\/\/www.editorialelpirata.com\/ca\/wp-json\/wp\/v2\/media\/97250"}],"wp:attachment":[{"href":"https:\/\/www.editorialelpirata.com\/ca\/wp-json\/wp\/v2\/media?parent=101546"}],"wp:term":[{"taxonomy":"product_brand","embeddable":true,"href":"https:\/\/www.editorialelpirata.com\/ca\/wp-json\/wp\/v2\/product_brand?post=101546"},{"taxonomy":"product_cat","embeddable":true,"href":"https:\/\/www.editorialelpirata.com\/ca\/wp-json\/wp\/v2\/product_cat?post=101546"},{"taxonomy":"product_tag","embeddable":true,"href":"https:\/\/www.editorialelpirata.com\/ca\/wp-json\/wp\/v2\/product_tag?post=101546"}],"curies":[{"name":"wp","href":"https:\/\/api.w.org\/{rel}","templated":true}]}}