{"id":100302,"date":"2017-02-09T12:53:53","date_gmt":"2017-02-09T12:53:53","guid":{"rendered":"https:\/\/www.editorialelpirata.com\/?post_type=product&#038;p=100302"},"modified":"2026-04-09T10:27:11","modified_gmt":"2026-04-09T10:27:11","slug":"poca-broma-amb-les-vacances-9-anys","status":"publish","type":"product","link":"https:\/\/www.editorialelpirata.com\/ca\/Producte\/poca-broma-amb-les-vacances-9-anys\/","title":{"rendered":"POCA BROMA AMB LES VACANCES!"},"content":{"rendered":"<div class=\"wpb-content-wrapper\"><p>[vc_row][vc_column][vc_column_text uncode_shortcode_id=&#8221;929188&#8243;]<\/p>\n<h1>Llibre d&#8217;humor per a 8 anys<\/h1>\n<p>Ja han comen\u00e7at les vacances d\u2019estiu! La Judith i el Johan viuran unes divertid\u00edssimes i esbojarrades aventures al poble.<\/p>\n<p>Si voleu riure, aquest \u00e9s el vostre llibre! Aquest, ser\u00e0 un estiu inoblidable\u2026<br \/>\n<strong>Vols acompanyar-los?<\/strong><\/p>\n<p>&nbsp;<\/p>\n<hr \/>\n<p><strong>Cr\u00edtiques:<\/strong><\/p>\n<p><strong><a href=\"https:\/\/jaumecentelles.cat\/2017\/04\/10\/zum-poca-broma-amb-les-vacances\/\" target=\"_blank\" rel=\"noopener\">Jaume Centelles:<\/a> <\/strong>&#8220;Es tracta d\u2019una <strong>novel\u00b7la realista<\/strong> amb molt d\u2019humor (molt) i que a alguns dels assistents a la presentaci\u00f3 els recordava a Roald Dahl per la frescor de les imatges tant potents que es poden llegir i perqu\u00e8 no pret\u00e9n en cap moment alli\u00e7onar ni enviar cap missatge expl\u00edcit.&#8221; &#8220;El <strong>vocabulari \u00e9s planer<\/strong>, com el que fan servir els infants, i sembla com si la narradora estigues explicant una pel\u00b7l\u00edcula o un fet emocionant.&#8221;<\/p>\n<p><strong><a href=\"http:\/\/www.clijcat.cat\/faristol\/critica\/Poca-broma-amb-les-vacances!\" target=\"_blank\" rel=\"noopener\">Faristol:<\/a> <\/strong>&#8220;L\u2019autora presenta uns personatges <strong>trapelles i aventurers<\/strong> que reforcen el dinamisme del text. Cadascun est\u00e0 caracteritzat amb uns trets que Farran s\u2019ocupa de recuperar per tal que el lector els visualitzi immediatament. Els malentesos i l\u2019\u00fas de recursos com ara la construcci\u00f3 de tirallongues de paraules afegeixen un toc d\u2019humor al text.&#8221;<\/p>\n<article id=\"contingut_caixa\" class=\"crt\">\n<section><\/section>\n<\/article>\n<article id=\"contingut_caixa\" class=\"crt\">\n<section><\/section>\n<\/article>\n<article id=\"contingut_caixa\" class=\"crt\">\n<section><\/section>\n<\/article>\n<hr \/>\n<h3>Descobreix tota la col\u00b7lecci\u00f3 &#8220;Els embolics de la Judit i el Johan&#8221;:<\/h3>\n<ol>\n<li><a href=\"https:\/\/www.editorialelpirata.com\/ca\/producte\/poca-broma-amb-la-xocolata-9-anys\/\" target=\"_blank\" rel=\"noopener\">Poca broma amb la xocolata!<\/a><\/li>\n<li><strong>Poca broma amb les vacances!<\/strong><\/li>\n<li><a href=\"https:\/\/www.editorialelpirata.com\/ca\/producte\/poca-broma-amb-lescola-9-anys\/\" target=\"_blank\" rel=\"noopener\">Poca broma amb l&#8217;escola!<\/a><\/li>\n<\/ol>\n<p>[\/vc_column_text][vc_column_text uncode_shortcode_id=&#8221;205096&#8243;]<\/p>\n<hr \/>\n<p>Amb el suport de:<\/p>\n<p><a href=\"https:\/\/www.editorialelpirata.com\/wp-content\/uploads\/2024\/11\/Logo-icec.jpg\"><img decoding=\"async\" class=\"alignnone size-medium wp-image-100854\" src=\"https:\/\/www.editorialelpirata.com\/wp-content\/uploads\/2024\/11\/Logo-icec-300x45.jpg\" alt=\"Logo icec complert\" width=\"300\" height=\"45\" title=\"\"><\/a><\/p>\n<p>[\/vc_column_text][\/vc_column][\/vc_row]<\/p>\n<\/div>","protected":false},"excerpt":{"rendered":"<h3>Un llibre imprescindible per a tots aquells que vulguin partir-se de riure<\/h3>\n<p>A <em><strong>Poca broma amb les vacances<\/strong><\/em> hi trobarem la Judit i el Johan, que viuen un munt de divertid\u00edssimes i estramb\u00f2tiques aventures.<\/p>\n<p>\u00c9s el <b>segon <\/b>t\u00edtol de la col\u00b7lecci\u00f3 <strong><em>Els embolics de la Judit i el Johan<\/em><\/strong>.<\/p>\n<p>&nbsp;<\/p>\n<p>Autora: Ester Farran<\/p>\n<p>Il\u00b7lustrador: Jordi Sales<\/p>\n","protected":false},"featured_media":99738,"template":"","meta":[],"product_brand":[],"product_cat":[2123,2325,2326,2327,2328],"product_tag":[2831,2881,3062,3063,3066,3157,3279,3280,2799],"class_list":{"0":"post-100302","1":"product","2":"type-product","3":"status-publish","4":"has-post-thumbnail","6":"product_cat-tots-els-llibres","7":"product_cat-els-embolics-de-la-judit-i-el-johan","8":"product_cat-ester-farran-escriptors","9":"product_cat-jordi-sales-illustradors","10":"product_cat-llibres-per-9-anys","11":"product_tag-contes-divertits-ca","12":"product_tag-contes-infantils-ca","13":"product_tag-aventures-nens-ca","14":"product_tag-humor-ca","15":"product_tag-novela-infantil-ca","16":"product_tag-llibres-nens-ca-2","17":"product_tag-llibres-9-anys-ca-2","18":"product_tag-llibres-humor-ca-2","19":"product_tag-llibres-infantils-ca","21":"first","22":"instock","23":"shipping-taxable","24":"purchasable","25":"product-type-variable"},"_links":{"self":[{"href":"https:\/\/www.editorialelpirata.com\/ca\/wp-json\/wp\/v2\/product\/100302","targetHints":{"allow":["GET"]}}],"collection":[{"href":"https:\/\/www.editorialelpirata.com\/ca\/wp-json\/wp\/v2\/product"}],"about":[{"href":"https:\/\/www.editorialelpirata.com\/ca\/wp-json\/wp\/v2\/types\/product"}],"wp:featuredmedia":[{"embeddable":true,"href":"https:\/\/www.editorialelpirata.com\/ca\/wp-json\/wp\/v2\/media\/99738"}],"wp:attachment":[{"href":"https:\/\/www.editorialelpirata.com\/ca\/wp-json\/wp\/v2\/media?parent=100302"}],"wp:term":[{"taxonomy":"product_brand","embeddable":true,"href":"https:\/\/www.editorialelpirata.com\/ca\/wp-json\/wp\/v2\/product_brand?post=100302"},{"taxonomy":"product_cat","embeddable":true,"href":"https:\/\/www.editorialelpirata.com\/ca\/wp-json\/wp\/v2\/product_cat?post=100302"},{"taxonomy":"product_tag","embeddable":true,"href":"https:\/\/www.editorialelpirata.com\/ca\/wp-json\/wp\/v2\/product_tag?post=100302"}],"curies":[{"name":"wp","href":"https:\/\/api.w.org\/{rel}","templated":true}]}}