{"id":97823,"date":"2024-02-22T10:44:27","date_gmt":"2024-02-22T09:44:27","guid":{"rendered":"https:\/\/www.edicionsdelpirata.cat\/?page_id=92243"},"modified":"2024-10-11T13:37:56","modified_gmt":"2024-10-11T13:37:56","slug":"pubertat-adolescencia-llibres-adolescent","status":"publish","type":"page","link":"https:\/\/www.editorialelpirata.com\/ca\/pubertat-adolescencia-llibres-adolescent\/","title":{"rendered":"Pubertat positiva"},"content":{"rendered":"<div class=\"wpb-content-wrapper\"><p>[vc_row][vc_column width=&#8221;1\/1&#8243;][vc_single_image media=&#8221;98571&#8243; media_width_percent=&#8221;100&#8243; alignment=&#8221;center&#8221; uncode_shortcode_id=&#8221;205913&#8243;][\/vc_column][\/vc_row][vc_row row_height_percent=&#8221;0&#8243; overlay_alpha=&#8221;50&#8243; gutter_size=&#8221;3&#8243; column_width_percent=&#8221;100&#8243; shift_y=&#8221;0&#8243; z_index=&#8221;0&#8243; uncode_shortcode_id=&#8221;971261&#8243;][vc_column column_width_percent=&#8221;100&#8243; align_horizontal=&#8221;align_center&#8221; gutter_size=&#8221;3&#8243; overlay_alpha=&#8221;50&#8243; shift_x=&#8221;0&#8243; shift_y=&#8221;0&#8243; shift_y_down=&#8221;0&#8243; z_index=&#8221;0&#8243; medium_width=&#8221;0&#8243; mobile_width=&#8221;0&#8243; width=&#8221;1\/2&#8243; uncode_shortcode_id=&#8221;154738&#8243;][vc_single_image media=&#8221;99504&#8243; media_width_percent=&#8221;100&#8243; uncode_shortcode_id=&#8221;150470&#8243; media_link=&#8221;url:https%3A%2F%2Fwww.editorialelpirata.com%2Fca%2Fproducto%2Fpubertat-positiva-per-a-nois%2F|title:PUBERTAT%20POSITIVA%20PER%20A%20NOIS|target:_blank&#8221;][vc_column_text uncode_shortcode_id=&#8221;123341&#8243;]<\/p>\n<h2>PUBERTAT POSITIVA PER A NOIS<\/h2>\n<p>Aquest \u00e9s el primer llibre d&#8217;aquest tipus per a nois, un llibre revolucionari sobre la pubertat, que aborda de manera intel\u00b7ligent, accessible i interessant el proc\u00e9s de maduraci\u00f3 masculina, prestant atenci\u00f3 a tots els seus aspectes. Escrit amb coneixement actualitzat i objectivitat, desmitifica estereotips comuns i fomenta el respecte pel cos. Les seves p\u00e0gines estan il\u00b7lustrades amb eleg\u00e0ncia i classe, oferint una guia completa per als adolescents m\u00e9s joves (de 8 a 15 anys) i els seus pares.<\/p>\n<p>En resum, <strong>&#8220;Pubertat positiva per a nois&#8221;<\/strong> emergeix com una contribuci\u00f3 fonamental per a la comprensi\u00f3 i el suport dels nois en el seu cam\u00ed cap a la maduresa, assenyalant un nou paradigma de respecte pel cos i autoconeixement.[\/vc_column_text][vc_button border_width=&#8221;0&#8243; link=&#8221;url:https%3A%2F%2Fwww.editorialelpirata.com%2Fca%2Fproducto%2Fpubertat-positiva-per-a-nois%2F%20_blank|title:PUBERTAT%20POSITIVA%20PER%20A%20NOIS|target:_blank&#8221; uncode_shortcode_id=&#8221;108051&#8243;]Comprar[\/vc_button][\/vc_column][vc_column column_width_percent=&#8221;100&#8243; align_horizontal=&#8221;align_center&#8221; gutter_size=&#8221;3&#8243; overlay_alpha=&#8221;50&#8243; shift_x=&#8221;0&#8243; shift_y=&#8221;0&#8243; shift_y_down=&#8221;0&#8243; z_index=&#8221;0&#8243; medium_width=&#8221;0&#8243; mobile_width=&#8221;0&#8243; width=&#8221;1\/2&#8243; uncode_shortcode_id=&#8221;123036&#8243;][vc_single_image media=&#8221;99258&#8243; media_width_percent=&#8221;100&#8243; uncode_shortcode_id=&#8221;167614&#8243; media_link=&#8221;url:https%3A%2F%2Fwww.editorialelpirata.com%2Fca%2Fproducto%2Fpubertat-positiva-per-a-noies%2F|title:PUBERTAT%20POSITIVA%20PER%20A%20NOIES|target:_blank&#8221;][vc_column_text uncode_shortcode_id=&#8221;154065&#8243;]<\/p>\n<h2 style=\"text-align: center;\">PUBERTAT POSITIVA PER A NOIES<\/h2>\n<p style=\"text-align: center;\">El llibre <strong>&#8220;Pubertat positiva per a noies&#8221;<\/strong> abasta una \u00e0mplia gamma de temes, des dels canvis en el cos fins a les emocions i les relacions, presentats amb perspic\u00e0cia per\u00f2 sense ser aclaparador. Les autores comparteixen el seu coneixement expert sobre la <strong>pubertat femenina<\/strong> amb respecte cap a les lectores. Tant textualment com visualment, el llibre \u00e9s subtil i apropiat. Les delicades il\u00b7lustracions en tons pastel expressen perfectament la idea de la positivitat corporal i aborden obertament temes que alguns considerarien tab\u00fa.<\/p>\n<p style=\"text-align: center;\">\u00c9s un llibre que moltes de nosaltres haur\u00edem desitjat tenir durant la transici\u00f3 de nenes a dones. Inspirador de la positivitat corporal, ens convida a prendre seriosament l&#8217;autocura emp\u00e0tica.<\/p>\n<p>[\/vc_column_text][vc_button border_width=&#8221;0&#8243; link=&#8221;url:https%3A%2F%2Fwww.editorialelpirata.com%2Fca%2Fproducto%2Fpubertat-positiva-per-a-noies%2F|title:PUBERTAT%20POSITIVA%20PER%20A%20NOIES|target:_blank&#8221; uncode_shortcode_id=&#8221;433624&#8243;]Comprar[\/vc_button][\/vc_column][\/vc_row][vc_row row_height_percent=&#8221;0&#8243; overlay_alpha=&#8221;50&#8243; gutter_size=&#8221;3&#8243; column_width_percent=&#8221;100&#8243; shift_y=&#8221;0&#8243; z_index=&#8221;0&#8243; content_parallax=&#8221;0&#8243; uncode_shortcode_id=&#8221;976561&#8243; back_color_type=&#8221;uncode-solid&#8221; back_color_solid=&#8221;#c296af&#8221; shape_dividers=&#8221;&#8221;][vc_column column_width_percent=&#8221;100&#8243; align_horizontal=&#8221;align_center&#8221; gutter_size=&#8221;3&#8243; overlay_alpha=&#8221;50&#8243; shift_x=&#8221;0&#8243; shift_y=&#8221;0&#8243; shift_y_down=&#8221;0&#8243; z_index=&#8221;0&#8243; medium_width=&#8221;0&#8243; mobile_width=&#8221;0&#8243; width=&#8221;1\/1&#8243; uncode_shortcode_id=&#8221;178798&#8243;][vc_custom_heading text_color=&#8221;color-xsdn&#8221; uncode_shortcode_id=&#8221;926185&#8243; text_color_type=&#8221;uncode-palette&#8221;]<\/p>\n<h4><span style=\"color: #ffffff;\">\u00abLes autores cobreixen un ampli espectre de temes, des de canvis en el cos fins a emocions i relacions, que es presenten d\u2019una manera perspica\u00e7 per\u00f2 no aclaparadora. El llibre tamb\u00e9 \u00e9s apropiadament subtil, tant textualment com visualment. Les il\u00b7lustracions en colors pastel, en particular, expressen perfectament la idea de la positivitat corporal i aborden directament temes que alguns considerarien tab\u00fa.\u00bb \u2014<em>White Ravens 2022<\/em>, Biblioteca Internacional de la Joventut.<\/span><\/h4>\n<p>[\/vc_custom_heading][\/vc_column][\/vc_row]<\/p>\n<\/div>","protected":false},"excerpt":{"rendered":"<p>[vc_row][vc_column width=&#8221;1\/1&#8243;][vc_single_image media=&#8221;98571&#8243; media_width_percent=&#8221;100&#8243; alignment=&#8221;center&#8221; uncode_shortcode_id=&#8221;205913&#8243;][\/vc_column][\/vc_row][vc_row row_height_percent=&#8221;0&#8243; overlay_alpha=&#8221;50&#8243; gutter_size=&#8221;3&#8243; column_width_percent=&#8221;100&#8243; shift_y=&#8221;0&#8243; z_index=&#8221;0&#8243; uncode_shortcode_id=&#8221;971261&#8243;][vc_column column_width_percent=&#8221;100&#8243; align_horizontal=&#8221;align_center&#8221; gutter_size=&#8221;3&#8243; overlay_alpha=&#8221;50&#8243; shift_x=&#8221;0&#8243; shift_y=&#8221;0&#8243; shift_y_down=&#8221;0&#8243; [&hellip;]<\/p>\n","protected":false},"author":524,"featured_media":98571,"parent":0,"menu_order":0,"comment_status":"closed","ping_status":"closed","template":"","meta":{"footnotes":""},"class_list":["post-97823","page","type-page","status-publish","has-post-thumbnail","hentry"],"_links":{"self":[{"href":"https:\/\/www.editorialelpirata.com\/ca\/wp-json\/wp\/v2\/pages\/97823","targetHints":{"allow":["GET"]}}],"collection":[{"href":"https:\/\/www.editorialelpirata.com\/ca\/wp-json\/wp\/v2\/pages"}],"about":[{"href":"https:\/\/www.editorialelpirata.com\/ca\/wp-json\/wp\/v2\/types\/page"}],"author":[{"embeddable":true,"href":"https:\/\/www.editorialelpirata.com\/ca\/wp-json\/wp\/v2\/users\/524"}],"replies":[{"embeddable":true,"href":"https:\/\/www.editorialelpirata.com\/ca\/wp-json\/wp\/v2\/comments?post=97823"}],"version-history":[{"count":2,"href":"https:\/\/www.editorialelpirata.com\/ca\/wp-json\/wp\/v2\/pages\/97823\/revisions"}],"predecessor-version":[{"id":100380,"href":"https:\/\/www.editorialelpirata.com\/ca\/wp-json\/wp\/v2\/pages\/97823\/revisions\/100380"}],"wp:featuredmedia":[{"embeddable":true,"href":"https:\/\/www.editorialelpirata.com\/ca\/wp-json\/wp\/v2\/media\/98571"}],"wp:attachment":[{"href":"https:\/\/www.editorialelpirata.com\/ca\/wp-json\/wp\/v2\/media?parent=97823"}],"curies":[{"name":"wp","href":"https:\/\/api.w.org\/{rel}","templated":true}]}}