{"id":97816,"date":"2021-05-31T12:09:07","date_gmt":"2021-05-31T12:09:07","guid":{"rendered":"https:\/\/www.edicionsdelpirata.cat\/?page_id=89149"},"modified":"2025-05-28T13:09:00","modified_gmt":"2025-05-28T13:09:00","slug":"llibres-estiu","status":"publish","type":"page","link":"https:\/\/www.editorialelpirata.com\/ca\/llibres-estiu\/","title":{"rendered":"Llibres infantils i juvenils de lectura recomenats per les vacances"},"content":{"rendered":"<div class=\"wpb-content-wrapper\"><p>[vc_row unlock_row_content=&#8221;yes&#8221; row_height_percent=&#8221;0&#8243; overlay_color=&#8221;color-lxmt&#8221; overlay_alpha=&#8221;54&#8243; gutter_size=&#8221;3&#8243; column_width_percent=&#8221;100&#8243; shift_y=&#8221;0&#8243; z_index=&#8221;0&#8243; medium_visibility=&#8221;yes&#8221; mobile_visibility=&#8221;yes&#8221; content_parallax=&#8221;0&#8243; uncode_shortcode_id=&#8221;748972&#8243; overlay_color_type=&#8221;uncode-palette&#8221;][vc_column width=&#8221;1\/1&#8243;][vc_single_image media=&#8221;103877&#8243; media_width_percent=&#8221;80&#8243; alignment=&#8221;center&#8221; medium_visibility=&#8221;yes&#8221; mobile_visibility=&#8221;yes&#8221; uncode_shortcode_id=&#8221;842387&#8243;][\/vc_column][\/vc_row][vc_row unlock_row_content=&#8221;yes&#8221; row_height_percent=&#8221;0&#8243; overlay_color=&#8221;color-lxmt&#8221; overlay_alpha=&#8221;54&#8243; gutter_size=&#8221;3&#8243; column_width_percent=&#8221;100&#8243; shift_y=&#8221;0&#8243; z_index=&#8221;0&#8243; desktop_visibility=&#8221;yes&#8221; content_parallax=&#8221;0&#8243; uncode_shortcode_id=&#8221;109275&#8243; overlay_color_type=&#8221;uncode-palette&#8221;][vc_column width=&#8221;1\/1&#8243;][vc_single_image media=&#8221;103886&#8243; media_width_percent=&#8221;80&#8243; alignment=&#8221;center&#8221; desktop_visibility=&#8221;yes&#8221; uncode_shortcode_id=&#8221;122482&#8243;][\/vc_column][\/vc_row][vc_row unlock_row_content=&#8221;yes&#8221; row_height_percent=&#8221;0&#8243; overlay_color=&#8221;color-lxmt&#8221; overlay_alpha=&#8221;54&#8243; gutter_size=&#8221;3&#8243; column_width_percent=&#8221;100&#8243; shift_y=&#8221;0&#8243; z_index=&#8221;0&#8243; medium_visibility=&#8221;yes&#8221; mobile_visibility=&#8221;yes&#8221; content_parallax=&#8221;0&#8243; uncode_shortcode_id=&#8221;181262&#8243; overlay_color_type=&#8221;uncode-palette&#8221;][vc_column width=&#8221;1\/1&#8243;][vc_column_text uncode_shortcode_id=&#8221;815139&#8243;]<\/p>\n<h1 style=\"text-align: center;\">LLIBRES INFANTILS i JUVENILS PER LES VACANCES 2025<\/h1>\n<p>[\/vc_column_text][\/vc_column][\/vc_row][vc_row][vc_column width=&#8221;1\/1&#8243;][vc_column_text uncode_shortcode_id=&#8221;764649&#8243;]<\/p>\n<h3 style=\"text-align: center;\"><strong>Prepara\u2019t per al nou curs amb el lot\u00a0 &#8220;Cap a &#8230; &#8220;<\/strong><\/h3>\n<p style=\"text-align: left;\">Tria el que millor s\u2019adapti al curs que comen\u00e7ar\u00e0s al setembre i gaudeix d\u2019unes vacances d\u2019estiu plenes de diversi\u00f3! Perfecte per a nens i nenes que volen aprendre i passar-ho b\u00e9 alhora!<\/p>\n<p>[\/vc_column_text][vc_column_text text_lead=&#8221;small&#8221; uncode_shortcode_id=&#8221;157941&#8243;]<\/p>\n<h5>Cada lot t&#8217;ajudar\u00e0 a preparar-te pel seg\u00fcent curs escolar* i inclou:<\/h5>\n<ol>\n<li>\n<h5>Un llibre de lectura que potser un <strong>conte<\/strong> o una <strong>novel\u00b7la<\/strong> infantil<\/h5>\n<\/li>\n<li>\n<h5>La <strong>guia de lectura<\/strong> del llibre en format digital amb el solucionari**<\/h5>\n<\/li>\n<li>\n<h5>Un quadern d&#8217;activitats <strong>Mem\u00f2ria d&#8217;Elefant<\/strong><\/h5>\n<\/li>\n<\/ol>\n<h5>Amb enviament gratu\u00eft a partir de 24,95\u20ac a territori Espanyol. Tots els lots tamb\u00e9 estan disponibles en <a href=\"https:\/\/www.editorialelpirata.com\/libros-verano-leer\/\" target=\"_blank\" rel=\"noopener\">castell\u00e0.<\/a><\/h5>\n<p>[\/vc_column_text][\/vc_column][\/vc_row][vc_row][vc_column width=&#8221;1\/1&#8243;][uncode_index el_id=&#8221;index-1837092&#8243; loop=&#8221;size:3|order_by:date|order:ASC|post_type:product|by_id:103727,100627,100660|taxonomy_count:10&#8243; screen_lg=&#8221;1000&#8243; screen_md=&#8221;600&#8243; screen_sm=&#8221;480&#8243; gutter_size=&#8221;3&#8243; product_items=&#8221;media|featured|onpost|original|hide-sale|inherit-atc|inherit-w-atc|atc-typo-default|hide-atc,title,link|default|default_size|scale_mobile|Seleccionar&#8221; single_overlay_opacity=&#8221;50&#8243; single_h_align=&#8221;center&#8221; single_padding=&#8221;2&#8243; uncode_shortcode_id=&#8221;137345&#8243;][uncode_index el_id=&#8221;index-1837095&#8243; loop=&#8221;size:3|order_by:date|order:ASC|post_type:product|by_id:103800,103792,100663|taxonomy_count:10&#8243; screen_lg=&#8221;1000&#8243; screen_md=&#8221;600&#8243; screen_sm=&#8221;480&#8243; gutter_size=&#8221;3&#8243; product_items=&#8221;media|featured|onpost|original|hide-sale|inherit-atc|inherit-w-atc|atc-typo-default|hide-atc,title,link|default|default_size|scale_mobile|Seleccionar&#8221; single_overlay_opacity=&#8221;50&#8243; single_h_align=&#8221;center&#8221; single_padding=&#8221;2&#8243; uncode_shortcode_id=&#8221;152264&#8243;][uncode_index el_id=&#8221;index-18370957&#8243; loop=&#8221;size:All|order_by:date|order:ASC|post_type:product|by_id:103741|taxonomy_count:10&#8243; screen_lg=&#8221;1000&#8243; screen_md=&#8221;600&#8243; screen_sm=&#8221;480&#8243; gutter_size=&#8221;3&#8243; product_items=&#8221;media|featured|onpost|original|hide-sale|inherit-atc|inherit-w-atc|atc-typo-default|hide-atc,title,link|default|default_size|scale_mobile|Seleccionar&#8221; single_overlay_opacity=&#8221;50&#8243; single_h_align=&#8221;center&#8221; single_padding=&#8221;2&#8243; uncode_shortcode_id=&#8221;154909&#8243;][vc_column_text text_lead=&#8221;small&#8221; uncode_shortcode_id=&#8221;144011&#8243;]<\/p>\n<h5>*El nivell \u00e9s orientatiu. Si vols una lectura m\u00e9s avan\u00e7ada, no dubtis en agafar el pack d&#8217;un nivell superior!<\/h5>\n<h5>**Les guies de lectura i el solucionari els trobar\u00e0s en format digital. <a href=\"https:\/\/www.editorialelpirata.com\/ca\/propostes-didactiques\/\" target=\"_blank\" rel=\"noopener\">Descarrega-te&#8217;ls<\/a>!<\/h5>\n<p>[\/vc_column_text][\/vc_column][\/vc_row][vc_row unlock_row=&#8221;&#8221; row_height_percent=&#8221;0&#8243; overlay_alpha=&#8221;50&#8243; gutter_size=&#8221;3&#8243; column_width_percent=&#8221;100&#8243; shift_y=&#8221;0&#8243; z_index=&#8221;0&#8243; content_parallax=&#8221;0&#8243; uncode_shortcode_id=&#8221;661796&#8243;][vc_column width=&#8221;1\/1&#8243;][vc_column_text uncode_shortcode_id=&#8221;105920&#8243;]<\/p>\n<h3 style=\"text-align: center;\"><strong>Quaderns d\u2019activitats per a l\u2019estiu<\/strong><\/h3>\n<p style=\"text-align: left;\">Perqu\u00e8 l\u2019estiu \u00e9s per gaudir-lo, no per fer deures, els quaderns d\u2019activitats de <a href=\"https:\/\/www.editorialelpirata.com\/ca\/Producte\/quaderns-exercicis\/\" target=\"_blank\" rel=\"noopener\">Mem\u00f2ria d\u2019Elefant<\/a> et sorprendran. Dissenyats perqu\u00e8 els nens i nenes de 4 a 11 anys aprenguin mentre s\u2019ho passen b\u00e9, aquests quaderns estan plens de reptes divertits, adhesius i jocs que estimularan la seva ment sense que s\u2019adonin que estan treballant les seves habilitats cognitives.<\/p>\n<p>Aquests quaderns s\u00f3n una inversi\u00f3 excel\u00b7lent per a un estiu ple de diversi\u00f3 i aprenentatge. No deixis passar l\u2019oportunitat d\u2019oferir als teus fills una alternativa divertida als deures d\u2019estiu tradicionals.<\/p>\n<p><strong>La novetat d\u2019aquest any<\/strong> \u00e9s el <strong>quadern infantil per a nens i nenes de 4 a 5 anys (segona etapa d\u2019educaci\u00f3 infantil).<\/strong> Aquest quadern a tot color est\u00e0 ple d\u2019activitats creatives que fomenten la curiositat i la concentraci\u00f3. <strong>Diversi\u00f3 a tot color, enganxines, activitats variades<\/strong> i una millora de la comprensi\u00f3 lectora i de la concentraci\u00f3 de manera l\u00fadica.[\/vc_column_text][\/vc_column][\/vc_row][vc_row unlock_row=&#8221;&#8221; row_height_percent=&#8221;0&#8243; overlay_alpha=&#8221;50&#8243; gutter_size=&#8221;3&#8243; column_width_percent=&#8221;100&#8243; shift_y=&#8221;0&#8243; z_index=&#8221;0&#8243; content_parallax=&#8221;0&#8243; uncode_shortcode_id=&#8221;661796&#8243;][vc_column width=&#8221;1\/2&#8243;][vc_column_text uncode_shortcode_id=&#8221;883873&#8243;]<\/p>\n<ul data-start=\"975\" data-end=\"1459\">\n<li class=\"\" data-start=\"975\" data-end=\"1051\">\n<p class=\"\" data-start=\"977\" data-end=\"1051\"><a class=\"cursor-init\" href=\"https:\/\/www.editorialelpirata.com\/ca\/Producte\/quadern-activitats-infantil\/\" target=\"_blank\" rel=\"noopener\"><strong data-start=\"980\" data-end=\"1010\">Mem\u00f2ria d\u2019elefant infantil<\/strong><\/a>\u00a0\u2192\u00a0<em data-start=\"1013\" data-end=\"1049\">Preparats per a primer de prim\u00e0ria<\/em><\/p>\n<\/li>\n<li class=\"\" data-start=\"1052\" data-end=\"1120\">\n<p class=\"\" data-start=\"1054\" data-end=\"1120\"><a class=\"cursor-init\" href=\"https:\/\/www.editorialelpirata.com\/ca\/Producte\/memoria-delefant-1\/\" target=\"_blank\" rel=\"noopener\"><strong data-start=\"1057\" data-end=\"1080\">Mem\u00f2ria d\u2019elefant 1<\/strong><\/a>\u00a0\u2192\u00a0<em data-start=\"1083\" data-end=\"1118\">Preparats per a segon de prim\u00e0ria<\/em><\/p>\n<\/li>\n<li class=\"\" data-start=\"1052\" data-end=\"1120\">\n<p class=\"\" data-start=\"1054\" data-end=\"1120\"><a href=\"https:\/\/www.editorialelpirata.com\/ca\/Producte\/memoria-elefant-2-quadern-entreteniment\/\" target=\"_blank\" rel=\"noopener\"><strong data-start=\"1126\" data-end=\"1149\">Mem\u00f2ria d\u2019elefant 2<\/strong><\/a>\u00a0\u2192\u00a0<em data-start=\"1152\" data-end=\"1188\">Preparats per a tercer de prim\u00e0ria<\/em><\/p>\n<\/li>\n<li class=\"\" data-start=\"1191\" data-end=\"1259\">\n<p class=\"\" data-start=\"1193\" data-end=\"1259\"><a href=\"https:\/\/www.editorialelpirata.com\/ca\/Producte\/memoria-elefant-3-quaderns-exercicis\/\" target=\"_blank\" rel=\"noopener\"><strong data-start=\"1196\" data-end=\"1219\">Mem\u00f2ria d\u2019elefant 3<\/strong><\/a>\u00a0\u2192\u00a0<em data-start=\"1222\" data-end=\"1257\">Preparats per a quart de prim\u00e0ria<\/em><\/p>\n<\/li>\n<\/ul>\n<p>[\/vc_column_text][\/vc_column][vc_column width=&#8221;1\/2&#8243;][vc_column_text uncode_shortcode_id=&#8221;188528&#8243;]<\/p>\n<ul data-start=\"975\" data-end=\"1459\">\n<li class=\"\" data-start=\"1260\" data-end=\"1329\">\n<p class=\"\" data-start=\"1262\" data-end=\"1329\"><a href=\"https:\/\/www.editorialelpirata.com\/ca\/Producte\/memoria-elefant-4-quaderns-activitats\/\" target=\"_blank\" rel=\"noopener\"><strong data-start=\"1265\" data-end=\"1288\">Mem\u00f2ria d\u2019elefant 4<\/strong><\/a>\u00a0\u2192\u00a0<em data-start=\"1291\" data-end=\"1327\">Preparats per a cinqu\u00e8 de prim\u00e0ria<\/em><\/p>\n<\/li>\n<li class=\"\" data-start=\"1330\" data-end=\"1397\">\n<p class=\"\" data-start=\"1332\" data-end=\"1397\"><a class=\"cursor-init\" href=\"https:\/\/www.editorialelpirata.com\/ca\/Producte\/memoria-elefant-5-exercicis-10-anys\/\" target=\"_blank\" rel=\"noopener\"><strong data-start=\"1335\" data-end=\"1358\">Mem\u00f2ria d\u2019elefant 5<\/strong><\/a>\u00a0\u2192\u00a0<em data-start=\"1361\" data-end=\"1395\">Preparats per a sis\u00e8 de prim\u00e0ria<\/em><\/p>\n<\/li>\n<li class=\"\" data-start=\"1398\" data-end=\"1459\">\n<p class=\"\" data-start=\"1400\" data-end=\"1459\"><a href=\"https:\/\/www.editorialelpirata.com\/ca\/Producte\/exercicis-final-primaria\/\" target=\"_blank\" rel=\"noopener\"><strong data-start=\"1403\" data-end=\"1426\">Mem\u00f2ria d\u2019elefant 6<\/strong>\u00a0<\/a>\u2192\u00a0<em data-start=\"1429\" data-end=\"1459\">Preparats per a primer d\u2019ESO<\/em><\/p>\n<\/li>\n<\/ul>\n<p>[\/vc_column_text][\/vc_column][\/vc_row][vc_row][vc_column column_width_percent=&#8221;100&#8243; align_horizontal=&#8221;align_center&#8221; gutter_size=&#8221;3&#8243; overlay_alpha=&#8221;50&#8243; shift_x=&#8221;0&#8243; shift_y=&#8221;0&#8243; shift_y_down=&#8221;0&#8243; z_index=&#8221;0&#8243; medium_width=&#8221;0&#8243; mobile_width=&#8221;0&#8243; width=&#8221;1\/2&#8243;][vc_single_image media=&#8221;103816&#8243; media_width_percent=&#8221;100&#8243; uncode_shortcode_id=&#8221;160455&#8243; media_link=&#8221;url:https%3A%2F%2Fwww.editorialelpirata.com%2Fca%2Fquadern-vacances%2F|title:QUADERNS%20D%E2%80%99ACTIVITATS%20PER%20VACANCES%20(Picanyol)|target:_blank&#8221;][\/vc_column][vc_column width=&#8221;1\/2&#8243;][vc_single_image media=&#8221;103825&#8243; media_width_percent=&#8221;100&#8243; uncode_shortcode_id=&#8221;152482&#8243; media_link=&#8221;url:%20https%3A%2F%2Fwww.editorialelpirata.com%2Fca%2Fquadern-vacances%2F|title:MEM%C3%92RIA%20D%E2%80%99ELEFANT|target:_blank&#8221;][\/vc_column][\/vc_row][vc_row][vc_column column_width_percent=&#8221;100&#8243; align_horizontal=&#8221;align_center&#8221; gutter_size=&#8221;3&#8243; overlay_alpha=&#8221;50&#8243; shift_x=&#8221;0&#8243; shift_y=&#8221;0&#8243; shift_y_down=&#8221;0&#8243; z_index=&#8221;0&#8243; medium_width=&#8221;0&#8243; mobile_width=&#8221;0&#8243; width=&#8221;1\/1&#8243;][vc_column_text uncode_shortcode_id=&#8221;105042&#8243;]<\/p>\n<h3 style=\"text-align: center;\"><strong>Llibres infantils per llegir a l\u2019estiu: aventures, rialles i descobriments per als petits lectors<\/strong><\/h3>\n<p style=\"text-align: left;\">L\u2019estiu \u00e9s el moment ideal perqu\u00e8 nens i nenes descobreixin el plaer de llegir. Ja sigui sota l\u2019ombra d\u2019un arbre, a la platja o abans d\u2019anar a dormir, un bon llibre pot convertir les vacances en una aut\u00e8ntica aventura. Et presentem una selecci\u00f3 irresistible de <strong>llibres infantils per llegir a l\u2019estiu<\/strong>, pensats per entretenir, educar i encendre la imaginaci\u00f3.<\/p>\n<h4 style=\"text-align: left;\">\ud83c\udffa <a href=\"https:\/\/www.editorialelpirata.com\/ca\/historia-nens\/\" target=\"_blank\" rel=\"noopener\"><strong>Hist\u00f2ria il\u00b7lustrada per a nens i nenes<\/strong><\/a><\/h4>\n<p style=\"text-align: left;\">Per als petits curiosos que s\u2019apassionen per la hist\u00f2ria, aquest llibre il\u00b7lustrat \u00e9s un aut\u00e8ntic viatge en el temps. Amb un to am\u00e8 i ple d\u2019humor, narra esdeveniments hist\u00f2rics de manera visual i divertida. Ideal <strong>per a nens i nenes de 7 a 11 anys<\/strong> que volen aprendre sense deixar de passar-s\u2019ho b\u00e9.<\/p>\n<h4 style=\"text-align: left;\">\u23f3 <a href=\"https:\/\/www.editorialelpirata.com\/ca\/exploradors-temps-aventures\/\" target=\"_blank\" rel=\"noopener\"><strong>Exploradors del temps<\/strong><\/a><\/h4>\n<p style=\"text-align: left;\">Vols viatjar a l\u2019Antic Egipte o visitar castells medievals? Amb aquesta col\u00b7lecci\u00f3, els lectors viuran emocionants aventures temporals i descobriran cultures del passat de manera din\u00e0mica i entretinguda.<br \/>\n<em>Perfecte per nens i nenes amb esperit aventurer i ganes d\u2019aprendre.<\/em><\/p>\n<h4 style=\"text-align: left;\">\ud83c\udfc0 <a href=\"https:\/\/www.editorialelpirata.com\/ca\/els-basquet-prodigis\/\" target=\"_blank\" rel=\"noopener\"><strong>Els B\u00e0squet Prodigis<\/strong><\/a><\/h4>\n<p style=\"text-align: left;\">Una combinaci\u00f3 imbatible: esport, amistat i molt d\u2019humor! Aquest llibre \u00e9s ideal per <strong>als fans del b\u00e0squet i les hist\u00f2ries amb valors<\/strong>. Segueix les aventures d\u2019un grup d\u2019amics que formen un equip molt especial.<\/p>\n<h4 style=\"text-align: left;\">\ud83c\udf0d <strong>Les aventures de <a href=\"https:\/\/www.editorialelpirata.com\/ca\/rose-line-brasset\/\" target=\"_blank\" rel=\"noopener\">Juliette (c\u00f2mic)<\/a><\/strong><\/h4>\n<p style=\"text-align: left;\">Per als amants del c\u00f2mic, <strong>les hist\u00f2ries de Juliette<\/strong> s\u00f3n una del\u00edcia visual i narrativa. Acompanyem aquesta jove aventurera en els seus viatges a llocs fascinants com Par\u00eds i Nova York. Amb il\u00b7lustracions plenes de color, aquestes aventures s\u00f3n ideals per a primeres lectures independents.<br \/>\n<em>Llibres recomanats per a nenes aventureres i lectors visuals.<\/em><\/p>\n<h4 style=\"text-align: left;\">\ud83c\udff4\u200d\u2620\ufe0f <strong><a href=\"https:\/\/www.editorialelpirata.com\/ca\/Producte\/aprendre-a-llegir-lletra-pal-lligada\/\" target=\"_blank\" rel=\"noopener\">Apr\u00e8n a llegir<\/a> amb un pirata diferent<\/strong><\/h4>\n<p style=\"text-align: left;\">Per als m\u00e9s petits que comencen a llegir, aquest llibre, <a href=\"https:\/\/www.editorialelpirata.com\/ca\/Producte\/el-tresor-del-pirata\/\" target=\"_blank\" rel=\"noopener\">&#8220;El tresor del pirata&#8221;\u00a0<\/a> \u00e9s una porta d\u2019entrada divertida i motivadora a la lectura. Amb frases senzilles, il\u00b7lustracions i un protagonista pirata molt peculiar, aprendre a llegir es converteix en una aventura.<\/p>\n<h4 style=\"text-align: center;\"><strong>Aquest estiu, regala als teus fills hist\u00f2ries que els acompanyaran per sempre.<\/strong><br \/>\nAmb aquests <strong>llibres infantils per llegir a l\u2019estiu<\/strong>, cada dia pot ser una nova aventura.<br \/>\n<em>Llegir mai havia estat tan divertit!<\/em><\/h4>\n<p>[\/vc_column_text][\/vc_column][\/vc_row][vc_row][vc_column column_width_percent=&#8221;100&#8243; align_horizontal=&#8221;align_center&#8221; gutter_size=&#8221;3&#8243; overlay_alpha=&#8221;50&#8243; shift_x=&#8221;0&#8243; shift_y=&#8221;0&#8243; shift_y_down=&#8221;0&#8243; z_index=&#8221;0&#8243; medium_width=&#8221;0&#8243; mobile_width=&#8221;0&#8243; width=&#8221;1\/3&#8243;][vc_single_image media=&#8221;102934&#8243; media_width_percent=&#8221;100&#8243; uncode_shortcode_id=&#8221;809990&#8243; media_link=&#8221;url:https%3A%2F%2Fwww.editorialelpirata.com%2Fca%2Fexploradors-temps-aventures%2F|title:Col%C2%B7lecci%C3%B3%20dels%20exploradors%20del%20temps|target:_blank&#8221;][\/vc_column][vc_column width=&#8221;1\/3&#8243;][vc_single_image media=&#8221;100335&#8243; media_width_percent=&#8221;100&#8243; uncode_shortcode_id=&#8221;158557&#8243; media_link=&#8221;url:https%3A%2F%2Fwww.editorialelpirata.com%2Fca%2Fhistoria-nens%2F|title:Historia%20il%C2%B7lustrada%20per%20a%20nens|target:_blank&#8221;][\/vc_column][vc_column width=&#8221;1\/3&#8243;][vc_single_image media=&#8221;103819&#8243; media_width_percent=&#8221;100&#8243; uncode_shortcode_id=&#8221;122621&#8243; media_link=&#8221;url:https%3A%2F%2Fwww.editorialelpirata.com%2Fca%2Fels-basquet-prodigis%2F|target:_blank&#8221;][\/vc_column][\/vc_row][vc_row][vc_column column_width_percent=&#8221;100&#8243; align_horizontal=&#8221;align_center&#8221; gutter_size=&#8221;3&#8243; overlay_alpha=&#8221;50&#8243; shift_x=&#8221;0&#8243; shift_y=&#8221;0&#8243; shift_y_down=&#8221;0&#8243; z_index=&#8221;0&#8243; medium_width=&#8221;0&#8243; mobile_width=&#8221;0&#8243; width=&#8221;1\/1&#8243;][vc_column_text uncode_shortcode_id=&#8221;761399&#8243;]<\/p>\n<h3 style=\"text-align: center;\"><strong>NOVETATS INFANTILS i JUVENILS 2025<\/strong><\/h3>\n<p>[\/vc_column_text][uncode_index el_id=&#8221;index-409262553&#8243; loop=&#8221;size:3|order_by:title|post_type:product|by_id:103070,102802,97676|taxonomy_count:10&#8243; screen_lg=&#8221;1000&#8243; screen_md=&#8221;600&#8243; screen_sm=&#8221;480&#8243; gutter_size=&#8221;3&#8243; product_items=&#8221;title,media|featured|onpost|original|hide-sale|inherit-atc|inherit-w-atc|atc-typo-default|show-atc,link|default|default_size|scale_mobile|Seleccionar&#8221; images_size=&#8221;one-one&#8221; single_overlay_opacity=&#8221;50&#8243; single_h_align=&#8221;center&#8221; single_padding=&#8221;2&#8243; uncode_shortcode_id=&#8221;688036&#8243;][uncode_index el_id=&#8221;index-4092625530&#8243; loop=&#8221;size:3|order_by:title|post_type:product|by_id:102638,97656,97644|taxonomy_count:10&#8243; screen_lg=&#8221;1000&#8243; screen_md=&#8221;600&#8243; screen_sm=&#8221;480&#8243; gutter_size=&#8221;3&#8243; product_items=&#8221;title,media|featured|onpost|original|hide-sale|inherit-atc|inherit-w-atc|atc-typo-default|show-atc,link|default|default_size|scale_mobile|Seleccionar&#8221; images_size=&#8221;one-one&#8221; single_overlay_opacity=&#8221;50&#8243; single_h_align=&#8221;center&#8221; single_padding=&#8221;2&#8243; uncode_shortcode_id=&#8221;115488&#8243;][uncode_index el_id=&#8221;index-4092625530&#8243; loop=&#8221;size:3|order_by:title|post_type:product|by_id:102885,97660,102797|taxonomy_count:10&#8243; screen_lg=&#8221;1000&#8243; screen_md=&#8221;600&#8243; screen_sm=&#8221;480&#8243; gutter_size=&#8221;3&#8243; product_items=&#8221;title,media|featured|onpost|original|hide-sale|inherit-atc|inherit-w-atc|atc-typo-default|show-atc,link|default|default_size|scale_mobile|Seleccionar&#8221; images_size=&#8221;one-one&#8221; single_overlay_opacity=&#8221;50&#8243; single_h_align=&#8221;center&#8221; single_padding=&#8221;2&#8243; uncode_shortcode_id=&#8221;265283&#8243;][uncode_index el_id=&#8221;index-40926255303&#8243; loop=&#8221;size:3|order_by:title|post_type:product|by_id:97640,97636|taxonomy_count:10&#8243; screen_lg=&#8221;1000&#8243; screen_md=&#8221;600&#8243; screen_sm=&#8221;480&#8243; gutter_size=&#8221;3&#8243; product_items=&#8221;title,media|featured|onpost|original|hide-sale|inherit-atc|inherit-w-atc|atc-typo-default|show-atc,link|default|default_size|scale_mobile|Seleccionar&#8221; images_size=&#8221;one-one&#8221; single_overlay_opacity=&#8221;50&#8243; single_h_align=&#8221;center&#8221; single_padding=&#8221;2&#8243; uncode_shortcode_id=&#8221;257247&#8243;][vc_column_text uncode_shortcode_id=&#8221;101548&#8243;]<\/p>\n<h4 style=\"text-align: center;\">LLIBRES INFANTILS DE 0 A 2 ANYS<\/h4>\n<p style=\"text-align: center;\">Llibres infantils per a nadons a partir de 3 mesos fins a nens de 3 anys. Contes curts per a nens petits.<\/p>\n<p>[\/vc_column_text][uncode_index el_id=&#8221;index-183709&#8243; loop=&#8221;size:3|order_by:date|order:ASC|post_type:product|by_id:97568,97413,101509|taxonomy_count:10&#8243; screen_lg=&#8221;1000&#8243; screen_md=&#8221;600&#8243; screen_sm=&#8221;480&#8243; gutter_size=&#8221;3&#8243; product_items=&#8221;media|featured|onpost|original|hide-sale|inherit-atc|inherit-w-atc|atc-typo-default|hide-atc,title,link|default|default_size|scale_mobile|Seleccionar&#8221; single_overlay_opacity=&#8221;50&#8243; single_h_align=&#8221;center&#8221; single_padding=&#8221;2&#8243; uncode_shortcode_id=&#8221;157485&#8243;][vc_button border_width=&#8221;0&#8243; link=&#8221;url:https%3A%2F%2Fwww.editorialelpirata.com%2Fca%2Fllibres-de-tela-per-bebes-2%2F|target:_blank&#8221; uncode_shortcode_id=&#8221;196501&#8243;]Veure m\u00e9s llibres[\/vc_button][vc_column_text uncode_shortcode_id=&#8221;161045&#8243;]<\/p>\n<h4 style=\"text-align: center;\">LLIBRES INFANTILS DE 2 A 5 ANYS<\/h4>\n<p style=\"text-align: center;\">Llibres did\u00e0ctics i que fomenten aprenentatges per a nens i nens de 2 a 5 anys.<\/p>\n<p>[\/vc_column_text][uncode_index el_id=&#8221;index-40926255307&#8243; loop=&#8221;size:3|order_by:title|post_type:product|by_id:99824,100458,100444,97442|taxonomy_count:10&#8243; screen_lg=&#8221;1000&#8243; screen_md=&#8221;600&#8243; screen_sm=&#8221;480&#8243; gutter_size=&#8221;3&#8243; product_items=&#8221;title,media|featured|onpost|original|hide-sale|inherit-atc|inherit-w-atc|atc-typo-default|show-atc,link|default|default_size|scale_mobile|Seleccionar&#8221; images_size=&#8221;one-one&#8221; single_overlay_opacity=&#8221;50&#8243; single_h_align=&#8221;center&#8221; single_padding=&#8221;2&#8243; uncode_shortcode_id=&#8221;104962&#8243;][vc_button border_width=&#8221;0&#8243; link=&#8221;url:https%3A%2F%2Fwww.editorialelpirata.com%2Fca%2Fllibres-nens-2-5-anys%2F|target:_blank&#8221; uncode_shortcode_id=&#8221;858620&#8243;]Veure m\u00e9s llibres[\/vc_button][vc_column_text uncode_shortcode_id=&#8221;135624&#8243;]<\/p>\n<h4 style=\"text-align: center;\">LLIBRES INFANTILS DE M\u00c9S DE 5 ANYS<\/h4>\n<p style=\"text-align: center;\">Llibres did\u00e0ctics que fomenten aprenentatges per a nens i nens de 5 anys<\/p>\n<p>[\/vc_column_text][uncode_index el_id=&#8221;index-4092625530716&#8243; loop=&#8221;size:3|order_by:title|post_type:product|by_id:100222,99824,97030|taxonomy_count:10&#8243; screen_lg=&#8221;1000&#8243; screen_md=&#8221;600&#8243; screen_sm=&#8221;480&#8243; gutter_size=&#8221;3&#8243; product_items=&#8221;title,media|featured|onpost|original|hide-sale|inherit-atc|inherit-w-atc|atc-typo-default|show-atc,link|default|default_size|scale_mobile|Seleccionar&#8221; images_size=&#8221;one-one&#8221; single_overlay_opacity=&#8221;50&#8243; single_h_align=&#8221;center&#8221; single_padding=&#8221;2&#8243; uncode_shortcode_id=&#8221;131061&#8243;][vc_button border_width=&#8221;0&#8243; link=&#8221;url:https%3A%2F%2Fwww.editorialelpirata.com%2Fca%2Fllibres-nens-2-5-anys%2F|target:_blank&#8221; uncode_shortcode_id=&#8221;858620&#8243;]Veure m\u00e9s llibres[\/vc_button][vc_column_text uncode_shortcode_id=&#8221;965298&#8243;]<\/p>\n<h4 style=\"text-align: center;\">LLIBRES INFANTILS PER M\u00c9S DE 8 ANYS<\/h4>\n<p style=\"text-align: center;\">Llibres infantils amb aventures, jocs i humor per a nenes i nenes a partir de 8 anys<\/p>\n<p>[\/vc_column_text][uncode_index el_id=&#8221;index-4092625530716&#8243; loop=&#8221;size:3|order_by:title|post_type:product|by_id:97599,97611,97286|taxonomy_count:10&#8243; screen_lg=&#8221;1000&#8243; screen_md=&#8221;600&#8243; screen_sm=&#8221;480&#8243; gutter_size=&#8221;3&#8243; product_items=&#8221;title,media|featured|onpost|original|hide-sale|inherit-atc|inherit-w-atc|atc-typo-default|show-atc,link|default|default_size|scale_mobile|Seleccionar&#8221; images_size=&#8221;one-one&#8221; single_overlay_opacity=&#8221;50&#8243; single_h_align=&#8221;center&#8221; single_padding=&#8221;2&#8243; uncode_shortcode_id=&#8221;648802&#8243;][vc_button border_width=&#8221;0&#8243; link=&#8221;url:https%3A%2F%2Fwww.editorialelpirata.com%2Fca%2Fllibres-per-a-8-anys%2F|target:_blank&#8221; uncode_shortcode_id=&#8221;193321&#8243;]Veure m\u00e9s llibres[\/vc_button][vc_column_text uncode_shortcode_id=&#8221;116766&#8243;]<\/p>\n<h4 style=\"text-align: center;\">LLIBRES INFANTILS PER M\u00c9S DE 9 ANYS<\/h4>\n<p style=\"text-align: center;\">Llibres infantils amb aventures, fantasia i amistat per a nenes i nenes a partir de 9 anys<\/p>\n<p>[\/vc_column_text][uncode_index el_id=&#8221;index-4092625530712&#8243; loop=&#8221;size:3|order_by:title|post_type:product|by_id:100307,100302,100297|taxonomy_count:10&#8243; screen_lg=&#8221;1000&#8243; screen_md=&#8221;600&#8243; screen_sm=&#8221;480&#8243; gutter_size=&#8221;3&#8243; product_items=&#8221;title,media|featured|onpost|original|hide-sale|inherit-atc|inherit-w-atc|atc-typo-default|show-atc,link|default|default_size|scale_mobile|Seleccionar&#8221; images_size=&#8221;one-one&#8221; single_overlay_opacity=&#8221;50&#8243; single_h_align=&#8221;center&#8221; single_padding=&#8221;2&#8243; uncode_shortcode_id=&#8221;162593&#8243;][vc_button border_width=&#8221;0&#8243; link=&#8221;url:https%3A%2F%2Fwww.editorialelpirata.com%2Fca%2Fllibres-per-a-9-anys%2F|target:_blank&#8221; uncode_shortcode_id=&#8221;295916&#8243;]Veure m\u00e9s llibres[\/vc_button][vc_column_text uncode_shortcode_id=&#8221;172231&#8243;]<\/p>\n<h4 style=\"text-align: center;\">LLIBRES INFANTILS PER M\u00c9S DE 10 ANYS<\/h4>\n<p style=\"text-align: center;\">Llibres infantils amb aventures, hist\u00f2ria, detectius, humor i\u00a0 b\u00e0squet per a nenes i nenes a partir de 10 anys<\/p>\n<p>[\/vc_column_text][uncode_index el_id=&#8221;index-4092625530711&#8243; loop=&#8221;size:3|order_by:title|post_type:product|by_id:97097,97626,97528|taxonomy_count:10&#8243; screen_lg=&#8221;1000&#8243; screen_md=&#8221;600&#8243; screen_sm=&#8221;480&#8243; gutter_size=&#8221;3&#8243; product_items=&#8221;title,media|featured|onpost|original|hide-sale|inherit-atc|inherit-w-atc|atc-typo-default|show-atc,link|default|default_size|scale_mobile|Seleccionar&#8221; images_size=&#8221;one-one&#8221; single_overlay_opacity=&#8221;50&#8243; single_h_align=&#8221;center&#8221; single_padding=&#8221;2&#8243; uncode_shortcode_id=&#8221;150007&#8243;][vc_button border_width=&#8221;0&#8243; link=&#8221;url:https%3A%2F%2Fwww.editorialelpirata.com%2Fca%2Fllibres-per-a-10-anys%2F|target:_blank&#8221; uncode_shortcode_id=&#8221;334064&#8243;]Veure m\u00e9s llibres[\/vc_button][vc_column_text uncode_shortcode_id=&#8221;198003&#8243;]<\/p>\n<h4 style=\"text-align: center;\">LLIBRES INFANTILS PER M\u00c9S DE 12 ANYS<\/h4>\n<p style=\"text-align: center;\">Novel\u00b7les misterioses, i aventures fant\u00e0stiques per a nens i nens a partir de 12 anys<\/p>\n<p>[\/vc_column_text][uncode_index el_id=&#8221;index-409262553071&#8243; loop=&#8221;size:3|order_by:title|post_type:product|by_id:97007,97003,96998|taxonomy_count:10&#8243; screen_lg=&#8221;1000&#8243; screen_md=&#8221;600&#8243; screen_sm=&#8221;480&#8243; gutter_size=&#8221;3&#8243; product_items=&#8221;title,media|featured|onpost|original|hide-sale|inherit-atc|inherit-w-atc|atc-typo-default|show-atc,link|default|default_size|scale_mobile|Seleccionar&#8221; images_size=&#8221;one-one&#8221; single_overlay_opacity=&#8221;50&#8243; single_h_align=&#8221;center&#8221; single_padding=&#8221;2&#8243; uncode_shortcode_id=&#8221;812460&#8243;][vc_button border_width=&#8221;0&#8243; link=&#8221;url:https%3A%2F%2Fwww.editorialelpirata.com%2Fca%2Fllibres-12-anys%2F|target:_blank&#8221; uncode_shortcode_id=&#8221;170609&#8243;]Veure m\u00e9s llibres[\/vc_button][vc_column_text uncode_shortcode_id=&#8221;162324&#8243;]<\/p>\n<h3 style=\"text-align: center;\">\u00a0Aquest estiu, <strong>regala llibres, regala aventures<\/strong><\/h3>\n<p style=\"text-align: center;\">Converteix les vacances en un viatge inoblidable amb hist\u00f2ries que faran somiar, riure i aprendre als m\u00e9s petits.<br \/>\n<strong>Perqu\u00e8 un bon llibre \u00e9s el millor company de l\u2019estiu.<\/strong><\/p>\n<p>[\/vc_column_text][\/vc_column][\/vc_row]<\/p>\n<\/div>","protected":false},"excerpt":{"rendered":"<p>[vc_row unlock_row_content=&#8221;yes&#8221; row_height_percent=&#8221;0&#8243; overlay_color=&#8221;color-lxmt&#8221; overlay_alpha=&#8221;54&#8243; gutter_size=&#8221;3&#8243; column_width_percent=&#8221;100&#8243; shift_y=&#8221;0&#8243; z_index=&#8221;0&#8243; medium_visibility=&#8221;yes&#8221; mobile_visibility=&#8221;yes&#8221; content_parallax=&#8221;0&#8243; uncode_shortcode_id=&#8221;748972&#8243; overlay_color_type=&#8221;uncode-palette&#8221;][vc_column width=&#8221;1\/1&#8243;][vc_single_image media=&#8221;103877&#8243; media_width_percent=&#8221;80&#8243; alignment=&#8221;center&#8221; medium_visibility=&#8221;yes&#8221; mobile_visibility=&#8221;yes&#8221; [&hellip;]<\/p>\n","protected":false},"author":524,"featured_media":0,"parent":0,"menu_order":0,"comment_status":"closed","ping_status":"closed","template":"","meta":{"footnotes":""},"class_list":["post-97816","page","type-page","status-publish","hentry"],"_links":{"self":[{"href":"https:\/\/www.editorialelpirata.com\/ca\/wp-json\/wp\/v2\/pages\/97816","targetHints":{"allow":["GET"]}}],"collection":[{"href":"https:\/\/www.editorialelpirata.com\/ca\/wp-json\/wp\/v2\/pages"}],"about":[{"href":"https:\/\/www.editorialelpirata.com\/ca\/wp-json\/wp\/v2\/types\/page"}],"author":[{"embeddable":true,"href":"https:\/\/www.editorialelpirata.com\/ca\/wp-json\/wp\/v2\/users\/524"}],"replies":[{"embeddable":true,"href":"https:\/\/www.editorialelpirata.com\/ca\/wp-json\/wp\/v2\/comments?post=97816"}],"version-history":[{"count":17,"href":"https:\/\/www.editorialelpirata.com\/ca\/wp-json\/wp\/v2\/pages\/97816\/revisions"}],"predecessor-version":[{"id":103885,"href":"https:\/\/www.editorialelpirata.com\/ca\/wp-json\/wp\/v2\/pages\/97816\/revisions\/103885"}],"wp:attachment":[{"href":"https:\/\/www.editorialelpirata.com\/ca\/wp-json\/wp\/v2\/media?parent=97816"}],"curies":[{"name":"wp","href":"https:\/\/api.w.org\/{rel}","templated":true}]}}