{"id":97791,"date":"2016-12-19T14:47:58","date_gmt":"2016-12-19T14:47:58","guid":{"rendered":"http:\/\/edicionsdelpirata.cat\/?page_id=5100"},"modified":"2025-01-05T22:38:08","modified_gmt":"2025-01-05T22:38:08","slug":"llibres-per-treballar-les-emocions","status":"publish","type":"page","link":"https:\/\/www.editorialelpirata.com\/ca\/llibres-per-treballar-les-emocions\/","title":{"rendered":"Llibres per treballar les emocions"},"content":{"rendered":"<div class=\"wpb-content-wrapper\"><p>[vc_row][vc_column][vc_single_image media=&#8221;98055&#8243; media_width_percent=&#8221;100&#8243; uncode_shortcode_id=&#8221;442104&#8243;][vc_column_text uncode_shortcode_id=&#8221;127811&#8243;]<\/p>\n<h1>Cat\u00e0leg de llibres infantils per treballar emocions i valors a trav\u00e9s de la lectura<\/h1>\n<h3>T&#8217;interessa tractar les emocions amb bones lectures que facin reflexionar i serveixin per introduir temes importants per als nens?<\/h3>\n<p>Doncs, en aquest cat\u00e0leg, hi trobareu quins llibres s\u00f3n indicats per introduir conceptes sobre les seg\u00fcents emocions i per a quina edat es recomana cada un dels llibres:<\/p>\n<ul>\n<li><a href=\"#por\">Llibres per treballar <strong>la por<\/strong><\/a><\/li>\n<li><a href=\"#mort\">Llibres per treballar <strong>la mort<\/strong><\/a><\/li>\n<li><a href=\"#esfor\u00e7\">Llibres per treballar <strong>l&#8217;esfor\u00e7 i la superaci\u00f3 de problemes<\/strong><\/a><\/li>\n<li><a href=\"#respecte\">Llibres per treballar<strong> el respecte i la diversitat<\/strong><\/a><\/li>\n<li><a href=\"#emocions\">Llibres per aprendre a <strong>gestionar les emocions<\/strong><\/a><\/li>\n<li><a href=\"#pacifisme\">Llibres per tractar el <strong>pacifisme<\/strong><\/a><\/li>\n<li><a href=\"#mentides\">Llibres per treballar el <strong>no dir mentides<\/strong><\/a><\/li>\n<li><a href=\"#punts\">Llibres per treballar els <strong>diferents punts de vista<\/strong><\/a><\/li>\n<li><a href=\"#comprensi\u00f3\">Llibres per <strong>millorar la concentraci\u00f3 i la comprensi\u00f3 lectora<\/strong><\/a><\/li>\n<\/ul>\n<p>[\/vc_column_text][vc_separator sep_color=&#8221;,Default&#8221; el_id=&#8221;por&#8221;][vc_custom_heading el_id=&#8221;por&#8221;]<\/p>\n<h2>Llibres per parlar de les pors<\/h2>\n<p>[\/vc_custom_heading][vc_row_inner][vc_column_inner width=&#8221;1\/1&#8243;][vc_custom_heading]<\/p>\n<h3>Per qu\u00e8 tots els animals van d\u2019una banda a l\u2019altra de la selva sense parar? Qui deu ser el Cuquedo? Alg\u00fa que sap espantar?!<\/h3>\n<p>[\/vc_custom_heading][\/vc_column_inner][\/vc_row_inner][vc_row_inner][vc_column_inner width=&#8221;1\/4&#8243;][vc_single_image media=&#8221;98322&#8243; media_width_percent=&#8221;100&#8243; media_link=&#8221;url:%20https%3A%2F%2Fwww.editorialelpirata.com%2Fca%2Fproducto%2Fcuquedo-contes-per-explicar%2F|title:El%20Cuquedo|target:_blank&#8221; uncode_shortcode_id=&#8221;391780&#8243;][\/vc_column_inner][vc_column_inner width=&#8221;3\/4&#8243;][vc_column_text]<strong>T\u00edtol<\/strong>: <a href=\"https:\/\/www.editorialelpirata.com\/ca\/producte\/cuquedo-contes-per-explicar\/\" target=\"_blank\" rel=\"noopener noreferrer\">El Cuquedo<\/a>.<\/p>\n<p><strong>Autora<\/strong>: Clara Cunha.<\/p>\n<p>A partir de 3 anys.<\/p>\n<p>Els animals de la selva estan espantats i no deixen d&#8217;anar d&#8217;una banda cap a l&#8217;altra. Sembla ser que el Cuquedo, una nova criatura, els est\u00e0 atemorint a tots. Per\u00f2&#8230; creus que de deb\u00f2 tenen motius per espantar-se?<\/p>\n<p><strong>Valors<\/strong>: Mostrar que les pors no sempre estan justificades.[\/vc_column_text][\/vc_column_inner][\/vc_row_inner][vc_row_inner][vc_column_inner width=&#8221;1\/4&#8243;][vc_separator sep_color=&#8221;,Default&#8221;][vc_single_image media=&#8221;98319&#8243; media_width_percent=&#8221;100&#8243; media_link=&#8221;url:https%3A%2F%2Fwww.editorialelpirata.com%2Fca%2Fproducto%2Fcuquedo-busca-amor-faci-por-contes-nens-humor%2F|title:El%20Cuquedo%20busca%20un%20amor%20que%20faci%20por|target:_blank&#8221; uncode_shortcode_id=&#8221;170840&#8243;][\/vc_column_inner][vc_column_inner width=&#8221;3\/4&#8243;][vc_separator sep_color=&#8221;,Default&#8221;][vc_column_text]<strong>T\u00edtol<\/strong>: <a href=\"https:\/\/www.editorialelpirata.com\/ca\/producte\/cuquedo-busca-amor-faci-por-contes-nens-humor\/\" target=\"_blank\" rel=\"noopener noreferrer\">El Cuquedo busca un amor que faci por<\/a>.<\/p>\n<p><strong>Autora<\/strong>: Clara Cunha.<\/p>\n<p>A partir de 3 anys.<\/p>\n<p>Recordeu en Cuquedo? Ara vol trobar una parella i poder espantar conjuntament.\u00a0Aix\u00ed que decideix preguntar als diferents animals de la selva si es volen casar amb ell.\u00a0Per\u00f2 compte!, nom\u00e9s podr\u00e0 ser la seva parella, qui s\u00e0piga\u00a0<strong>espantar de veritat!<\/strong><\/p>\n<p><strong>Valors<\/strong>: Mostrar que les pors no sempre estan justificades.[\/vc_column_text][\/vc_column_inner][\/vc_row_inner][vc_row_inner][vc_column_inner width=&#8221;1\/1&#8243;][vc_separator sep_color=&#8221;,Default&#8221;][vc_custom_heading]<\/p>\n<h3>Amb una imaginaci\u00f3 desbordant i m\u00e9s de cinquanta espectaculars il\u00b7lustracions, l\u2019<strong>Antonio Santamar\u00eda\u00a0<\/strong>ens regala el recull de contes\u00a0<strong><em>Papa, dibuixa\u2019m un conte<\/em>.<\/strong><\/h3>\n<p>[\/vc_custom_heading][\/vc_column_inner][\/vc_row_inner][vc_row_inner][vc_column_inner width=&#8221;1\/4&#8243;][vc_single_image media=&#8221;99663&#8243; media_width_percent=&#8221;100&#8243; media_link=&#8221;url:https%3A%2F%2Fwww.editorialelpirata.com%2Fca%2Fproducto%2Fpapa-dibuixam-un-conte-8-anys%2F|title:Papa%2C%20dibuixa&#8217;m%20un%20conte|target:_blank&#8221; uncode_shortcode_id=&#8221;107638&#8243;][\/vc_column_inner][vc_column_inner width=&#8221;3\/4&#8243;][vc_column_text uncode_shortcode_id=&#8221;133044&#8243;]<strong>T\u00edtol<\/strong>: <a href=\"https:\/\/www.editorialelpirata.com\/ca\/producto\/papa-dibuixam-un-conte-8-anys\/\" target=\"_blank\" rel=\"noopener\">Papa, dibuixa&#8217;m un conte<\/a>.<\/p>\n<p><strong>Autor<\/strong>: Antonio Santamaria.<\/p>\n<p>A partir de 7 anys (llegir) o 5 anys (explicar).<\/p>\n<p>Escrits amb un ritme trepidant i un toc d\u2019humor, els contes s\u00f3n protagonitzats per l\u2019Emma, en Mario i en Trapito, el seu inseparable gosset. Es trobaran amb pterod\u00e0ctils de Cadaqu\u00e9s, micos blancs esbojarrats, misterioses aventures en una illa de lletres, una girafa negra que ronda per Badalona i molts m\u00e9s incre\u00efbles companys de viatge.<\/p>\n<p><strong>Valors<\/strong>: En els nou contes diferents que integren aquest llibre, els protagonistes aprenen a superar les pors infantils (com ara la por de la foscor), i descobreixen valors importants: agafar inter\u00e8s per la lectura, deixar estar les rebequeries&#8230;[\/vc_column_text][\/vc_column_inner][\/vc_row_inner][vc_row_inner][vc_column_inner width=&#8221;1\/4&#8243;][vc_separator sep_color=&#8221;,Default&#8221;][vc_single_image media=&#8221;98760&#8243; media_width_percent=&#8221;100&#8243; media_link=&#8221;url:%20https%3A%2F%2Fwww.editorialelpirata.com%2Fca%2Fproducto%2Fzombi%2F|title:Zombi|target:_blank&#8221; uncode_shortcode_id=&#8221;184850&#8243;][\/vc_column_inner][vc_column_inner width=&#8221;3\/4&#8243;][vc_separator sep_color=&#8221;,Default&#8221;][vc_column_text uncode_shortcode_id=&#8221;635689&#8243;]<strong>T\u00edtol<\/strong>: <a href=\"https:\/\/www.editorialelpirata.com\/ca\/producto\/zombi\/\" target=\"_blank\" rel=\"noopener\">Zombi<\/a>.<br \/>\n<strong>Autors<\/strong>: Atenea Sis.<\/p>\n<p>A partir de 10 anys.<\/p>\n<p>Qu\u00e8 passa si un vampir mossega un zombi? El Gran Vampir, en Janius, el zombi, el Dr. Alerta, la Laia, en Jordi\u2026 Tots desfilen per les p\u00e0gines d\u2019aquest llibre en qu\u00e8 hi ha moments de por, per\u00f2 tamb\u00e9 d\u2019humor i de tendresa. Una hist\u00f2ria terror\u00edficament original!<\/p>\n<p><strong>Valors<\/strong>: Aprendre a agafar-se les pors amb bon humor.[\/vc_column_text][\/vc_column_inner][\/vc_row_inner][vc_row_inner][vc_column_inner width=&#8221;1\/1&#8243;][vc_separator sep_color=&#8221;,Default&#8221; el_id=&#8221;mort&#8221;][vc_custom_heading]<\/p>\n<h2>Llibres per parlar de la mort<\/h2>\n<p>[\/vc_custom_heading][\/vc_column_inner][\/vc_row_inner][vc_row_inner][vc_column_inner width=&#8221;1\/4&#8243;][vc_single_image media=&#8221;98424&#8243; media_width_percent=&#8221;100&#8243; media_link=&#8221;url:https%3A%2F%2Fwww.editorialelpirata.com%2Fca%2Fproducto%2Fla-bugada-del-cel%2F|title:La%20bugada%20del%20cel|target:_blank&#8221; uncode_shortcode_id=&#8221;553741&#8243;][\/vc_column_inner][vc_column_inner width=&#8221;3\/4&#8243;][vc_column_text uncode_shortcode_id=&#8221;190741&#8243;]<strong>T\u00edtol<\/strong>: <a href=\"https:\/\/www.editorialelpirata.com\/ca\/producto\/la-bugada-del-cel\/\" target=\"_blank\" rel=\"noopener\">La bugada del cel<\/a>.<br \/>\n<strong>Autora<\/strong>: Estrella Ramon.<\/p>\n<p>A partir de 6 anys.<\/p>\n<p>Quan un mes de desembre la Serafina va morir, va entendre de seguida per qu\u00e8 havia anat al cel: tot era brut, fet una porqueria! Els n\u00favols blancs suraven llefiscosos. Les estrelles semblaven cagadetes de mosca\u2026<br \/>\nUn f\u00e0stic. Una vergonya. La Serafina s\u2019arromang\u00e0 i es pos\u00e0 a fer feina. Resulta, per\u00f2, que al cel les coses no rutllen igual que a la Terra i que la cat\u00e0strofe que va provocar va ser de les que fan hist\u00f2ria\u2026<\/p>\n<p><strong>Valors<\/strong>: Entendre la mort com una part natural de la\u00a0 vida.[\/vc_column_text][\/vc_column_inner][\/vc_row_inner][vc_row_inner][vc_column_inner width=&#8221;1\/1&#8243;][vc_separator sep_color=&#8221;,Default&#8221; el_id=&#8221;esfor\u00e7&#8221;][vc_custom_heading]<\/p>\n<h2><strong>Llibres per tractar l&#8217;esfor\u00e7 i la superaci\u00f3 de problemes<\/strong><\/h2>\n<p>[\/vc_custom_heading][\/vc_column_inner][\/vc_row_inner][vc_row_inner][vc_column_inner width=&#8221;1\/4&#8243;][vc_single_image media=&#8221;98745&#8243; media_width_percent=&#8221;100&#8243; media_link=&#8221;url:https%3A%2F%2Fwww.editorialelpirata.com%2Fca%2Fproducto%2Fpirata-no-sabia-dir-r-llibres-7-anys%2F|title:El%20pirata%20que%20no%20sabia%20dir%20la%20R|target:_blank&#8221; uncode_shortcode_id=&#8221;704088&#8243;][\/vc_column_inner][vc_column_inner width=&#8221;3\/4&#8243;][vc_column_text uncode_shortcode_id=&#8221;904740&#8243;]<strong>T\u00edtol<\/strong>: <a href=\"https:\/\/www.editorialelpirata.com\/ca\/producto\/pirata-no-sabia-dir-r-llibres-7-anys\/\" target=\"_blank\" rel=\"noopener\">El pirata que no sabia dir la R<\/a>.<br \/>\n<strong>Autora<\/strong>: N\u00faria Picornell.<\/p>\n<p>A partir de 6 anys.<\/p>\n<p>Vet aqu\u00ed que una vegada hi havia un capit\u00e0 pirata d\u2019aquells que amb una mirada et fan tremolar. Nom\u00e9s hi havia un petit problema i \u00e9s que no sabia dir la \u201cr\u201d i en comptes de dir embarcaci\u00f3 deia \u201cembagcaci\u00f3\u201d, borda deia \u201cbogda\u201d, grumet deia \u201cggumet\u201d i princesa deia \u201cpgincesa\u201d\u2026 i tota la tripulaci\u00f3 del vaixell, quan el sentien parlar, reien per sota el nas\u2026 Per\u00f2 a for\u00e7a d&#8217;esfor\u00e7ar-s&#8217;hi&#8230;<\/p>\n<p><strong>Valors<\/strong>: Parla de problemes de la\u00a0 parla com ara el rotacisme i de com superar-los a base de const\u00e0ncia i bon humor.[\/vc_column_text][\/vc_column_inner][\/vc_row_inner][vc_row_inner][vc_column_inner width=&#8221;1\/4&#8243;][vc_separator sep_color=&#8221;,Default&#8221;][vc_single_image media=&#8221;99474&#8243; media_width_percent=&#8221;100&#8243; media_link=&#8221;url:https%3A%2F%2Fwww.editorialelpirata.com%2Fca%2Fproducto%2Ftres-porquets-contes-tradicionals%2F|title:Els%20tres%20porquets|target:_blank&#8221; uncode_shortcode_id=&#8221;608761&#8243;][\/vc_column_inner][vc_column_inner width=&#8221;3\/4&#8243;][vc_separator sep_color=&#8221;,Default&#8221;][vc_column_text]<strong>T\u00edtol<\/strong>: <a href=\"https:\/\/www.editorialelpirata.com\/ca\/producte\/tres-porquets-contes-tradicionals\/\" target=\"_blank\" rel=\"noopener noreferrer\">Els tres porquets<\/a>.<\/p>\n<p><strong>Adaptaci\u00f3 rimada del text<\/strong>: Bernat Cuss\u00f3.<\/p>\n<p>A partir de 3 anys.<\/p>\n<p><strong>Els tres porquets<\/strong> reviuen en aquest llibre! Les fant\u00e0stiques i divertides il\u00b7lustracions a tot color acompanyen la hist\u00f2ria, que va rimada. Els tres porquets s\u2019han de construir una casa ja que el llop els persegueix i se\u2019ls vol cruspir. Un la fa de palla, l\u2019altre de fusta i el tercer, tot i que la construcci\u00f3 \u00e9s m\u00e9s feixuga, de maons.<\/p>\n<p><strong>Valors<\/strong>: Els m\u00e9s petits aprendran que no sempre s\u2019ha de triar el cam\u00ed m\u00e9s f\u00e0cil per fer les coses.[\/vc_column_text][\/vc_column_inner][\/vc_row_inner][vc_row_inner][vc_column_inner width=&#8221;1\/1&#8243;][vc_separator sep_color=&#8221;,Default&#8221; el_id=&#8221;respecte&#8221;][vc_custom_heading]<\/p>\n<h2>Llibres per fomentar el respecte i la diversitat<\/h2>\n<p>[\/vc_custom_heading][\/vc_column_inner][\/vc_row_inner][vc_row_inner][vc_column_inner width=&#8221;1\/4&#8243;][vc_single_image media=&#8221;97103&#8243; media_width_percent=&#8221;100&#8243; media_link=&#8221;url:https%3A%2F%2Fwww.editorialelpirata.com%2Fca%2Fproducto%2Fla-meva-familia-es-especial%2F|title:La%20meva%20fam%C3%ADlia%20%C3%A9s%20especial|target:_blank&#8221; uncode_shortcode_id=&#8221;953788&#8243;][\/vc_column_inner][vc_column_inner width=&#8221;3\/4&#8243;][vc_column_text uncode_shortcode_id=&#8221;490276&#8243;]<strong>T\u00edtol<\/strong>: <a href=\"https:\/\/www.editorialelpirata.com\/ca\/producto\/la-meva-familia-es-especial\/\" target=\"_blank\" rel=\"noopener\">La meva fam\u00edlia \u00e9s especial<\/a>.<br \/>\n<strong>Autora<\/strong>: Anna Rayo.<\/p>\n<p>A partir de 3 anys.<\/p>\n<p style=\"text-align: left;\">La diversitat familiar mostrada amb il\u00b7lustracions fant\u00e0stiques! Unes il\u00b7lustracions espectaculars ens endinsen dins d\u2019una hist\u00f2ria protagonitzada per molts animals, on una \u00e0via centen\u00e0ria convida la seva fam\u00edlia per a la festa del seu aniversari. A part de la hist\u00f2ria, es pot jugar a trobar elements repetits dins de cada fam\u00edlia. Els podr\u00e0s descobrir? El text est\u00e0 escrit en lletra maj\u00fascula.<\/p>\n<p><strong>Valors<\/strong>: Els nens aprendran que existeixen molts tipus de fam\u00edlies diferents i que totes tenen molt d&#8217;amor per donar.[\/vc_column_text][\/vc_column_inner][\/vc_row_inner][vc_separator sep_color=&#8221;,Default&#8221;][vc_row_inner][vc_column_inner width=&#8221;1\/4&#8243;][vc_single_image media=&#8221;98790&#8243; media_width_percent=&#8221;100&#8243; media_link=&#8221;url:https%3A%2F%2Fwww.editorialelpirata.com%2Fca%2Fproducto%2Fels-meus-veins-pirates%2F|title:Els%20meus%20ve%C3%AFns%20pirates|target:_blank&#8221; uncode_shortcode_id=&#8221;649280&#8243;][\/vc_column_inner][vc_column_inner width=&#8221;3\/4&#8243;][vc_column_text uncode_shortcode_id=&#8221;125237&#8243;]<strong>T\u00edtol<\/strong>: <a href=\"https:\/\/www.editorialelpirata.com\/ca\/producto\/els-meus-veins-pirates\/\" target=\"_blank\" rel=\"noopener\">Els meus ve\u00efns pirates<\/a>.<\/p>\n<p><strong>Autor<\/strong>: Jonny Duddle.<\/p>\n<p>A partir de 5 anys.<\/p>\n<p>Quan la fam\u00edlia de pirates Jolley-Rogers va anar a viure a Vilaensopida del Mar, els rumors del seu estil de vida van c\u00f3rrer pel ve\u00efnat. Per\u00f2 amb tan pocs nens amb qui jugar, la Matilda desitjava con\u00e8ixer la fascinant fam\u00edlia que tenia ben a tocar!<\/p>\n<p><strong>Valors<\/strong>: El respecte als que s\u00f3n diferents i la necessitat d&#8217;ajudar-los a integrar-se.[\/vc_column_text][\/vc_column_inner][\/vc_row_inner][vc_row_inner][vc_column_inner width=&#8221;1\/1&#8243;][vc_separator sep_color=&#8221;,Default&#8221;][vc_single_image media=&#8221;100561&#8243; media_width_percent=&#8221;100&#8243; media_link=&#8221;url:https%3A%2F%2Fwww.editorialelpirata.com%2Fca%2Fproducto%2Flot-de-6-contes-en-lletra-lligada-per-a-nens%2F|title:El%20drac%20Pasqual|target:_blank&#8221; uncode_shortcode_id=&#8221;837374&#8243;][\/vc_column_inner][\/vc_row_inner][vc_row_inner][vc_column_inner width=&#8221;1\/4&#8243;][vc_single_image media=&#8221;93312&#8243; media_width_percent=&#8221;100&#8243; media_link=&#8221;url:https%3A%2F%2Fwww.editorialelpirata.com%2Fca%2Fproducto%2Flot-de-6-contes-en-lletra-lligada-per-a-nens%2F|title:El%20drac%20Pasqual|target:_blank&#8221; uncode_shortcode_id=&#8221;149527&#8243;][\/vc_column_inner][vc_column_inner width=&#8221;3\/4&#8243;][vc_column_text uncode_shortcode_id=&#8221;858284&#8243;]<strong>Col\u00b7lecci\u00f3<\/strong>: <a href=\"https:\/\/www.editorialelpirata.com\/ca\/producto\/lot-de-6-contes-en-lletra-lligada-per-a-nens\/\" target=\"_blank\" rel=\"noopener\">El drac Pasqual descobreix el m\u00f3n<\/a>.<br \/>\n<strong>Autor<\/strong>: Max Olivetti.<\/p>\n<p>A partir de 3 anys (explicar) o de 5 anys (llegir).<\/p>\n<p style=\"text-align: left;\">En Pasqual es un simp\u00e0tic drac alien\u00edgena a qui li encanta visitar la Terra. En aquesta col\u00b7lecci\u00f3, viatjar\u00e0 pels diferents continents, aprenent sobre les seves cultures i ajudant a qui ho necessiti.<\/p>\n<p><strong>Valors<\/strong>: El respecte a les cultures, la diversitat i el medi ambient.[\/vc_column_text][uncode_list uncode_shortcode_id=&#8221;201536&#8243;]<strong>T\u00edtols de la Col\u00b7lecci\u00f3:<\/strong><\/p>\n<ul>\n<li><a href=\"https:\/\/www.editorialelpirata.com\/ca\/producto\/drac-pasqual-descobreix-antartida-llibres-lletra-lligada\/\" target=\"_blank\" rel=\"noopener\">El drac Pasqual descobreix l&#8217;Ant\u00e0rtida.<\/a><\/li>\n<li><a href=\"https:\/\/www.editorialelpirata.com\/ca\/producto\/drac-pasqual-descobreix-asia-llibres-5-anys\/\" target=\"_blank\" rel=\"noopener\">El drac Pasqual descobreix l&#8217;\u00c0sia.<\/a><\/li>\n<li><a href=\"https:\/\/www.editorialelpirata.com\/ca\/producto\/drac-pasqual-descobreix-africa-llibres-5-anys\/\" target=\"_blank\" rel=\"noopener\">El drac Pasqual descobreix l&#8217;\u00c0frica.<\/a><\/li>\n<li><a href=\"https:\/\/www.editorialelpirata.com\/ca\/producto\/drac-pasqual-descobreix-america-llibres-6-anys\/\" target=\"_blank\" rel=\"noopener\">El drac Pasqual descobreix Am\u00e8rica.<\/a><\/li>\n<li><a href=\"https:\/\/www.editorialelpirata.com\/ca\/producte\/drac-pasqual-descobreix-europa-llibres-6-anys\/\" target=\"_blank\" rel=\"noopener\">El drac Pasqual descobreix Europa.<\/a><\/li>\n<li><a href=\"https:\/\/www.editorialelpirata.com\/ca\/producto\/drac-pasqual-descobreix-oceania-llibres-6-anys\/\" target=\"_blank\" rel=\"noopener\">El drac Pasqual descobreix Oceania.<\/a><\/li>\n<\/ul>\n<p>[\/uncode_list][\/vc_column_inner][\/vc_row_inner][vc_separator sep_color=&#8221;,Default&#8221;][vc_row_inner][vc_column_inner width=&#8221;1\/4&#8243;][vc_single_image media=&#8221;99648&#8243; media_width_percent=&#8221;100&#8243; media_link=&#8221;url:https%3A%2F%2Fwww.editorialelpirata.com%2Fca%2Fproducto%2Ftrompa-llarga%2F|title:Trompa%20llarga|target:_blank&#8221; uncode_shortcode_id=&#8221;332254&#8243;][\/vc_column_inner][vc_column_inner width=&#8221;3\/4&#8243;][vc_column_text]<strong>T\u00edtol<\/strong>: <a href=\"https:\/\/www.editorialelpirata.com\/ca\/producte\/trompa-llarga\/\" target=\"_blank\" rel=\"noopener noreferrer\">Trompa Llarga<\/a>.<br \/>\n<strong>Autora<\/strong>: N\u00faria Cuss\u00f3.<br \/>\nA partir de 6 anys.<\/p>\n<p>Una vegada, quan encara tots els elefants tenien la trompa curteta, n\u2019hi havia ja un que la tenia llarga. Aix\u00f2 feia que els seus companys se\u2019n riguessin. Fins que un dia\u2026 Voleu saber per qu\u00e8 despr\u00e9s tots van voler imitar-lo? Doncs llegiu aquesta hist\u00f2ria.<\/p>\n<p><strong>Valors<\/strong>: Ensenya a respectar a qui \u00e9s diferent d&#8217;un mateix i comprendre que tots tenim el nostre valor.[\/vc_column_text][\/vc_column_inner][\/vc_row_inner][vc_row_inner][vc_column_inner width=&#8221;1\/2&#8243;][vc_single_image media=&#8221;100409&#8243; media_width_percent=&#8221;100&#8243; media_link=&#8221;url:https%3A%2F%2Fwww.editorialelpirata.com%2Fca%2Fproducto%2Faprendre-a-llegir-lletra-pal-lligada%2F|title:MOTXILLA%20PLOU%20I%20FA%20SOL|target:_blank&#8221; uncode_shortcode_id=&#8221;768221&#8243;][\/vc_column_inner][vc_column_inner width=&#8221;1\/2&#8243;][vc_column_text uncode_shortcode_id=&#8221;135558&#8243;]\u201c<strong>Trompa Llarga<\/strong>\u201d, \u00e9s un llibre de la col\u00b7lecci\u00f3 PLOU I FA SOL, ideada per aprendre a llegir. El text est\u00e0 tant en lletra de pal com en lletra lligada. L\u2019objectiu \u00e9s l\u2019aprenentatge d\u2019ambd\u00f3s estils de lletra a la vegada que es passa una bona estona. La col\u00b7lecci\u00f3 s&#8217;ordena en funci\u00f3 de la dificultat lectora, sent el n\u00famero 1 el m\u00e9s senzill i el n\u00famero 9 el m\u00e9s complex.[\/vc_column_text][\/vc_column_inner][\/vc_row_inner][vc_row_inner][vc_column_inner width=&#8221;1\/4&#8243;][vc_separator sep_color=&#8221;,Default&#8221;][vc_single_image media=&#8221;98730&#8243; media_width_percent=&#8221;100&#8243; media_link=&#8221;url:https%3A%2F%2Fwww.editorialelpirata.com%2Fca%2Fproducto%2Ftan-diferents-com-iguals%2F|title:Tan%20diferents%20com%20iguals|target:_blank&#8221; uncode_shortcode_id=&#8221;612029&#8243;][\/vc_column_inner][vc_column_inner width=&#8221;3\/4&#8243;][vc_separator sep_color=&#8221;,Default&#8221;][vc_column_text uncode_shortcode_id=&#8221;743901&#8243;]<strong>T\u00edtol<\/strong>: <a href=\"https:\/\/www.editorialelpirata.com\/ca\/producto\/tan-diferents-com-iguals\/\" target=\"_blank\" rel=\"noopener\">Tan diferents com iguals<\/a>.<br \/>\n<strong>Autor<\/strong>: Javi Costales.<br \/>\nA partir de 2 anys.<\/p>\n<p class=\"p1\"><span class=\"s1\">Ning\u00fa no \u00e9s perfecte i hem d\u2019acceptar els altres com s\u00f3n.\u00a0<\/span><span class=\"s1\">La Lula \u00e9s una petita tortuga que arriba nova a l\u2019escola. Per\u00f2 es troba amb la sorpresa que els seus nous companys se\u2019n riuen. <\/span><span class=\"s1\">El professor se n\u2019adona i, mitjan\u00e7ant un joc, els fa veure que tots tenen virtuts i defectes. Els explica que ning\u00fa no \u00e9s perfecte i que hem de respectar-nos els uns als altres perqu\u00e8, en el fons, tots som tant diferents com iguals.<\/span><\/p>\n<p><strong>Valors<\/strong>: Un m\u00e0gic llibre de carton\u00e9 que ens ensenyar\u00e0 a respectar-nos els uns als altres i a combatre l&#8217;assetjament.[\/vc_column_text][\/vc_column_inner][\/vc_row_inner][vc_row_inner][vc_column_inner width=&#8221;1\/4&#8243;][vc_separator sep_color=&#8221;,Default&#8221;][vc_single_image media=&#8221;98946&#8243; media_width_percent=&#8221;100&#8243; media_link=&#8221;url:https%3A%2F%2Fwww.editorialelpirata.com%2Fca%2Fproducto%2Frebigotis%2F|title:Rebigotis|target:_blank&#8221; uncode_shortcode_id=&#8221;667210&#8243;][\/vc_column_inner][vc_column_inner width=&#8221;3\/4&#8243;][vc_separator sep_color=&#8221;,Default&#8221;][vc_column_text uncode_shortcode_id=&#8221;243786&#8243;]<strong>T\u00edtol<\/strong>: <a href=\"https:\/\/www.editorialelpirata.com\/ca\/producto\/rebigotis\/\" target=\"_blank\" rel=\"noopener\">Rebigotis<\/a>.<br \/>\n<strong>Autora<\/strong>: Estrella Ramon.<br \/>\nA partir de 8 anys.<\/p>\n<p>A la Minerva se li ha mort la mare i, al cap d\u2019un temps, el pare troba una nova parella. Ella no la pot veure ni en pintura, fins que s\u2019adona que si es tanca en banda es fa infeli\u00e7 a si mateixa i a tothom qui l\u2019envolta.<\/p>\n<p>De manera sorprenent, la vida de la nena i la d&#8217;un ratol\u00ed entremaliat s\u2019encreuaran i donaran lloc a una hist\u00f2ria incre\u00efble i divertida!<\/p>\n<p><strong>Valors<\/strong>: Fomenta el respecte i l&#8217;amistat.[\/vc_column_text][\/vc_column_inner][\/vc_row_inner][vc_row_inner][vc_column_inner width=&#8221;1\/1&#8243;][vc_separator sep_color=&#8221;,Default&#8221; el_id=&#8221;emocions&#8221;][vc_custom_heading]<\/p>\n<h2>Llibres per aprendre a gestionar les emocions<\/h2>\n<p>[\/vc_custom_heading][\/vc_column_inner][\/vc_row_inner][vc_row_inner][vc_column_inner width=&#8221;1\/4&#8243;][vc_single_image media=&#8221;99537&#8243; media_width_percent=&#8221;100&#8243; media_link=&#8221;url:https%3A%2F%2Fwww.editorialelpirata.com%2Fca%2Fproducto%2Fnomes-faltava-aixo-contes-per-explicar%2F|title:Nom%C3%A9s%20faltava%20aix%C3%B2!|target:_blank&#8221; uncode_shortcode_id=&#8221;209499&#8243;][\/vc_column_inner][vc_column_inner width=&#8221;3\/4&#8243;][vc_column_text uncode_shortcode_id=&#8221;923884&#8243;]<strong>T\u00edtol<\/strong>: <a href=\"https:\/\/www.editorialelpirata.com\/ca\/producto\/nomes-faltava-aixo-contes-per-explicar\/\" target=\"_blank\" rel=\"noopener\">Nom\u00e9s faltava aix\u00f2!<\/a><br \/>\n<strong>Autora<\/strong>: Mar Pav\u00f3n.<br \/>\nA partir de 3 anys.<\/p>\n<p>En Tin se separa per primera vegada dels seus pares. Aixi\u0301 doncs, la fami\u0301lia haura\u0300 de superar aquesta vive\u0300ncia a base de tendresa, abrac\u0327ades i un munt de petons. Aquest \u00e0lbum il\u00b7lustrat de Mar Pav\u00f3n i Gemma Zarag\u00fceta convertir\u00e0 l&#8217;habitaci\u00f3 dels nens en un niu d&#8217;abra\u00e7ades i petons.<\/p>\n<p><strong>Valors<\/strong>: L&#8217;amor familiar.[\/vc_column_text][\/vc_column_inner][\/vc_row_inner][vc_row_inner][vc_column_inner width=&#8221;1\/1&#8243;][vc_separator sep_color=&#8221;,Default&#8221;][\/vc_column_inner][\/vc_row_inner][vc_row_inner][vc_column_inner width=&#8221;1\/4&#8243;][vc_single_image media=&#8221;99000&#8243; media_width_percent=&#8221;100&#8243; media_link=&#8221;url:https%3A%2F%2Fwww.editorialelpirata.com%2Fca%2Fproducto%2Faprendre-numeros-emocions%2F|title:N%C3%BAmeros%20i%20emocions|target:_blank&#8221; uncode_shortcode_id=&#8221;212060&#8243;][\/vc_column_inner][vc_column_inner width=&#8221;3\/4&#8243;][vc_column_text uncode_shortcode_id=&#8221;122446&#8243;]<strong>T\u00edtol<\/strong>: <a href=\"https:\/\/www.editorialelpirata.com\/ca\/producto\/aprendre-numeros-emocions\/\" target=\"_blank\" rel=\"noopener\">N\u00fameros i emocions<\/a>.<br \/>\n<strong>Autora<\/strong>: Sandra Alonso.<br \/>\nA partir d&#8217;1 any.<\/p>\n<p>El llibre t\u00e9 tots els n\u00fameros, de l\u2019u al deu, amb baix relleu per tal que els nens puguin jugar a resseguir la forma.\u00a0La Sandra Alonso, l\u2019autora, \u00e9s mestra d\u2019educaci\u00f3 infantil i creadora del blog @<a href=\"https:\/\/www.instagram.com\/miscuentosinfantiles\/\" target=\"_blank\" rel=\"noopener noreferrer\">miscuentosinfantiles <\/a>de gran \u00e8xit a les xarxes socials. En aquest llibre, ha aconseguit unir dues necessitats en un sol llibre: aprendre quina forma tenen els n\u00fameros i presentar deu emocions diferents. La il\u00b7lustradora,\u00a0<a href=\"http:\/\/www.instagram.com\/garbancita_alicia\" target=\"_blank\" rel=\"noopener noreferrer\">Alicia Teba<\/a>, ha acompanyat el text amb unes il\u00b7lustracions fant\u00e0stiques i dolces que destaquen notablement sobre els fons de colors, de gran ajuda per als ulls dels m\u00e9s petits.<\/p>\n<p><strong>Valors<\/strong>: Con\u00e8ixer les diferents emocions.[\/vc_column_text][\/vc_column_inner][\/vc_row_inner][vc_separator sep_color=&#8221;,Default&#8221;][vc_row_inner][vc_column_inner width=&#8221;1\/1&#8243;][vc_separator sep_color=&#8221;,Default&#8221; el_id=&#8221;pacifisme&#8221;][vc_custom_heading]<\/p>\n<h2>Llibres per tractar el pacifisme<\/h2>\n<p>[\/vc_custom_heading][\/vc_column_inner][\/vc_row_inner][vc_row_inner][vc_column_inner width=&#8221;1\/4&#8243;][vc_single_image media=&#8221;99285&#8243; media_width_percent=&#8221;100&#8243; media_link=&#8221;url:https%3A%2F%2Fwww.editorialelpirata.com%2Fca%2Fproducto%2Fun-conte-per-la-pau-les-botes-del-general%2F|title:Les%20botes%20del%20general|target:_blank&#8221; uncode_shortcode_id=&#8221;188101&#8243;][\/vc_column_inner][vc_column_inner width=&#8221;3\/4&#8243;][vc_column_text uncode_shortcode_id=&#8221;869427&#8243;]<strong>T\u00edtol<\/strong>: <a href=\"https:\/\/www.editorialelpirata.com\/ca\/producto\/un-conte-per-la-pau-les-botes-del-general\/\" target=\"_blank\" rel=\"noopener\">Un conte per la pau: Les botes del general<\/a><br \/>\n<strong>Autora<\/strong>: Elisa Ramon.<br \/>\nA partir de 4 anys.<\/p>\n<p>El general se\u2019n va a la guerra amb les seves botes de pell de rinoceront acabades d\u2019estrenar. Per\u00f2 no s\u2019imagina que les botes pensen per si mateixes i la guerra no els agrada gens ni mica. Aix\u00ed que opten per comen\u00e7ar a c\u00f3rrer decididament, com ho faria un rinoceront, enduent-se el general lluny de la destrucci\u00f3.<\/p>\n<p><strong>Valors<\/strong>: Parla de la injust\u00edcia de les guerres i de com mai no \u00e9s tard per fer el que un creu correcte, en comptes de deixar-se endur pel corrent.[\/vc_column_text][\/vc_column_inner][\/vc_row_inner][vc_row_inner][vc_column_inner width=&#8221;1\/1&#8243;][vc_separator sep_color=&#8221;,Default&#8221; el_id=&#8221;mentides&#8221;][vc_custom_heading]<\/p>\n<h2>Llibres per parlar de les mentides<\/h2>\n<p>[\/vc_custom_heading][\/vc_column_inner][\/vc_row_inner][vc_row_inner][vc_column_inner width=&#8221;1\/4&#8243;][vc_single_image media=&#8221;99642&#8243; media_width_percent=&#8221;100&#8243; media_link=&#8221;url:https%3A%2F%2Fwww.editorialelpirata.com%2Fca%2Fproducto%2Fpere-llop-contes-tradicionals%2F|title:Pere%20i%20el%20llop|target:_blank&#8221; uncode_shortcode_id=&#8221;185565&#8243;][\/vc_column_inner][vc_column_inner width=&#8221;3\/4&#8243;][vc_column_text uncode_shortcode_id=&#8221;132010&#8243;]<strong>T\u00edtol<\/strong>: <a href=\"https:\/\/www.editorialelpirata.com\/ca\/producto\/pere-llop-contes-tradicionals\/\" target=\"_blank\" rel=\"noopener\">Pere i el llop<\/a>.<br \/>\n<strong>Adaptaci\u00f3 rimada del text cl\u00e0ssic<\/strong>: Bernat Cuss\u00f3.<br \/>\nA partir de 3 anys.<\/p>\n<p>En Pere \u00e9s un pastor que s\u2019avorreix for\u00e7a pasturant les seves ovelles. Per aix\u00f2 un dia se li acut fer una mala passada als seus ve\u00efns: s\u2019inventar\u00e0 que el llop Ramon est\u00e0 a punt de menjar-se les ovelles. Els vilatans, mig endormiscats, s\u2019aixequen tan r\u00e0pidament com poden per ajudar-lo (amb els cal\u00e7otets de cors i tot), per\u00f2 en arribar s\u2019adonen que \u00e9s mentida. En Pere riu com mai, per\u00f2 potser no ho far\u00e0 tant quan el llop de deb\u00f2 aparegui&#8230;<\/p>\n<p><strong>Valors<\/strong>: Els m\u00e9s petits aprendran que s\u2019ha d\u2019evitar dir mentides.[\/vc_column_text][\/vc_column_inner][\/vc_row_inner][vc_row_inner][vc_column_inner width=&#8221;1\/1&#8243;][vc_separator sep_color=&#8221;,Default&#8221; el_id=&#8221;punts&#8221;][vc_custom_heading]<\/p>\n<h2>Llibres per treballar els diferents punts de vista<\/h2>\n<p>[\/vc_custom_heading][\/vc_column_inner][\/vc_row_inner][vc_row_inner][vc_column_inner width=&#8221;1\/4&#8243;][vc_single_image media=&#8221;98325&#8243; media_width_percent=&#8221;100&#8243; media_link=&#8221;url:https%3A%2F%2Fwww.editorialelpirata.com%2Fca%2Fproducto%2Festimat-bau%2F|title:Estimat%20Bau|target:_blank&#8221; uncode_shortcode_id=&#8221;181208&#8243;][\/vc_column_inner][vc_column_inner width=&#8221;3\/4&#8243;][vc_column_text uncode_shortcode_id=&#8221;906353&#8243;]<strong>T\u00edtol<\/strong>: <a href=\"https:\/\/www.editorialelpirata.com\/ca\/producto\/estimat-bau\/\" target=\"_blank\" rel=\"noopener\">Estimat Bau<\/a>.<br \/>\n<strong>Autora<\/strong>: Mar Pav\u00f3n.<br \/>\nA partir de 3 anys.<\/p>\n<p class=\"p1\"><span class=\"s1\">En Bau \u00e9s un nen amb molta sort: la seva mare escriu contes i el seu pare els il\u00b7lustra.\u00a0<\/span><span class=\"s1\">Un dia \u00e9s ell qui fa el seu propi conte, que resulta ser diferent, perqu\u00e8 cada cop que alg\u00fa el llegeix, explica una hist\u00f2ria. U<\/span><span class=\"s1\">n llibre m\u00e0gic que, amb molta originalitat i tendresa, il\u00b7lustra una viv\u00e8ncia tan \u00edntima i apassionant com \u00e9s el moment de compartir contes amb els m\u00e9s petits.<\/span><\/p>\n<p><strong>Valors<\/strong>: S&#8217;apr\u00e8n que existeixen diferents punts de vista sobre una mateixa cosa. El que un interpreta d&#8217;una forma, per a un altre pot tenir un altre significat diferent.[\/vc_column_text][\/vc_column_inner][\/vc_row_inner][vc_row_inner][vc_column_inner width=&#8221;1\/1&#8243;][vc_separator sep_color=&#8221;,Default&#8221; el_id=&#8221;comprensi\u00f3&#8221;][vc_custom_heading]<\/p>\n<h2>Llibres per millorar la concentraci\u00f3 i la comprensi\u00f3 lectora<\/h2>\n<p>[\/vc_custom_heading][\/vc_column_inner][\/vc_row_inner][vc_row_inner][vc_column_inner width=&#8221;1\/1&#8243;][vc_single_image media=&#8221;100312&#8243; media_width_percent=&#8221;100&#8243; media_link=&#8221;url:https%3A%2F%2Fwww.editorialelpirata.com%2Fca%2Fcomissari-llampec-tots-els-titols%2F|title:Comissari%20Llampec|target:_blank&#8221; uncode_shortcode_id=&#8221;101056&#8243;][\/vc_column_inner][\/vc_row_inner][vc_row_inner][vc_column_inner width=&#8221;1\/4&#8243;][vc_single_image media=&#8221;100647&#8243; media_width_percent=&#8221;100&#8243; media_link=&#8221;url:https%3A%2F%2Fwww.editorialelpirata.com%2Fca%2Fcomissari-llampec%2F|title:Comissari%20Llampec|target:_blank&#8221; uncode_shortcode_id=&#8221;879831&#8243;][\/vc_column_inner][vc_column_inner width=&#8221;3\/4&#8243;][vc_column_text uncode_shortcode_id=&#8221;122074&#8243;]<strong>Col\u00b7lecci\u00f3<\/strong>: <a href=\"https:\/\/www.editorialelpirata.com\/ca\/comissari-llampec\/\" target=\"_blank\" rel=\"noopener noreferrer\">El Comissari Llampec<\/a>.<br \/>\n<strong>Autora<\/strong>: Ursel Scheffler.<br \/>\nA partir de 8 anys.<\/p>\n<p>Podr\u00e0s resoldre els casos en qu\u00e8 es trobi implicat el nostre amic, el Comissari Llampec?\u00a0Cada episodi \u00e9s un cas diferent que ell ha de solucionar i, al final de cadascun, hi ha una pregunta per veure si tu tamb\u00e9 ets capa\u00e7 de fer-ho. La resposta \u00e9s dins d\u2019una lupa per\u00f2 amb les lletres al rev\u00e9s. Com ho podr\u00e0s llegir? Podr\u00e0s anar davant d\u2019un mirall, llegir-ho a contrallum o, si ets molt h\u00e0bil, fins i tot ho podr\u00e0s llegir directament. A la s\u00e8rie Comissari Llampec hi ha llibres per a <a href=\"https:\/\/www.editorialelpirata.com\/ca\/comissari-llampec-per-a-8-anys\/\" target=\"_blank\" rel=\"noopener\">8 anys<\/a>\u00a0i per a partir de\u00a0<a href=\"https:\/\/www.editorialelpirata.com\/ca\/comissari-llampec-a-partir-de-10-anys\/\" target=\"_blank\" rel=\"noopener\">10 anys<\/a>, segons el nivell de dificultat dels casos a resoldre.<\/p>\n<h4>El detectiu m\u00e9s enginy\u00f3s! L\u2019ajudar\u00e0s a solucionar els casos?<\/h4>\n<p><strong>Valors<\/strong>: Treballar la comprensi\u00f3 lectora i fomentar la lectura.[\/vc_column_text][uncode_list uncode_shortcode_id=&#8221;168564&#8243;]<strong>Aqu\u00ed pots trobar els diferents t\u00edtols de la col\u00b7lecci\u00f3, segons la franja d&#8217;edat:<\/strong><\/p>\n<ul>\n<li><a href=\"https:\/\/www.editorialelpirata.com\/ca\/comissari-llampec-per-a-8-anys\/\" target=\"_blank\" rel=\"noopener\">Llibres del Comissari Llampec a partir de <strong>8 anys<\/strong>.<\/a><\/li>\n<li><a href=\"https:\/\/www.editorialelpirata.com\/ca\/comissari-llampec-a-partir-de-10-anys\/\" target=\"_blank\" rel=\"noopener\">Llibres del Comissari Llampec a partir de <strong>10 anys<\/strong>.<\/a><\/li>\n<\/ul>\n<p>[\/uncode_list][\/vc_column_inner][\/vc_row_inner][vc_row_inner][vc_column_inner width=&#8221;1\/4&#8243;][vc_separator sep_color=&#8221;,Default&#8221;][vc_single_image media=&#8221;99312&#8243; media_width_percent=&#8221;100&#8243; media_link=&#8221;url:https%3A%2F%2Fwww.editorialelpirata.com%2Fca%2Fproducto%2Fgran-llibre-set-%E2%80%A6ibres-passatemps%2F%20|title:El%20gran%20llibre%20de%20les%20set%20difer%C3%A8ncies|target:_blank&#8221; uncode_shortcode_id=&#8221;414894&#8243;][\/vc_column_inner][vc_column_inner width=&#8221;3\/4&#8243;][vc_separator sep_color=&#8221;,Default&#8221;][vc_column_text uncode_shortcode_id=&#8221;295497&#8243;]<strong>T\u00edtol<\/strong>: <a href=\"https:\/\/www.editorialelpirata.com\/ca\/producto\/gran-llibre-set-\u2026ibres-passatemps\/\" target=\"_blank\" rel=\"noopener\">El gran llibre de les set difer\u00e8ncies<\/a>.<br \/>\n<strong>Autor<\/strong>: Picanyol.<br \/>\nA partir de 6 anys<br \/>\n<em>El gran llibre de les set difer\u00e8ncies<\/em> ens brinda l\u2019oportunitat de gaudir, en un llibre de gran format, d\u2019una hist\u00f2ria esbojarrada ideada per en Picanyol i que acompanya, a cada doble p\u00e0gina, amb un parell d\u2019il\u00b7lustracions aparentment iguals per\u00f2 a on es poden trobar set difer\u00e8ncies si es miren amb deteniment.<\/p>\n<p><strong>Valors<\/strong>: Treballar la concentraci\u00f3 i fomentar la lectura.[\/vc_column_text][\/vc_column_inner][\/vc_row_inner][vc_row_inner][vc_column_inner width=&#8221;1\/1&#8243;][vc_single_image media=&#8221;87715&#8243; media_width_percent=&#8221;100&#8243; uncode_shortcode_id=&#8221;965000&#8243;][\/vc_column_inner][\/vc_row_inner][\/vc_column][\/vc_row]<\/p>\n<\/div>","protected":false},"excerpt":{"rendered":"<p>[vc_row][vc_column][vc_single_image media=&#8221;98055&#8243; media_width_percent=&#8221;100&#8243; uncode_shortcode_id=&#8221;442104&#8243;][vc_column_text uncode_shortcode_id=&#8221;127811&#8243;] Cat\u00e0leg de llibres infantils per treballar emocions i valors a trav\u00e9s de la lectura T&#8217;interessa [&hellip;]<\/p>\n","protected":false},"author":26,"featured_media":87714,"parent":0,"menu_order":0,"comment_status":"closed","ping_status":"closed","template":"","meta":{"footnotes":""},"class_list":["post-97791","page","type-page","status-publish","has-post-thumbnail","hentry"],"_links":{"self":[{"href":"https:\/\/www.editorialelpirata.com\/ca\/wp-json\/wp\/v2\/pages\/97791","targetHints":{"allow":["GET"]}}],"collection":[{"href":"https:\/\/www.editorialelpirata.com\/ca\/wp-json\/wp\/v2\/pages"}],"about":[{"href":"https:\/\/www.editorialelpirata.com\/ca\/wp-json\/wp\/v2\/types\/page"}],"author":[{"embeddable":true,"href":"https:\/\/www.editorialelpirata.com\/ca\/wp-json\/wp\/v2\/users\/26"}],"replies":[{"embeddable":true,"href":"https:\/\/www.editorialelpirata.com\/ca\/wp-json\/wp\/v2\/comments?post=97791"}],"version-history":[{"count":13,"href":"https:\/\/www.editorialelpirata.com\/ca\/wp-json\/wp\/v2\/pages\/97791\/revisions"}],"predecessor-version":[{"id":102227,"href":"https:\/\/www.editorialelpirata.com\/ca\/wp-json\/wp\/v2\/pages\/97791\/revisions\/102227"}],"wp:featuredmedia":[{"embeddable":true,"href":"https:\/\/www.editorialelpirata.com\/ca\/wp-json\/wp\/v2\/media\/87714"}],"wp:attachment":[{"href":"https:\/\/www.editorialelpirata.com\/ca\/wp-json\/wp\/v2\/media?parent=97791"}],"curies":[{"name":"wp","href":"https:\/\/api.w.org\/{rel}","templated":true}]}}