{"id":97785,"date":"2016-01-08T19:03:17","date_gmt":"2016-01-08T19:03:17","guid":{"rendered":"http:\/\/edicionsdelpirata.cat\/?page_id=4109"},"modified":"2025-04-29T08:52:27","modified_gmt":"2025-04-29T08:52:27","slug":"llibres-per-a-7-anys","status":"publish","type":"page","link":"https:\/\/www.editorialelpirata.com\/ca\/llibres-per-a-7-anys\/","title":{"rendered":"Llibres per a 7 anys"},"content":{"rendered":"<div class=\"wpb-content-wrapper\"><p>[vc_row][vc_column][vc_column_text uncode_shortcode_id=&#8221;907057&#8243;]<\/p>\n<h1><b>Llibres per a 7 anys amb lletra lligada<\/b><\/h1>\n<p>[\/vc_column_text][vc_column_text uncode_shortcode_id=&#8221;723622&#8243;]<\/p>\n<h2><b>Col\u00b7lecci\u00f3 El Tresor del Pirata<\/b><\/h2>\n<p>[\/vc_column_text][uncode_index el_id=&#8221;index-661179&#8243; loop=&#8221;size:All|order_by:rand|post_type:product|tax_query:2142|taxonomy_count:10&#8243; screen_lg=&#8221;1000&#8243; screen_md=&#8221;600&#8243; screen_sm=&#8221;480&#8243; gutter_size=&#8221;3&#8243; product_items=&#8221;media|featured|onpost|original|hide-sale|inherit-atc|inherit-w-atc|atc-typo-default|show-atc,title&#8221; single_width=&#8221;3&#8243; single_overlay_opacity=&#8221;50&#8243; single_h_align=&#8221;center&#8221; single_padding=&#8221;2&#8243; uncode_shortcode_id=&#8221;197483&#8243;][vc_column_text uncode_shortcode_id=&#8221;464239&#8243;]<b><a href=\"https:\/\/www.editorialelpirata.com\/ca\/llibres-per-a-6-anys-impremta\/\">Col\u00b7lecci\u00f3 El Tresor del Pirata<\/a>: <\/b>Recull d&#8217;hist\u00f2ries amb humor, sentiment i tradici\u00f3 el text \u00e9s en lletra d&#8217;impremta i les il\u00b7lustracions a color i molt din\u00e0miques, ideal per 7 anys.<\/p>\n<p>&nbsp;<\/p>\n<hr \/>\n<p>[\/vc_column_text][vc_column_text]<\/p>\n<h3><b>Col\u00b7lecci\u00f3 El Pirata Carbassa<\/b><\/h3>\n<p>[\/vc_column_text][uncode_index el_id=&#8221;index-661180&#8243; loop=&#8221;size:8|order_by:rand|post_type:product|tax_query:2184|taxonomy_count:10&#8243; screen_lg=&#8221;1000&#8243; screen_md=&#8221;600&#8243; screen_sm=&#8221;480&#8243; gutter_size=&#8221;3&#8243; product_items=&#8221;media|featured|onpost|original|hide-sale|inherit-atc|inherit-w-atc|atc-typo-default|hide-atc,title&#8221; single_width=&#8221;3&#8243; single_overlay_opacity=&#8221;50&#8243; single_h_align=&#8221;center&#8221; single_padding=&#8221;2&#8243; uncode_shortcode_id=&#8221;895021&#8243;][vc_column_text uncode_shortcode_id=&#8221;131223&#8243;]<b><a href=\"https:\/\/www.editorialelpirata.com\/ca\/el-pirata-carbassa\/\" target=\"_blank\" rel=\"noopener\">Col\u00b7lecci\u00f3 El Pirata Carbassa<\/a>: <\/b>Els contes d&#8217;aquesta col\u00b7lecci\u00f3 s\u00f3n curtets, tenen un vocabulari i unes expressions que s&#8217;adapten al nivell de lectura de l&#8217;edat de 7 anys. La lletra \u00e9s clara i entenedora, ja que en aquesta edat, no fa massa que s&#8217;ha comen\u00e7at a llegir en lletra d&#8217;impremta. Hi ha rondalles meravelloses, contes esbojarrats i divertits, contes amb reialmes amena\u00e7ats per ogres i d&#8217;altres i tamb\u00e9 d\u2019altres escrits amb sensibilitat i tendresa. Cada llibre cont\u00e9 moltes il\u00b7lustracions en blanc i negre. \u00c9s la col\u00b7lecci\u00f3 perfecta per comen\u00e7ar a endinsar-se dins de les novel\u00b7les infantils.<\/p>\n<p>&nbsp;<\/p>\n<hr \/>\n<p>[\/vc_column_text][vc_column_text]<\/p>\n<h3>Lots de llibres de 7 anys per regalar<\/h3>\n<p>[\/vc_column_text][uncode_index el_id=&#8221;index-661182&#8243; loop=&#8221;size:8|order_by:rand|post_type:product|by_id:97062,97130|taxonomy_count:10&#8243; screen_lg=&#8221;1000&#8243; screen_md=&#8221;600&#8243; screen_sm=&#8221;480&#8243; gutter_size=&#8221;3&#8243; product_items=&#8221;media|featured|onpost|original|hide-sale|inherit-atc|inherit-w-atc|atc-typo-default|show-atc,title&#8221; single_width=&#8221;3&#8243; single_overlay_opacity=&#8221;50&#8243; single_h_align=&#8221;center&#8221; single_padding=&#8221;2&#8243; uncode_shortcode_id=&#8221;608286&#8243;][vc_separator sep_color=&#8221;,Default&#8221;][vc_column_text]<\/p>\n<h3><strong>\u00c0lbums il\u00b7lustrats per 7 anys<\/strong><\/h3>\n<p>[\/vc_column_text][uncode_index el_id=&#8221;index-661181&#8243; loop=&#8221;size:7|order_by:rand|post_type:product|tax_query:2331|taxonomy_count:10&#8243; screen_lg=&#8221;1000&#8243; screen_md=&#8221;600&#8243; screen_sm=&#8221;480&#8243; gutter_size=&#8221;3&#8243; product_items=&#8221;media|featured|onpost|original|hide-sale|inherit-atc|inherit-w-atc|atc-typo-default|show-atc,title&#8221; single_width=&#8221;3&#8243; single_overlay_opacity=&#8221;50&#8243; single_h_align=&#8221;center&#8221; single_padding=&#8221;2&#8243; uncode_shortcode_id=&#8221;184892&#8243;][vc_column_text uncode_shortcode_id=&#8221;898565&#8243;]<strong>\u00c0lbums il\u00b7lustrats<\/strong>: Aqu\u00ed hi trobareu \u00e0lbums il\u00b7lustrats on el text est\u00e0 en lletra d&#8217;impremta i, per tant, es recomanen a partir de 7 anys. Tot i que s&#8217;ha de recon\u00e8ixer que, gr\u00e0cies a unes magn\u00edfiques il\u00b7lustracions, no \u00e9s estrany veure adults comprant-se&#8217;ls per ells!<\/p>\n<p>Recordeu que tenim <strong><a href=\"https:\/\/www.editorialelpirata.com\/ca\/propostes-didactiques\/\" target=\"_blank\" rel=\"noopener\">propostes did\u00e0ctiques<\/a><\/strong> dels llibres.[\/vc_column_text][\/vc_column][\/vc_row]<\/p>\n<\/div>","protected":false},"excerpt":{"rendered":"<p>[vc_row][vc_column][vc_column_text uncode_shortcode_id=&#8221;907057&#8243;] Llibres per a 7 anys amb lletra lligada [\/vc_column_text][vc_column_text uncode_shortcode_id=&#8221;723622&#8243;] Col\u00b7lecci\u00f3 El Tresor del Pirata [\/vc_column_text][uncode_index el_id=&#8221;index-661179&#8243; loop=&#8221;size:All|order_by:rand|post_type:product|tax_query:2142|taxonomy_count:10&#8243; [&hellip;]<\/p>\n","protected":false},"author":26,"featured_media":87403,"parent":0,"menu_order":0,"comment_status":"closed","ping_status":"closed","template":"","meta":{"footnotes":""},"class_list":["post-97785","page","type-page","status-publish","has-post-thumbnail","hentry"],"_links":{"self":[{"href":"https:\/\/www.editorialelpirata.com\/ca\/wp-json\/wp\/v2\/pages\/97785","targetHints":{"allow":["GET"]}}],"collection":[{"href":"https:\/\/www.editorialelpirata.com\/ca\/wp-json\/wp\/v2\/pages"}],"about":[{"href":"https:\/\/www.editorialelpirata.com\/ca\/wp-json\/wp\/v2\/types\/page"}],"author":[{"embeddable":true,"href":"https:\/\/www.editorialelpirata.com\/ca\/wp-json\/wp\/v2\/users\/26"}],"replies":[{"embeddable":true,"href":"https:\/\/www.editorialelpirata.com\/ca\/wp-json\/wp\/v2\/comments?post=97785"}],"version-history":[{"count":5,"href":"https:\/\/www.editorialelpirata.com\/ca\/wp-json\/wp\/v2\/pages\/97785\/revisions"}],"predecessor-version":[{"id":100248,"href":"https:\/\/www.editorialelpirata.com\/ca\/wp-json\/wp\/v2\/pages\/97785\/revisions\/100248"}],"wp:featuredmedia":[{"embeddable":true,"href":"https:\/\/www.editorialelpirata.com\/ca\/wp-json\/"}],"wp:attachment":[{"href":"https:\/\/www.editorialelpirata.com\/ca\/wp-json\/wp\/v2\/media?parent=97785"}],"curies":[{"name":"wp","href":"https:\/\/api.w.org\/{rel}","templated":true}]}}